{"id":13107,"date":"2019-03-15T10:58:59","date_gmt":"2019-03-15T09:58:59","guid":{"rendered":"https:\/\/www.welten-verbinden.at\/start2018\/?page_id=13107"},"modified":"2019-06-20T18:22:06","modified_gmt":"2019-06-20T16:22:06","slug":"gw-plattformen-links-tipps","status":"publish","type":"page","link":"https:\/\/www.welten-verbinden.at\/start2018\/gemeinwohl\/gw-plattformen-links-tipps\/","title":{"rendered":"GW\u2013Plattformen, Links &#038; Tipps"},"content":{"rendered":"<p><div class=\"fusion-fullwidth fullwidth-box fusion-builder-row-1 nonhundred-percent-fullwidth non-hundred-percent-height-scrolling\" style=\"background-color: #939393;background-position: center center;background-repeat: no-repeat;padding-top:15px;padding-right:0px;padding-bottom:0px;padding-left:0px;margin-bottom: 0px;margin-top: 0px;border-width: 0px 0px 0px 0px;border-color:#eae9e9;border-style:solid;\" ><div class=\"fusion-builder-row fusion-row\"><div class=\"fusion-layout-column fusion_builder_column fusion-builder-column-0 fusion_builder_column_1_1 1_1 fusion-one-full fusion-column-first fusion-column-last\" style=\"margin-top:0px;margin-bottom:20px;\"><div class=\"fusion-column-wrapper fusion-flex-column-wrapper-legacy\" style=\"background-position:left top;background-repeat:no-repeat;-webkit-background-size:cover;-moz-background-size:cover;-o-background-size:cover;background-size:cover;padding: 0px 0px 0px 0px;\"><div class=\"fusion-widget-area fusion-widget-area-1 fusion-content-widget-area\"><style type=\"text\/css\">.fusion-widget-area-1 {padding:0px 0px 0px 0px;}.fusion-widget-area-1 .widget h4 {color:#333333;}.fusion-widget-area-1 .widget .heading h4 {color:#333333;}<\/style><div id=\"menu-widget-3\" class=\"widget menu\"><style type=\"text\/css\">#menu-widget-3{text-align:center;}#fusion-menu-widget-3 li{display:inline-block;}#fusion-menu-widget-3 ul li a{display:inline-block;padding:0;border:0;color:#ccc;font-size:32px;}#fusion-menu-widget-3 ul li a:after{content:\"|\";color:#ccc;padding-right:25px;padding-left:25px;font-size:32px;}#fusion-menu-widget-3 ul li a:hover,#fusion-menu-widget-3 ul .menu-item.current-menu-item a{color:#fff;}#fusion-menu-widget-3 ul li:last-child a:after{display:none;}#fusion-menu-widget-3 ul li .fusion-widget-cart-number{margin:0 7px;background-color:#fff;color:#ccc;}#fusion-menu-widget-3 ul li.fusion-active-cart-icon .fusion-widget-cart-icon:after{color:#fff;}<\/style><nav id=\"fusion-menu-widget-3\" class=\"fusion-widget-menu\" aria-label=\"Secondary Navigation: \"><ul id=\"menu-submenu-gemeinwohl\" class=\"menu\"><li id=\"menu-item-11677\" class=\"menu-item menu-item-type-post_type menu-item-object-page menu-item-11677\"><a href=\"https:\/\/www.welten-verbinden.at\/start2018\/gemeinwohl\/gemeinwohloekonomie\/\">Gemeinwohl\u00f6konomie<\/a><\/li><li id=\"menu-item-11678\" class=\"menu-item menu-item-type-post_type menu-item-object-page menu-item-11678\"><a href=\"https:\/\/www.welten-verbinden.at\/start2018\/gemeinwohl\/genossenschaft-fuer-gemeinwohl\/\">Genossenschaft f\u00fcr Gemeinwohl<\/a><\/li><li id=\"menu-item-13130\" class=\"menu-item menu-item-type-post_type menu-item-object-page menu-item-13130\"><a href=\"https:\/\/www.welten-verbinden.at\/start2018\/gemeinwohl\/gw-plattformen-links-tipps\/\">GW\u2013Plattformen, Links &#038; Tipps<\/a><\/li><li id=\"menu-item-13360\" class=\"menu-item menu-item-type-post_type menu-item-object-post menu-item-13360\"><a href=\"https:\/\/www.welten-verbinden.at\/start2018\/mima-der-mitmachmarkt\/\">MIMA \u2013 Der MitMachMarkt<\/a><\/li><li id=\"menu-item-13361\" class=\"menu-item menu-item-type-custom menu-item-object-custom menu-item-13361\"><a href=\"https:\/\/www.repanet.at\">RepaNet Reparaturnetzwerke<\/a><\/li><\/ul><\/nav><\/div><div class=\"fusion-additional-widget-content\"><\/div><\/div><div class=\"fusion-clearfix\"><\/div><\/div><\/div><\/div><\/div><div class=\"fusion-fullwidth fullwidth-box fusion-builder-row-2 nonhundred-percent-fullwidth non-hundred-percent-height-scrolling\" style=\"background-color: #dbdbdb;background-position: center center;background-repeat: no-repeat;padding-top:15px;padding-right:15px;padding-bottom:15px;padding-left:15px;margin-bottom: 10px;margin-top: 10px;border-width: 0px 0px 0px 0px;border-color:#eae9e9;border-style:solid;\" ><div class=\"fusion-builder-row fusion-row\"><div class=\"fusion-layout-column fusion_builder_column fusion-builder-column-1 fusion_builder_column_2_3 2_3 fusion-two-third fusion-column-first\" style=\"width:65.3333%; margin-right: 4%;margin-top:0px;margin-bottom:0px;\"><div class=\"fusion-column-wrapper fusion-flex-column-wrapper-legacy\" style=\"background-position:left top;background-repeat:no-repeat;-webkit-background-size:cover;-moz-background-size:cover;-o-background-size:cover;background-size:cover;background-color:rgba(214,214,214,0);padding: 0px 10px 10px 10px;\"><div class=\"fusion-text fusion-text-1\"><h3 id=\"cc-m-header-11187097821\" class=\"\">PROJEKT BEWUSST GEMEINSAM LEBEN &#8211; DIE LEBENSWERTE GEMEINDE DER ZUKUNFT<\/h3>\n<p>Der Tr\u00e4ger dieser Initiative ist der gemeinn\u00fctzige Verein Lebenswerte Gemeinde &#8211; bewusst gemeinsam leben; er agiert v\u00f6llig unabh\u00e4ngig.<\/p>\n<p><a href=\"https:\/\/www.bewusst-gemeinsam-leben.at\">https:\/\/www.bewusst-gemeinsam-leben.at<\/a><\/p>\n<p><a href=\"https:\/\/www.lebenswertegemeinde.at\">https:\/\/www.lebenswertegemeinde.at<\/a><\/p>\n<p><strong>Wir schaffen in \u00d6sterreich Reichmut!<\/strong><br \/>\nViele Menschen sind reich an Mut, wirken als Vision\u00e4re und Lebensgestalter! Egal ob die Initiative \u00a0aus der Basisgesellschaft, der Wirtschaft oder \u00d6ffentlichkeit kommt, wir wirken als neutraler Vermittler, stehen f\u00fcr Wissenstransfer und Impulsgeber. Wir erinnern uns an Naturprinzipien, verbinden Menschen, Initiativen, Unternehmen und Gemeinden. So schaffen \u00a0wir eine gemeinsame wirkungsvolle Kraft. Die 2000 Gemeindeorte dienen uns dazu.<\/p>\n<p>Das macht eine Gemeinde als achtsame WIR &#8211; \u00a0Gemeinschaft noch ein St\u00fcck lebenswerter.<br \/>\nGenau Du mit Deinen Talenten und F\u00e4higkeiten wirst gebraucht!<\/p>\n<\/div><span class=\" fusion-imageframe imageframe-none imageframe-1 hover-type-none\"><img width=\"250\" image_height=\"237\" image_id=\"12995\" title=\"Lebenswerte-gemeinde-logo-01\" src=\"https:\/\/www.welten-verbinden.at\/wp-content\/uploads\/2019\/02\/Lebenswerte-gemeinde-logo-01.png\" class=\"img-responsive wp-image-12995\" srcset=\"https:\/\/www.welten-verbinden.at\/wp-content\/uploads\/2019\/02\/Lebenswerte-gemeinde-logo-01-200x190.png 200w, https:\/\/www.welten-verbinden.at\/wp-content\/uploads\/2019\/02\/Lebenswerte-gemeinde-logo-01.png 250w\" sizes=\"(max-width: 800px) 100vw, 250px\" \/><\/span><div class=\"fusion-sep-clear\"><\/div><div class=\"fusion-separator fusion-full-width-sep\" style=\"margin-left: auto;margin-right: auto;width:100%;\"><div class=\"fusion-separator-border sep-double\" style=\"border-color:rgba(224,222,222,0);border-top-width:1px;border-bottom-width:1px;\"><\/div><\/div><div class=\"fusion-sep-clear\"><\/div><div class=\"fusion-video fusion-youtube\" style=\"max-width:600px;max-height:360px;\"><div class=\"video-shortcode\"><iframe title=\"YouTube video player\" src=\"https:\/\/www.youtube.com\/embed\/Zm1T3cL7Lgg?wmode=transparent&autoplay=0&amp;rel=0&amp;showinfo=0\" width=\"600\" height=\"360\" allowfullscreen allow=\"autoplay; fullscreen\"><\/iframe><\/div><\/div><div class=\"fusion-text fusion-text-2\"><h1>Bewusst Gemeinsam Leben Kongress<\/h1>\n<p>Das Ziel dieses Kongresses ist die Nachhaltigkeit &amp; Innovationen St\u00e4rkung der Regionen sowie die Entfaltung der l\u00e4ndlichen Lebensqualit\u00e4t!<\/p>\n<p>Pioniere, aufbauend auf 21 innovative u. zukunftsorientierten Gemeinden aus ganz \u00d6sterreich, treffen sich mit handlungsbereiten Menschen aus allen Bereichen der Gesellschaft, &#8211; innovative und nachhaltige Unternehmen, Tourismusbetriebe, Vertreter*innen der \u00f6ffentlichen Hand, Gemeinde- Mitglieder, sowie kreative K\u00f6pfe, B\u00fcrger &amp; B\u00fcrgerinnen aus ganz \u00d6\u0308sterreich &#8211; zum befeuernden Austausch ihrer Erfahrungen und Darstellung von bereits funktionierende L\u00f6sungen &#8211; f\u00fcr eine zukunftsf\u00e4hige Lebensraumgestaltung.<\/p>\n<p>Die \u201eLebenswerte Gemeinde der Zukunft\u201c wird dazu auf f\u00fcnf Hauptbereichen lebendig zum Mitmachen aufgebaut:<br \/>\nLand &amp; Wirtschaft,<br \/>\nMobilit\u00e4t &amp; Infrastruktur,<br \/>\nGesundheit &amp; Wohlbefinden,<br \/>\nNatur &amp; Ressourcen,<br \/>\nKultur &amp; Bildung!<\/p>\n<p>Der pers\u00f6nliche, menschliche Kontakt mit den Umsetzer*innen steht dabei im Mittelpunkt. Die gezeigten L\u00f6sungen sind Impulse f\u00fcr m\u00f6gliche Ver\u00e4nderungen. Zu jedem der f\u00fcnf Hauptbereiche gibt es Vortr\u00e4ge sowie ein buntes Rahmenprogramm.<\/p>\n<p>Als Impulsgeber mit dabei: Die Startup Unternehmerin Theresa Steininger, der Holzpionier Erwin Thoma, die K\u00fcnstlerin Elisabeth Fuchs, der Paradeunternehmer Klaus Fronius, die Menschenrechtlerin Beate Winkler, oder der Arzt und Theologe Johannes Huber.<\/p>\n<p>Beim Fest der Pioniere werden Menschen wie die Hebamme Erika Pichler, der Schuhpionier Heini Staudinger, die Wolfsforscherin Gudrun Pfl\u00fcger, sowie die Familie Hauser vom Stanglwirt gew\u00fcrdigt<\/p>\n<p>Sei dabei und erh\u00f6hen wir gemeinsam die Innovationskraft \u00d6sterreichs!<br \/>\nJeder Teilnehmer ist herausragend und somit prominent, auch du!<\/p>\n<\/div><div class=\"fusion-button-wrapper\"><a class=\"fusion-button button-flat button-medium button-blue button-1 fusion-button-default-span \" target=\"_self\" href=\"https:\/\/www.oeticket.com\/tickets.html?affiliate=EOE&amp;doc=artistPages\/tickets&amp;fun=artist&amp;action=tickets&amp;erid=2137489&amp;includeOnlybookable=false&amp;x10=1&amp;x11=bewu\"><span class=\"fusion-button-text\">Tickets bestellen auf oeticket.com<\/span><\/a><\/div><div class=\"fusion-clearfix\"><\/div><\/div><\/div><div class=\"fusion-layout-column fusion_builder_column fusion-builder-column-2 fusion_builder_column_1_3 1_3 fusion-one-third fusion-column-last\" style=\"width:30.6666%;margin-top:0px;margin-bottom:20px;\"><div class=\"fusion-column-wrapper fusion-flex-column-wrapper-legacy\" style=\"background-position:left top;background-repeat:no-repeat;-webkit-background-size:cover;-moz-background-size:cover;-o-background-size:cover;background-size:cover;background-color:#f2f2f2;padding: 0px 10px 10px 10px;\"><div class=\"fusion-image-frame-bottomshadow image-frame-shadow-2\"><style>.fusion-image-frame-bottomshadow.image-frame-shadow-2{display:inline-block}.element-bottomshadow.imageframe-2:before, .element-bottomshadow.imageframe-2:after{-webkit-box-shadow: 0 17px 10px rgba(0,0,0,0.4);box-shadow: 0 17px 10px rgba(0,0,0,0.4);}<\/style><span class=\" fusion-imageframe imageframe-bottomshadow imageframe-2 element-bottomshadow hover-type-none\"><img width=\"280\" image_height=\"239\" image_id=\"12993\" title=\"Bewusst-gemeinsam-leben\" src=\"https:\/\/www.welten-verbinden.at\/wp-content\/uploads\/2019\/02\/Bewusst-gemeinsam-leben.jpg\" class=\"img-responsive wp-image-12993\" srcset=\"https:\/\/www.welten-verbinden.at\/wp-content\/uploads\/2019\/02\/Bewusst-gemeinsam-leben-200x171.jpg 200w, https:\/\/www.welten-verbinden.at\/wp-content\/uploads\/2019\/02\/Bewusst-gemeinsam-leben.jpg 280w\" sizes=\"(max-width: 800px) 100vw, 280px\" \/><\/span><\/div><div class=\"fusion-sep-clear\"><\/div><div class=\"fusion-separator fusion-full-width-sep\" style=\"margin-left: auto;margin-right: auto;margin-top:25px;width:100%;\"><div class=\"fusion-separator-border sep-single sep-solid\" style=\"border-color:#f2f2f2;border-top-width:1px;\"><\/div><\/div><div class=\"fusion-sep-clear\"><\/div><div class=\"fusion-text fusion-text-3\"><p><b>Weiterf\u00fchrende Informationen:<\/b><\/p>\n<p><a href=\"https:\/\/www.bewusst-gemeinsam-leben.at\">https:\/\/www.bewusst-gemeinsam-leben.at<\/a><\/p>\n<p><a href=\"https:\/\/www.lebenswertegemeinde.at\">https:\/\/www.lebenswertegemeinde.at<\/a><\/p>\n<\/div><div class=\"fusion-video fusion-youtube\" style=\"max-width:600px;max-height:360px;\"><div class=\"video-shortcode\"><iframe title=\"YouTube video player\" src=\"https:\/\/www.youtube.com\/embed\/2ZjtCx3BzwU?wmode=transparent&autoplay=0\" width=\"600\" height=\"360\" allowfullscreen allow=\"autoplay; fullscreen\"><\/iframe><\/div><\/div><div class=\"fusion-video fusion-youtube\" style=\"max-width:600px;max-height:360px;\"><div class=\"video-shortcode\"><iframe title=\"YouTube video player\" src=\"https:\/\/www.youtube.com\/embed\/hd5Se9AL84U?wmode=transparent&autoplay=0\" width=\"600\" height=\"360\" allowfullscreen allow=\"autoplay; fullscreen\"><\/iframe><\/div><\/div><div class=\"fusion-sep-clear\"><\/div><div class=\"fusion-separator fusion-full-width-sep\" style=\"margin-left: auto;margin-right: auto;margin-top:25px;width:100%;\"><div class=\"fusion-separator-border sep-single sep-solid\" style=\"border-color:#f2f2f2;border-top-width:1px;\"><\/div><\/div><div class=\"fusion-sep-clear\"><\/div><div class=\"fusion-video fusion-youtube\" style=\"max-width:600px;max-height:360px;\"><div class=\"video-shortcode\"><iframe title=\"YouTube video player\" src=\"https:\/\/www.youtube.com\/embed\/17DSB46qPsk?wmode=transparent&autoplay=0\" width=\"600\" height=\"360\" allowfullscreen allow=\"autoplay; fullscreen\"><\/iframe><\/div><\/div><div class=\"fusion-clearfix\"><\/div><\/div><\/div><\/div><\/div><div class=\"fusion-fullwidth fullwidth-box fusion-builder-row-3 nonhundred-percent-fullwidth non-hundred-percent-height-scrolling\" style=\"background-color: #dbdbdb;background-position: center center;background-repeat: no-repeat;padding-top:15px;padding-right:15px;padding-bottom:15px;padding-left:15px;margin-bottom: 10px;margin-top: 10px;border-width: 0px 0px 0px 0px;border-color:#eae9e9;border-style:solid;\" ><div class=\"fusion-builder-row fusion-row\"><div class=\"fusion-layout-column fusion_builder_column fusion-builder-column-3 fusion_builder_column_2_3 2_3 fusion-two-third fusion-column-first\" style=\"width:65.3333%; margin-right: 4%;margin-top:0px;margin-bottom:0px;\"><div class=\"fusion-column-wrapper fusion-flex-column-wrapper-legacy\" style=\"background-position:left top;background-repeat:no-repeat;-webkit-background-size:cover;-moz-background-size:cover;-o-background-size:cover;background-size:cover;background-color:rgba(214,214,214,0);padding: 0px 10px 10px 10px;\"><div class=\"fusion-text fusion-text-4\"><h3 id=\"cc-m-header-11187097821\"><b>PLATTFORM F\u00dcR NACHHALTIGES WIRTSCHAFTEN<\/b><\/h3>\n<p id=\"cc-m-header-11187097821\">Der Verein, dessen T\u00e4tigkeit gemeinn\u00fctzig und nicht auf Gewinn gerichtet ist, entwickelt und verbreitet Instrumente zur Bestimmung der \u00f6kologischen und sozialen Auswirkungen von Unternehmen, Vereinen, privaten und \u00f6ffentlichen Institutionen sowie K\u00f6rperschaften des \u00f6ffentlichen Rechts und unterst\u00fctzt bzw. schult diese bei der Anwendung dieser Instrumente.<\/p>\n<\/div><span class=\" fusion-imageframe imageframe-none imageframe-3 hover-type-none\"><img width=\"766\" image_height=\"287\" image_id=\"13110\" title=\"nachhaltigkeits-bilanz\" src=\"https:\/\/www.welten-verbinden.at\/wp-content\/uploads\/2019\/03\/nachhaltigkeits-bilanz.png\" class=\"img-responsive wp-image-13110\" srcset=\"https:\/\/www.welten-verbinden.at\/wp-content\/uploads\/2019\/03\/nachhaltigkeits-bilanz-200x75.png 200w, https:\/\/www.welten-verbinden.at\/wp-content\/uploads\/2019\/03\/nachhaltigkeits-bilanz-400x150.png 400w, https:\/\/www.welten-verbinden.at\/wp-content\/uploads\/2019\/03\/nachhaltigkeits-bilanz-600x225.png 600w, https:\/\/www.welten-verbinden.at\/wp-content\/uploads\/2019\/03\/nachhaltigkeits-bilanz.png 766w\" sizes=\"(max-width: 800px) 100vw, 766px\" \/><\/span><div class=\"fusion-text fusion-text-5\"><p id=\"cc-m-header-11187097821\">Die Nachhaltigkeits-Bilanz mit OPTIMATIC ist ein Online-Tool, das Unternehmen unterst\u00fctzt,<br \/>\nihre <b>\u00f6kologischen und sozialen Wirkungen effektiv zu verbessern<\/b>.<\/p>\n<div id=\"container0\">Ist ein Unternehmen nachhaltig?<br \/>\nIst es glaubw\u00fcrdig nachhaltig?<\/div>\n<\/div><div class=\"fusion-clearfix\"><\/div><\/div><\/div><div class=\"fusion-layout-column fusion_builder_column fusion-builder-column-4 fusion_builder_column_1_3 1_3 fusion-one-third fusion-column-last\" style=\"width:30.6666%;margin-top:0px;margin-bottom:20px;\"><div class=\"fusion-column-wrapper fusion-flex-column-wrapper-legacy\" style=\"background-position:left top;background-repeat:no-repeat;-webkit-background-size:cover;-moz-background-size:cover;-o-background-size:cover;background-size:cover;background-color:#f2f2f2;padding: 0px 10px 10px 10px;\"><div class=\"fusion-image-frame-bottomshadow image-frame-shadow-4\"><style>.fusion-image-frame-bottomshadow.image-frame-shadow-4{display:inline-block}.element-bottomshadow.imageframe-4:before, .element-bottomshadow.imageframe-4:after{-webkit-box-shadow: 0 17px 10px rgba(0,0,0,0.4);box-shadow: 0 17px 10px rgba(0,0,0,0.4);}<\/style><span class=\" fusion-imageframe imageframe-bottomshadow imageframe-4 element-bottomshadow hover-type-none\"><img width=\"800\" image_height=\"400\" image_id=\"13108\" title=\"zukunft\" src=\"https:\/\/www.welten-verbinden.at\/wp-content\/uploads\/2019\/03\/zukunft.jpg\" class=\"img-responsive wp-image-13108\" srcset=\"https:\/\/www.welten-verbinden.at\/wp-content\/uploads\/2019\/03\/zukunft-200x100.jpg 200w, https:\/\/www.welten-verbinden.at\/wp-content\/uploads\/2019\/03\/zukunft-400x200.jpg 400w, https:\/\/www.welten-verbinden.at\/wp-content\/uploads\/2019\/03\/zukunft-600x300.jpg 600w, https:\/\/www.welten-verbinden.at\/wp-content\/uploads\/2019\/03\/zukunft.jpg 800w\" sizes=\"(max-width: 800px) 100vw, 400px\" \/><\/span><\/div><div class=\"fusion-sep-clear\"><\/div><div class=\"fusion-separator fusion-full-width-sep\" style=\"margin-left: auto;margin-right: auto;margin-top:25px;width:100%;\"><div class=\"fusion-separator-border sep-single sep-solid\" style=\"border-color:#f2f2f2;border-top-width:1px;\"><\/div><\/div><div class=\"fusion-sep-clear\"><\/div><div class=\"fusion-text fusion-text-6\"><p><b>Weiterf\u00fchrende Informationen:<\/b><\/p>\n<p><a href=\"https:\/\/nachhaltiges-wirtschaften.at\/sites\/index.php\">https:\/\/nachhaltiges-wirtschaften.at\/sites\/index.php<\/a><\/p>\n<\/div><div class=\"fusion-clearfix\"><\/div><\/div><\/div><\/div><\/div><div class=\"fusion-fullwidth fullwidth-box fusion-builder-row-4 nonhundred-percent-fullwidth non-hundred-percent-height-scrolling\" style=\"background-color: #dbdbdb;background-position: center center;background-repeat: no-repeat;padding-top:15px;padding-right:15px;padding-bottom:15px;padding-left:15px;margin-bottom: 10px;margin-top: 10px;border-width: 0px 0px 0px 0px;border-color:#eae9e9;border-style:solid;\" ><div class=\"fusion-builder-row fusion-row\"><div class=\"fusion-layout-column fusion_builder_column fusion-builder-column-5 fusion_builder_column_2_3 2_3 fusion-two-third fusion-column-first\" style=\"width:65.3333%; margin-right: 4%;margin-top:0px;margin-bottom:0px;\"><div class=\"fusion-column-wrapper fusion-flex-column-wrapper-legacy\" style=\"background-position:left top;background-repeat:no-repeat;-webkit-background-size:cover;-moz-background-size:cover;-o-background-size:cover;background-size:cover;background-color:rgba(214,214,214,0);padding: 0px 10px 10px 10px;\"><div class=\"fusion-text fusion-text-7\"><h3 id=\"cc-m-header-11187097821\">SOLIDARISCHE \u00d6KONOMIE<\/h3>\n<p id=\"cc-m-header-11187097821\"><span style=\"font-size: 16px;\">Diese Seite\u00a0informiert \u00fcber die Aktivit\u00e4ten des\u00a0<\/span><strong>Forum\u00a0Solidarische \u00d6konomie<\/strong> (*S\u00d6)<span style=\"font-size: 16px;\"> und verbreitet\u00a0 dar\u00fcber hinausgehende Informationen\u00a0zum Thema (Literaturtipps, Veranstaltungen, Formen &amp; Beispiele etc.).<\/span><\/p>\n<\/div><div class=\"fusion-image-frame-bottomshadow image-frame-shadow-5\"><style>.fusion-image-frame-bottomshadow.image-frame-shadow-5{display:inline-block}.element-bottomshadow.imageframe-5:before, .element-bottomshadow.imageframe-5:after{-webkit-box-shadow: 0 17px 10px rgba(0,0,0,0.4);box-shadow: 0 17px 10px rgba(0,0,0,0.4);}<\/style><span class=\" fusion-imageframe imageframe-bottomshadow imageframe-5 element-bottomshadow hover-type-none\"><img width=\"616\" image_height=\"232\" image_id=\"13118\" title=\"solidarische \u00d6konomie\" src=\"https:\/\/www.welten-verbinden.at\/wp-content\/uploads\/2019\/03\/solidarische-\u00d6konomie.jpg\" class=\"img-responsive wp-image-13118\" srcset=\"https:\/\/www.welten-verbinden.at\/wp-content\/uploads\/2019\/03\/solidarische-\u00d6konomie-200x75.jpg 200w, https:\/\/www.welten-verbinden.at\/wp-content\/uploads\/2019\/03\/solidarische-\u00d6konomie-400x151.jpg 400w, https:\/\/www.welten-verbinden.at\/wp-content\/uploads\/2019\/03\/solidarische-\u00d6konomie-600x226.jpg 600w, https:\/\/www.welten-verbinden.at\/wp-content\/uploads\/2019\/03\/solidarische-\u00d6konomie.jpg 616w\" sizes=\"(max-width: 800px) 100vw, 616px\" \/><\/span><\/div><div class=\"fusion-text fusion-text-8\"><h3>9 Prinzipien Solidarischer \u00d6konomie<\/h3>\n<p><strong>Form: Solidarische Kooperation <\/strong><br \/>\n<strong>1. Freiwillige &amp; offene Beteiligung:<\/strong><br \/>\nKeine Zwangskollektivierung. Keine Diskriminierung. Sondern: Kultur der Kooperation.<br \/>\n<strong>2. Demokratische Entscheidungsfindung:<\/strong><br \/>\nKein Einfluss nach Geldbeutel. Sondern: Gleiche Mitspracherechte f\u00fcr alle (one person, one vote statt one dollar, one vote). Konsense suchen.<br \/>\n<strong>3. Bildung, Experimente &amp; Transparenz:<\/strong><br \/>\nBasis f\u00fcr \u201eErm\u00e4chtigung&#8221; &amp; Wandel! S\u00d6 selbst ist Such- &amp; Lernprozess.<br \/>\n<strong>4. Vernetzung &amp; Kooperation:<\/strong><br \/>\nSich vernetzen, um S\u00d6 \u00f6ffentlich voranzubringen. Kooperation unter Betrieben\/ Projekten.<br \/>\n<strong>5. Autonomie &amp; Unabh\u00e4ngigkeit:<\/strong><br \/>\nWeder staatlich noch privatwirtschaftlich kontrolliert. Kollektives Eigentum\/ Besitz.<\/p>\n<p><strong>Inhalt: Sinnvolle Bed\u00fcrfniserf\u00fcllung<br \/>\n6. \u00d6konomische Selbsthilfe:<\/strong><br \/>\nBed\u00fcrfnisse erf\u00fcllen durch gemeinsames Wirtschaften. Selbstorganisation vor Wohlt\u00e4tigkeit.<br \/>\n<strong>7. Not-for-private-profit:<\/strong><br \/>\nUn-kommerzielles (nicht gewinnorientiertes) Wirtschaften wird durch nachhaltige Gewinnverwendung unterstrichen.<br \/>\n<strong>8. Fokus: regionale \u00d6konomie &#8211; plus fairer Handel:<\/strong><br \/>\nFairen Handel und direkte Kooperationen st\u00e4rken &#8211; auch lokal.<br \/>\n<strong>9. Gemeinwohldenken, \u201evivir bien&#8221; &amp; \u00d6kologie:<\/strong><br \/>\nEchte Nachhaltigkeit. Abkehr von Wachstumsdoktrin, neoliberaler Globalisierung und kapitalistischer Ideologie zeigt sich in sozial &amp; \u00f6kologisch sinnvollen Zielen, Produkten, (kollektiven) Produktionssystemen &amp; Nutzungsformen (Commoning; Ko-Konsum;&#8230;). Gemeinwohlmatrix als neuer Ma\u00dfstab f\u00fcr Betriebe. Beitragen zu einem w\u00fcrdigen und naturverwobenem \u201eguten Leben&#8221; (vivir bien)!<\/p>\n<\/div><div class=\"fusion-clearfix\"><\/div><\/div><\/div><div class=\"fusion-layout-column fusion_builder_column fusion-builder-column-6 fusion_builder_column_1_3 1_3 fusion-one-third fusion-column-last\" style=\"width:30.6666%;margin-top:0px;margin-bottom:20px;\"><div class=\"fusion-column-wrapper fusion-flex-column-wrapper-legacy\" style=\"background-position:left top;background-repeat:no-repeat;-webkit-background-size:cover;-moz-background-size:cover;-o-background-size:cover;background-size:cover;background-color:#f2f2f2;padding: 0px 10px 10px 10px;\"><span class=\" fusion-imageframe imageframe-none imageframe-6 hover-type-none\"><img width=\"510\" image_height=\"262\" image_id=\"13116\" title=\"*S\u00d6-Logo\" src=\"https:\/\/www.welten-verbinden.at\/wp-content\/uploads\/2019\/03\/S\u00d6-Logo.jpg\" class=\"img-responsive wp-image-13116\" srcset=\"https:\/\/www.welten-verbinden.at\/wp-content\/uploads\/2019\/03\/S\u00d6-Logo-200x103.jpg 200w, https:\/\/www.welten-verbinden.at\/wp-content\/uploads\/2019\/03\/S\u00d6-Logo-400x205.jpg 400w, https:\/\/www.welten-verbinden.at\/wp-content\/uploads\/2019\/03\/S\u00d6-Logo.jpg 510w\" sizes=\"(max-width: 800px) 100vw, 400px\" \/><\/span><div class=\"fusion-sep-clear\"><\/div><div class=\"fusion-separator fusion-full-width-sep\" style=\"margin-left: auto;margin-right: auto;margin-top:25px;width:100%;\"><div class=\"fusion-separator-border sep-single sep-solid\" style=\"border-color:#f2f2f2;border-top-width:1px;\"><\/div><\/div><div class=\"fusion-sep-clear\"><\/div><div class=\"fusion-text fusion-text-9\"><p><b>Weiterf\u00fchrende Informationen:<\/b><\/p>\n<p><a href=\"http:\/\/www.solidarische-oekonomie.de\">http:\/\/www.solidarische-oekonomie.de<\/a><\/p>\n<\/div><div class=\"fusion-clearfix\"><\/div><\/div><\/div><\/div><\/div><div class=\"fusion-fullwidth fullwidth-box fusion-builder-row-5 nonhundred-percent-fullwidth non-hundred-percent-height-scrolling\" style=\"background-color: #dbdbdb;background-position: center center;background-repeat: no-repeat;padding-top:15px;padding-right:15px;padding-bottom:15px;padding-left:15px;margin-bottom: 10px;margin-top: 10px;border-width: 0px 0px 0px 0px;border-color:#eae9e9;border-style:solid;\" ><div class=\"fusion-builder-row fusion-row\"><div class=\"fusion-layout-column fusion_builder_column fusion-builder-column-7 fusion_builder_column_2_3 2_3 fusion-two-third fusion-column-first\" style=\"width:65.3333%; margin-right: 4%;margin-top:0px;margin-bottom:0px;\"><div class=\"fusion-column-wrapper fusion-flex-column-wrapper-legacy\" style=\"background-position:left top;background-repeat:no-repeat;-webkit-background-size:cover;-moz-background-size:cover;-o-background-size:cover;background-size:cover;background-color:rgba(214,214,214,0);padding: 0px 10px 10px 10px;\"><div class=\"fusion-text fusion-text-10\"><h3>WIRKRAFT \u2013\u00a0FRIEDLICHER WOHLSTAND F\u00dcR ALLE<\/h3>\n<h3><strong>WIRKRAFT beinhaltet die real umsetzbare L\u00f6sung der Sozialen Frage.<\/strong><\/h3>\n<p>Wie kommt ein Mensch gut zu seinen Lebenszielen?\u00a0Allein oder gemeinschaftlich?<\/p>\n<p>Ziele wie Konsum, Familie, Frieden kannst Du mit WIRKRAFT erreichen.<b>\u00a0<\/b>Im Leben wie im Spiel.<\/p>\n<\/div><div class=\"fusion-image-frame-bottomshadow image-frame-shadow-7\"><style>.fusion-image-frame-bottomshadow.image-frame-shadow-7{display:inline-block}.element-bottomshadow.imageframe-7:before, .element-bottomshadow.imageframe-7:after{-webkit-box-shadow: 0 17px 10px rgba(0,0,0,0.4);box-shadow: 0 17px 10px rgba(0,0,0,0.4);}<\/style><span class=\" fusion-imageframe imageframe-bottomshadow imageframe-7 element-bottomshadow hover-type-none\"><img width=\"600\" image_height=\"400\" image_id=\"13125\" title=\"WIRKRAFT-sujet\" src=\"https:\/\/www.welten-verbinden.at\/wp-content\/uploads\/2019\/03\/WIRKRAFT-sujet-600x400.jpg\" class=\"img-responsive wp-image-13125\" srcset=\"https:\/\/www.welten-verbinden.at\/wp-content\/uploads\/2019\/03\/WIRKRAFT-sujet-200x133.jpg 200w, https:\/\/www.welten-verbinden.at\/wp-content\/uploads\/2019\/03\/WIRKRAFT-sujet-400x267.jpg 400w, https:\/\/www.welten-verbinden.at\/wp-content\/uploads\/2019\/03\/WIRKRAFT-sujet-600x400.jpg 600w, https:\/\/www.welten-verbinden.at\/wp-content\/uploads\/2019\/03\/WIRKRAFT-sujet-800x533.jpg 800w, https:\/\/www.welten-verbinden.at\/wp-content\/uploads\/2019\/03\/WIRKRAFT-sujet-1200x800.jpg 1200w, https:\/\/www.welten-verbinden.at\/wp-content\/uploads\/2019\/03\/WIRKRAFT-sujet.jpg 1920w\" sizes=\"(max-width: 800px) 100vw, 800px\" \/><\/span><\/div><div class=\"fusion-text fusion-text-11\"><div class=\"Te80D\">\n<div class=\"_3l4Fr\">\n<div class=\"\">\n<h4 class=\"text-align-center\" style=\"text-align: center;\">ABSICHERUNG OHNE AUSBEUTUNG<\/h4>\n<h4 class=\"text-align-center\" style=\"text-align: center;\">Friedlicher Wohlstand f\u00fcr alle ist machbar !<\/h4>\n<\/div>\n<\/div>\n<\/div>\n<div class=\"_3gHX_\">\n<div class=\"Te80D\">\n<div class=\"_3l4Fr\">\n<div class=\"\">\n<p class=\"text-align-center\" style=\"text-align: center;\"><strong>*****<\/strong><br \/>\nSch\u00f6nes Manifest:<br \/>\n<strong>Wir sagen friedlich NEIN danke, ihr Ausbeuter und Verf\u00fchrer.<br \/>\nWir arbeiten nicht mehr f\u00fcr euch. Wir kaufen nicht mehr bei euch.<br \/>\nWir gr\u00fcnden unsere eigenen Unternehmen. Mit besseren Produkten.<br \/>\n*****<br \/>\n<\/strong><br \/>\n<strong>Wie finanziert man soziale Absicherung ohne Ausbeutung? Hier ist die L\u00f6sung:<\/strong><br \/>\nIst es besser; anderen Menschen etwas wegzunehmen, wie beim Monopoly?<br \/>\nBesser wir entdecken die Vorteile einer Gemeinschaftlichen B\u00dcRGSCHAFTSBANK.<br \/>\nDiese real umsetzbaren Vorteile hatte der geniale Erfinder Rudolf Diesel genau beschreiben.<br \/>\nDoch Diesels Buch wie seine Person gingen rund 100 Jahre lang verschollen.<br \/>\nSeine L\u00f6sung der Sozialen Frage (heute: HARTZ IV, Prekariat) sch\u00e4tzte er wertvoller ein als seinen Welt ver\u00e4ndernden Diesel-Motor. Es wird Zeit, dies ernst zu nehmen \u2013 und es durchzuspielen!<\/p>\n<p>Wenn mehr Menschen die L\u00f6sung durch Spielen erfahren haben, machen wir <a href=\"https:\/\/www.wirkraft.org\/wohlstand-fuer-alle\/loesungsbausteine\/\">ernst<\/a>.<br \/>\nHurra, so k\u00f6nnen wir uns ohne Ausbeutung von Mitmenschen und Umwelt sozial absichern !<\/p>\n<\/div>\n<\/div>\n<\/div>\n<\/div>\n<\/div><div class=\"fusion-clearfix\"><\/div><\/div><\/div><div class=\"fusion-layout-column fusion_builder_column fusion-builder-column-8 fusion_builder_column_1_3 1_3 fusion-one-third fusion-column-last\" style=\"width:30.6666%;margin-top:0px;margin-bottom:20px;\"><div class=\"fusion-column-wrapper fusion-flex-column-wrapper-legacy\" style=\"background-position:left top;background-repeat:no-repeat;-webkit-background-size:cover;-moz-background-size:cover;-o-background-size:cover;background-size:cover;background-color:#f2f2f2;padding: 0px 10px 10px 10px;\"><span class=\" fusion-imageframe imageframe-none imageframe-8 hover-type-none\"><img width=\"800\" image_height=\"600\" image_id=\"13123\" title=\"WIRKRAFT-Spiel\" src=\"https:\/\/www.welten-verbinden.at\/wp-content\/uploads\/2019\/03\/WIRKRAFT-Spiel.png\" class=\"img-responsive wp-image-13123\" srcset=\"https:\/\/www.welten-verbinden.at\/wp-content\/uploads\/2019\/03\/WIRKRAFT-Spiel-200x150.png 200w, https:\/\/www.welten-verbinden.at\/wp-content\/uploads\/2019\/03\/WIRKRAFT-Spiel-400x300.png 400w, https:\/\/www.welten-verbinden.at\/wp-content\/uploads\/2019\/03\/WIRKRAFT-Spiel-600x450.png 600w, https:\/\/www.welten-verbinden.at\/wp-content\/uploads\/2019\/03\/WIRKRAFT-Spiel.png 800w\" sizes=\"(max-width: 800px) 100vw, 400px\" \/><\/span><div class=\"fusion-sep-clear\"><\/div><div class=\"fusion-separator fusion-full-width-sep\" style=\"margin-left: auto;margin-right: auto;margin-top:25px;width:100%;\"><div class=\"fusion-separator-border sep-single sep-solid\" style=\"border-color:#f2f2f2;border-top-width:1px;\"><\/div><\/div><div class=\"fusion-sep-clear\"><\/div><div class=\"fusion-text fusion-text-12\"><p><b>Weiterf\u00fchrende Informationen:<\/b><\/p>\n<p><a href=\"https:\/\/www.wirkraft.org\">https:\/\/www.wirkraft.org<\/a><\/p>\n<\/div><div class=\"fusion-clearfix\"><\/div><\/div><\/div><\/div><\/div><div class=\"fusion-fullwidth fullwidth-box fusion-builder-row-6 nonhundred-percent-fullwidth non-hundred-percent-height-scrolling\" style=\"background-color: #dbdbdb;background-position: center center;background-repeat: no-repeat;padding-top:15px;padding-right:15px;padding-bottom:15px;padding-left:15px;margin-bottom: 10px;margin-top: 10px;border-width: 0px 0px 0px 0px;border-color:#eae9e9;border-style:solid;\" ><div class=\"fusion-builder-row fusion-row\"><div class=\"fusion-layout-column fusion_builder_column fusion-builder-column-9 fusion_builder_column_2_3 2_3 fusion-two-third fusion-column-first\" style=\"width:65.3333%; margin-right: 4%;margin-top:0px;margin-bottom:0px;\"><div class=\"fusion-column-wrapper fusion-flex-column-wrapper-legacy\" style=\"background-position:left top;background-repeat:no-repeat;-webkit-background-size:cover;-moz-background-size:cover;-o-background-size:cover;background-size:cover;background-color:rgba(214,214,214,0);padding: 0px 10px 10px 10px;\"><div class=\"fusion-text fusion-text-13\"><h2>Die SozialMarie 2019 geht an&#8230;<\/h2>\n<p><big>Die SozialMarie wurde am 1. Mai zum 15. Mal an 15 herausragende soziale Innovationen im ORF RadioKulturhaus vergeben. <\/big><\/p>\n<p><strong>Die 15 exzellenten sozialen Innovationen<\/strong>, die mit neuen Herangehensweisen und L\u00f6sungen auf gesellschaftliche Probleme reagieren, finden Sie hier.<\/p>\n<p>Vererbte Armut ist nach wie vor Grund f\u00fcr lebenslange Benachteiligung.<strong> Der mit 15.000 \u20ac dotierte erste Preis ging an <a href=\"https:\/\/www.sozialmarie.org\/de\/projects\/7842\">The Omama Project<\/a>.<\/strong> Frauen, die in slowakischen Roma-Siedlungen leben, werden in Methoden der kindlichen Fr\u00fchf\u00f6rderung geschult. Als Omamas unterst\u00fctzen sie in den Siedlungen M\u00fctter die motorischen und kognitiven F\u00e4higkeiten ihrer Kleinen zu entwickeln. <strong>\u00dcber den zweiten Preis (10.000 \u20ac) freut sich die <a href=\"https:\/\/www.sozialmarie.org\/de\/projects\/7670\">Genossenschaft f\u00fcr Gemeinwohl<\/a>.<\/strong> Sie steht f\u00fcr eine alternative \u00d6konomie und bietet gemeinwohlorientierte Finanz- und Bildungsangebote. <strong>Mit dem dritten Preis (5.000 \u20ac) wurde die <a href=\"https:\/\/www.sozialmarie.org\/de\/projects\/7603\">Social Rental Agency \u2013 On the Way out of the Housing Crisis<\/a> in Ungarn ausgezeichnet.<\/strong> Die Agentur vermittelt zwischen Wohnungslosen und privaten, sowie kommunalen WohnpartnerInnen und schafft leistbare Mietverh\u00e4ltnisse.<\/p>\n<\/div><div class=\"fusion-image-frame-bottomshadow image-frame-shadow-9\"><style>.fusion-image-frame-bottomshadow.image-frame-shadow-9{display:inline-block}.element-bottomshadow.imageframe-9:before, .element-bottomshadow.imageframe-9:after{-webkit-box-shadow: 0 17px 10px rgba(0,0,0,0.4);box-shadow: 0 17px 10px rgba(0,0,0,0.4);}<\/style><span class=\" fusion-imageframe imageframe-bottomshadow imageframe-9 element-bottomshadow hover-type-none\"><img width=\"1772\" image_height=\"1181\" image_id=\"13179\" title=\"30-cimg-3803\" src=\"https:\/\/www.welten-verbinden.at\/wp-content\/uploads\/2019\/06\/30-cimg-3803.jpg\" class=\"img-responsive wp-image-13179\" srcset=\"https:\/\/www.welten-verbinden.at\/wp-content\/uploads\/2019\/06\/30-cimg-3803-200x133.jpg 200w, https:\/\/www.welten-verbinden.at\/wp-content\/uploads\/2019\/06\/30-cimg-3803-400x267.jpg 400w, https:\/\/www.welten-verbinden.at\/wp-content\/uploads\/2019\/06\/30-cimg-3803-600x400.jpg 600w, https:\/\/www.welten-verbinden.at\/wp-content\/uploads\/2019\/06\/30-cimg-3803-800x533.jpg 800w, https:\/\/www.welten-verbinden.at\/wp-content\/uploads\/2019\/06\/30-cimg-3803-1200x800.jpg 1200w, https:\/\/www.welten-verbinden.at\/wp-content\/uploads\/2019\/06\/30-cimg-3803.jpg 1772w\" sizes=\"(max-width: 800px) 100vw, 800px\" \/><\/span><\/div><div class=\"fusion-clearfix\"><\/div><\/div><\/div><div class=\"fusion-layout-column fusion_builder_column fusion-builder-column-10 fusion_builder_column_1_3 1_3 fusion-one-third fusion-column-last\" style=\"width:30.6666%;margin-top:0px;margin-bottom:20px;\"><div class=\"fusion-column-wrapper fusion-flex-column-wrapper-legacy\" style=\"background-position:left top;background-repeat:no-repeat;-webkit-background-size:cover;-moz-background-size:cover;-o-background-size:cover;background-size:cover;background-color:#f2f2f2;padding: 0px 10px 10px 10px;\"><span class=\" fusion-imageframe imageframe-none imageframe-10 hover-type-none\"><img width=\"596\" image_height=\"253\" image_id=\"13177\" title=\"Logo_Sozialmarie_50mm\" src=\"https:\/\/www.welten-verbinden.at\/wp-content\/uploads\/2019\/06\/Logo_Sozialmarie_50mm.png\" class=\"img-responsive wp-image-13177\" srcset=\"https:\/\/www.welten-verbinden.at\/wp-content\/uploads\/2019\/06\/Logo_Sozialmarie_50mm-200x85.png 200w, https:\/\/www.welten-verbinden.at\/wp-content\/uploads\/2019\/06\/Logo_Sozialmarie_50mm-400x170.png 400w, https:\/\/www.welten-verbinden.at\/wp-content\/uploads\/2019\/06\/Logo_Sozialmarie_50mm.png 596w\" sizes=\"(max-width: 800px) 100vw, 400px\" \/><\/span><div class=\"fusion-sep-clear\"><\/div><div class=\"fusion-separator fusion-full-width-sep\" style=\"margin-left: auto;margin-right: auto;margin-top:25px;width:100%;\"><div class=\"fusion-separator-border sep-single sep-solid\" style=\"border-color:#f2f2f2;border-top-width:1px;\"><\/div><\/div><div class=\"fusion-sep-clear\"><\/div><div class=\"fusion-text fusion-text-14\"><p><b>Weiterf\u00fchrende Informationen:<\/b><\/p>\n<p><a href=\"https:\/\/www.sozialmarie.org\/de\/\">https:\/\/www.sozialmarie.org\/de\/<\/a><\/p>\n<\/div><div class=\"fusion-clearfix\"><\/div><\/div><\/div><\/div><\/div><div class=\"fusion-fullwidth fullwidth-box fusion-builder-row-7 nonhundred-percent-fullwidth non-hundred-percent-height-scrolling\" style=\"background-color: #dbdbdb;background-position: center center;background-repeat: no-repeat;padding-top:15px;padding-right:15px;padding-bottom:15px;padding-left:15px;margin-bottom: 0px;margin-top: 25px;border-width: 0px 0px 0px 0px;border-color:#eae9e9;border-style:solid;\" ><div class=\"fusion-builder-row fusion-row\"><div class=\"fusion-layout-column fusion_builder_column fusion-builder-column-11 fusion_builder_column_1_1 1_1 fusion-one-full fusion-column-first fusion-column-last\" style=\"margin-top:0px;margin-bottom:20px;\"><div class=\"fusion-column-wrapper fusion-flex-column-wrapper-legacy\" style=\"background-position:left top;background-repeat:no-repeat;-webkit-background-size:cover;-moz-background-size:cover;-o-background-size:cover;background-size:cover;padding: 0px 0px 0px 0px;\"><div class=\"fusion-text fusion-text-15\"><h3>Veranstaltungskalender<\/h3>\n<\/div><div class=\"fusion-text fusion-text-16\"><!-- START All-in-One Event Calendar Plugin - Version 2.6.7 --> <div id=\"ai1ec-container\" class=\"ai1ec-main-container \"> <!-- AI1EC_PAGE_CONTENT_PLACEHOLDER --> <div id=\"ai1ec-calendar\" class=\"timely ai1ec-calendar\"> <div class=\"timely ai1ec-calendar-toolbar ai1ec-clearfix \"> <ul class=\"ai1ec-nav ai1ec-nav-pills ai1ec-pull-left ai1ec-filters\"> <li class=\"ai1ec-dropdown ai1ec-category-filter ai1ec-cat-filter ai1ec-active\" data-slug=\"cat\"> <a class=\"ai1ec-dropdown-toggle\" data-toggle=\"ai1ec-dropdown\"> <i class=\"ai1ec-fa ai1ec-fa-folder-open\"><\/i> <span class=\"ai1ec-clear-filter ai1ec-tooltip-trigger\" data-href=\"https:\/\/www.welten-verbinden.at\/start2018\/kalender\/action~agenda\/request_format~json\/\" data-type=\"jsonp\" title=\"Kategorien-Filter l\u00f6schen\"> <i class=\"ai1ec-fa ai1ec-fa-times-circle\"><\/i> <\/span> Kategorien <span class=\"ai1ec-caret\"><\/span> <\/a> <div class=\"ai1ec-dropdown-menu\"> <div data-term=\"182\" > <a class=\"ai1ec-load-view ai1ec-category ai1ec-cat\" data-type=\"jsonp\" href=\"https:\/\/www.welten-verbinden.at\/start2018\/kalender\/action~agenda\/cat_ids~181,182\/request_format~json\/\"> <span class=\"ai1ec-color-swatch-empty\"><\/span> Demokratie-Konvente <\/a> <\/div> <div data-term=\"63\" > <a class=\"ai1ec-load-view ai1ec-category ai1ec-cat\" data-type=\"jsonp\" href=\"https:\/\/www.welten-verbinden.at\/start2018\/kalender\/action~agenda\/cat_ids~181,63\/request_format~json\/\"> <span class=\"ai1ec-color-swatch-empty\"><\/span> Demokratiestammtisch <\/a> <\/div> <div data-term=\"181\" class=\"ai1ec-active\" > <a class=\"ai1ec-load-view ai1ec-category ai1ec-cat\" data-type=\"jsonp\" href=\"https:\/\/www.welten-verbinden.at\/start2018\/kalender\/action~agenda\/request_format~json\/\"> <span class=\"ai1ec-color-swatch-empty\"><\/span> Lebenswerte Gemeinde <\/a> <\/div> <\/div> <\/li> <\/ul> <div class=\"ai1ec-pull-right\"> <\/div> <\/div> <div id=\"ai1ec-calendar-view-container\" class=\"ai1ec-calendar-view-container\"> <div id=\"ai1ec-calendar-view-loading\" class=\"ai1ec-loading ai1ec-calendar-view-loading\"><\/div> <div id=\"ai1ec-calendar-view\" class=\"ai1ec-calendar-view\"> <div class=\"ai1ec-clearfix\"> <div class=\"ai1ec-views-dropdown ai1ec-btn-group ai1ec-pull-right\"> <a class=\"ai1ec-btn ai1ec-btn-sm ai1ec-btn-default ai1ec-dropdown-toggle\" data-toggle=\"ai1ec-dropdown\"> <i class=\"ai1ec-icon-agenda ai1ec-view-icon\"><\/i> <span class=\"ai1ec-hidden-xs ai1ec-hidden-sm\"> Agenda <\/span> <span class=\"ai1ec-caret\"><\/span> <\/a> <div class=\"ai1ec-dropdown-menu\"> <div class=\"ai1ec-active\" data-action=\"agenda\"> <a id=\"ai1ec-view-agenda\" data-type=\"jsonp\" class=\"ai1ec-load-view agenda\" href=\"https:\/\/www.welten-verbinden.at\/start2018\/kalender\/action~agenda\/cat_ids~181\/request_format~json\/\"> <i class=\"ai1ec-icon-agenda ai1ec-view-icon\"><\/i> <span class=\"ai1ec-hidden-xs ai1ec-hidden-sm\"> Agenda <\/span> <\/a> <\/div> <div class=\"\" data-action=\"oneday\"> <a id=\"ai1ec-view-oneday\" data-type=\"jsonp\" class=\"ai1ec-load-view oneday\" href=\"https:\/\/www.welten-verbinden.at\/start2018\/kalender\/action~oneday\/cat_ids~181\/request_format~json\/\"> <i class=\"ai1ec-icon-oneday ai1ec-view-icon\"><\/i> <span class=\"ai1ec-hidden-xs ai1ec-hidden-sm\"> Tag <\/span> <\/a> <\/div> <div class=\"\" data-action=\"month\"> <a id=\"ai1ec-view-month\" data-type=\"jsonp\" class=\"ai1ec-load-view month\" href=\"https:\/\/www.welten-verbinden.at\/start2018\/kalender\/action~month\/cat_ids~181\/request_format~json\/\"> <i class=\"ai1ec-icon-month ai1ec-view-icon\"><\/i> <span class=\"ai1ec-hidden-xs ai1ec-hidden-sm\"> Monat <\/span> <\/a> <\/div> <div class=\"\" data-action=\"week\"> <a id=\"ai1ec-view-week\" data-type=\"jsonp\" class=\"ai1ec-load-view week\" href=\"https:\/\/www.welten-verbinden.at\/start2018\/kalender\/action~week\/cat_ids~181\/request_format~json\/\"> <i class=\"ai1ec-icon-week ai1ec-view-icon\"><\/i> <span class=\"ai1ec-hidden-xs ai1ec-hidden-sm\"> Woche <\/span> <\/a> <\/div> <\/div> <\/div> <div class=\"ai1ec-title-buttons ai1ec-btn-toolbar\"> <div class=\"ai1ec-pagination ai1ec-btn-group\"> <a class=\"ai1ec-prev-page ai1ec-load-view ai1ec-btn ai1ec-btn-sm ai1ec-btn-default \" data-type=\"jsonp\" href=\"https&#x3A;&#x2F;&#x2F;www.welten-verbinden.at&#x2F;start2018&#x2F;kalender&#x2F;action&#x7E;agenda&#x2F;page_offset&#x7E;-1&#x2F;cat_ids&#x7E;181&#x2F;request_format&#x7E;json&#x2F;\"> <i class=\"ai1ec-fa ai1ec-fa-chevron-left\"><\/i> <\/a> <a class=\"ai1ec-minical-trigger ai1ec-btn ai1ec-btn-sm ai1ec-btn-default ai1ec-tooltip-trigger\" data-date=\"2\/5\/2026\" data-date-format=\"d\/m\/yyyy\" data-date-weekstart=\"1\" href=\"#\" data-href=\"https:\/\/www.welten-verbinden.at\/start2018\/kalender\/action~agenda\/exact_date~__DATE__\/cat_ids~181\/\" data-lang=\"de-DE\" data-type=\"jsonp\" title=\"Ein Datum im Kalender ausw\u00e4hlen\" > <i class=\"ai1ec-fa ai1ec-fa-calendar-o ai1ec-fa-fw ai1ec-fa-lg\"><\/i> <span class=\"ai1ec-calendar-title\">Mai 2026<\/span> <span class=\"ai1ec-calendar-title-short\">Mai 2026<\/span> <\/a> <a class=\"ai1ec-next-page ai1ec-load-view ai1ec-btn ai1ec-btn-sm ai1ec-btn-default ai1ec-disabled\" data-type=\"jsonp\" href=\"https&#x3A;&#x2F;&#x2F;www.welten-verbinden.at&#x2F;start2018&#x2F;kalender&#x2F;action&#x7E;agenda&#x2F;page_offset&#x7E;1&#x2F;cat_ids&#x7E;181&#x2F;request_format&#x7E;json&#x2F;\"> <i class=\"ai1ec-fa ai1ec-fa-chevron-right\"><\/i> <\/a> <\/div> <\/div> <\/div> <div class=\"ai1ec-agenda-view\"> <p class=\"ai1ec-no-results\"> Zurzeit gibt es keine bevorstehenden Veranstaltungen. <\/p> <\/div> <div class=\"ai1ec-pull-left\"><div class=\"ai1ec-pagination ai1ec-btn-group\"> <a class=\"ai1ec-prev-page ai1ec-load-view ai1ec-btn ai1ec-btn-sm ai1ec-btn-default \" data-type=\"jsonp\" href=\"https&#x3A;&#x2F;&#x2F;www.welten-verbinden.at&#x2F;start2018&#x2F;kalender&#x2F;action&#x7E;agenda&#x2F;page_offset&#x7E;-1&#x2F;cat_ids&#x7E;181&#x2F;request_format&#x7E;json&#x2F;\"> <i class=\"ai1ec-fa ai1ec-fa-chevron-left\"><\/i> <\/a> <a class=\"ai1ec-minical-trigger ai1ec-btn ai1ec-btn-sm ai1ec-btn-default ai1ec-tooltip-trigger\" data-date=\"2\/5\/2026\" data-date-format=\"d\/m\/yyyy\" data-date-weekstart=\"1\" href=\"#\" data-href=\"https:\/\/www.welten-verbinden.at\/start2018\/kalender\/action~agenda\/exact_date~__DATE__\/cat_ids~181\/\" data-lang=\"de-DE\" data-type=\"jsonp\" title=\"Ein Datum im Kalender ausw\u00e4hlen\" > <i class=\"ai1ec-fa ai1ec-fa-calendar-o ai1ec-fa-fw ai1ec-fa-lg\"><\/i> <span class=\"ai1ec-calendar-title\">Mai 2026<\/span> <span class=\"ai1ec-calendar-title-short\">Mai 2026<\/span> <\/a> <a class=\"ai1ec-next-page ai1ec-load-view ai1ec-btn ai1ec-btn-sm ai1ec-btn-default ai1ec-disabled\" data-type=\"jsonp\" href=\"https&#x3A;&#x2F;&#x2F;www.welten-verbinden.at&#x2F;start2018&#x2F;kalender&#x2F;action&#x7E;agenda&#x2F;page_offset&#x7E;1&#x2F;cat_ids&#x7E;181&#x2F;request_format&#x7E;json&#x2F;\"> <i class=\"ai1ec-fa ai1ec-fa-chevron-right\"><\/i> <\/a> <\/div> <\/div> <\/div> <\/div> <div class=\"ai1ec-subscribe-container ai1ec-pull-right ai1ec-btn-group\"> <div class=\"ai1ec-subscribe-dropdown ai1ec-dropdown ai1ec-dropup ai1ec-btn ai1ec-btn-default ai1ec-btn-sm\"> <span role=\"button\" class=\"ai1ec-dropdown-toggle ai1ec-subscribe\" data-toggle=\"ai1ec-dropdown\"> <i class=\"ai1ec-fa ai1ec-icon-rss ai1ec-fa-lg ai1ec-fa-fw\"><\/i> <span class=\"ai1ec-hidden-xs\"> Gefilterten Kalender abonnieren <span class=\"ai1ec-caret\"><\/span> <\/span> <\/span> <ul class=\"ai1ec-dropdown-menu ai1ec-pull-right\" role=\"menu\"> <li> <a class=\"ai1ec-tooltip-trigger ai1ec-tooltip-auto\" target=\"_blank\" data-placement=\"left\" title=\"Kopiere diese URL f\u00fcr deinen eigenen Timely-Kalender, oder klicke darauf, um ihn deinem Rich-Text-Kalender hinzuzuf\u00fcgen.\" href=\"http&#x3A;&#x2F;&#x2F;www.welten-verbinden.at&#x2F;start2018&#x2F;&#x3F;plugin&#x3D;all-in-one-event-calendar&amp;controller&#x3D;ai1ec_exporter_controller&amp;action&#x3D;export_events&amp;ai1ec_cat_ids&#x3D;181&amp;lang&#x3D;de\"> <i class=\"ai1ec-fa ai1ec-fa-lg ai1ec-fa-fw ai1ec-icon-timely\"><\/i> Zu Timely-Kalender hinzuf\u00fcgen <\/a> <\/li> <li> <a class=\"ai1ec-tooltip-trigger ai1ec-tooltip-auto\" target=\"_blank\" data-placement=\"left\" title=\"Diesen Kalender im eigenen Google Kalender abonnieren\" href=\"https:\/\/www.google.com\/calendar\/render?cid=http&#x25;3A&#x25;2F&#x25;2Fwww.welten-verbinden.at&#x25;2Fstart2018&#x25;2F&#x25;3Fplugin&#x25;3Dall-in-one-event-calendar&#x25;26controller&#x25;3Dai1ec_exporter_controller&#x25;26action&#x25;3Dexport_events&#x25;26no_html&#x25;3Dtrue&#x25;26ai1ec_cat_ids&#x25;3D181&#x25;26lang&#x25;3Dde&#x25;26&#x25;26\"> <i class=\"ai1ec-fa ai1ec-icon-google ai1ec-fa-lg ai1ec-fa-fw\"><\/i> Zu Google hinzuf\u00fcgen <\/a> <\/li> <li> <a class=\"ai1ec-tooltip-trigger ai1ec-tooltip-auto\" target=\"_blank\" data-placement=\"left\" title=\"Diesen Kalender in MS Outlook abonnieren\" href=\"webcal&#x3A;&#x2F;&#x2F;www.welten-verbinden.at&#x2F;start2018&#x2F;&#x3F;plugin&#x3D;all-in-one-event-calendar&amp;controller&#x3D;ai1ec_exporter_controller&amp;action&#x3D;export_events&amp;no_html&#x3D;true&amp;ai1ec_cat_ids&#x3D;181&amp;lang&#x3D;de\"> <i class=\"ai1ec-fa ai1ec-icon-windows ai1ec-fa-lg ai1ec-fa-fw\"><\/i> Zu Outlook hinzuf\u00fcgen <\/a> <\/li> <li> <a class=\"ai1ec-tooltip-trigger ai1ec-tooltip-auto\" target=\"_blank\" data-placement=\"left\" title=\"Diesen Kalender im Apple-Kalender\/iCal abonnieren\" href=\"webcal&#x3A;&#x2F;&#x2F;www.welten-verbinden.at&#x2F;start2018&#x2F;&#x3F;plugin&#x3D;all-in-one-event-calendar&amp;controller&#x3D;ai1ec_exporter_controller&amp;action&#x3D;export_events&amp;no_html&#x3D;true&amp;ai1ec_cat_ids&#x3D;181&amp;lang&#x3D;de\"> <i class=\"ai1ec-fa ai1ec-icon-apple ai1ec-fa-lg ai1ec-fa-fw\"><\/i> Zu Apple-Kalender hinzuf\u00fcgen <\/a> <\/li> <li> <a class=\"ai1ec-tooltip-trigger ai1ec-tooltip-auto\" data-placement=\"left\" title=\"Diesen Kalender in einem anderen Nur-Text-Kalender abonnieren\" href=\"http&#x3A;&#x2F;&#x2F;www.welten-verbinden.at&#x2F;start2018&#x2F;&#x3F;plugin&#x3D;all-in-one-event-calendar&amp;controller&#x3D;ai1ec_exporter_controller&amp;action&#x3D;export_events&amp;no_html&#x3D;true&amp;ai1ec_cat_ids&#x3D;181&amp;lang&#x3D;de\"> <i class=\"ai1ec-fa ai1ec-icon-calendar ai1ec-fa-fw\"><\/i> Einem anderen Kalender hinzuf\u00fcgen <\/a> <\/li> <li> <a class=\"ai1ec-tooltip-trigger ai1ec-tooltip-auto\" data-placement=\"left\" title=\"\" href=\"http&#x3A;&#x2F;&#x2F;www.welten-verbinden.at&#x2F;start2018&#x2F;&#x3F;plugin&#x3D;all-in-one-event-calendar&amp;controller&#x3D;ai1ec_exporter_controller&amp;action&#x3D;export_events&amp;ai1ec_cat_ids&#x3D;181&amp;lang&#x3D;de&xml=true\"> <i class=\"ai1ec-fa ai1ec-fa-file-text ai1ec-fa-lg ai1ec-fa-fw\"><\/i> Als XML exportieren <\/a> <\/li> <\/ul> <\/div> <\/div> <\/div><!-- \/.timely --> <\/div> <!-- END All-in-One Event Calendar Plugin --> \n<\/div><div class=\"fusion-sep-clear\"><\/div><div class=\"fusion-separator fusion-full-width-sep\" style=\"margin-left: auto;margin-right: auto;margin-top:25px;width:100%;\"><div class=\"fusion-separator-border sep-single sep-solid\" style=\"border-color:#f2f2f2;border-top-width:1px;\"><\/div><\/div><div class=\"fusion-sep-clear\"><\/div><div class=\"fusion-clearfix\"><\/div><\/div><\/div><\/div><\/div><div class=\"fusion-fullwidth fullwidth-box fusion-builder-row-8 nonhundred-percent-fullwidth non-hundred-percent-height-scrolling\" style=\"background-color: #dbdbdb;background-position: center center;background-repeat: no-repeat;padding-top:15px;padding-right:15px;padding-bottom:15px;padding-left:15px;margin-bottom: 0px;margin-top: 0px;border-width: 0px 0px 0px 0px;border-color:#eae9e9;border-style:solid;\" ><div class=\"fusion-builder-row fusion-row\"><div class=\"fusion-layout-column fusion_builder_column fusion-builder-column-12 fusion_builder_column_1_1 1_1 fusion-one-full fusion-column-first fusion-column-last\" style=\"margin-top:0px;margin-bottom:20px;\"><div class=\"fusion-column-wrapper fusion-flex-column-wrapper-legacy\" style=\"background-position:left top;background-repeat:no-repeat;-webkit-background-size:cover;-moz-background-size:cover;-o-background-size:cover;background-size:cover;padding: 0px 0px 0px 0px;\"><div class=\"fusion-text fusion-text-17\"><h1>Beitr\u00e4ge zum Thema Gemeinwohl<\/h1>\n<\/div><div class=\"fusion-blog-shortcode fusion-blog-shortcode-1 fusion-blog-archive fusion-blog-layout-grid-wrapper fusion-blog-pagination\"><style type=\"text\/css\">.fusion-blog-shortcode-1 .fusion-blog-layout-grid .fusion-post-grid{padding:20px;}.fusion-blog-shortcode-1 .fusion-posts-container{margin-left: -20px !important; margin-right:-20px !important;}<\/style><div class=\"fusion-posts-container fusion-posts-container-pagination fusion-blog-rollover fusion-blog-layout-grid fusion-blog-layout-grid-4 isotope\" data-pages=\"3\" data-grid-col-space=\"40\" style=\"margin: -20px -20px 0;min-height:500px;\"><article id=\"blog-1-post-13327\" class=\"fusion-post-grid post-13327 post type-post status-publish format-standard has-post-thumbnail hentry category-buergerinnen-beteiligung-konvente category-demokratiebewegung category-gemeinwohl category-initiativen category-wirtschaft\">\n<div class=\"fusion-post-wrapper\" style=\"background-color:rgba(255,255,255,0);border:1px solid #ebeaea;border-bottom-width:3px;\">\n\n\t\t\t<div class=\"fusion-flexslider flexslider fusion-flexslider-loading fusion-post-slideshow\" style=\"border-color:#ebeaea;\">\n\t\t<ul class=\"slides\">\n\t\t\t\n\t\t\t\t\t\t\t\t\t\t\t\t\t\t<li>\n\n<div  class=\"fusion-image-wrapper\" aria-haspopup=\"true\">\n\t\n\t\n\t\t\n\t\t\t\t\t<img width=\"250\" height=\"114\" src=\"https:\/\/www.welten-verbinden.at\/wp-content\/uploads\/2022\/04\/Verein-Leichter-Leben.png\" class=\"attachment-full size-full wp-post-image\" alt=\"\" loading=\"lazy\" srcset=\"https:\/\/www.welten-verbinden.at\/wp-content\/uploads\/2022\/04\/Verein-Leichter-Leben-200x91.png 200w, https:\/\/www.welten-verbinden.at\/wp-content\/uploads\/2022\/04\/Verein-Leichter-Leben.png 250w\" sizes=\"(min-width: 2200px) 100vw, (min-width: 856px) 245px, (min-width: 784px) 327px, (min-width: 712px) 490px, (min-width: 640px) 712px, \" \/>\n\t\n\n\t\t<div class=\"fusion-rollover\">\n\t<div class=\"fusion-rollover-content\">\n\n\t\t\t\t\t\t\t\t\t\t\t\t\t\t<a class=\"fusion-rollover-link\" href=\"https:\/\/www.welten-verbinden.at\/start2018\/verein-leichter-leben\/\">Verein Leichter Leben<\/a>\n\t\t\t\n\t\t\t\t\t\t\t\t\t\t\t\t\t\t\n\t\t\t\t\t\t\t\t\n\t\t\t\t\t\t\t\t\t\t\t\t\t<div class=\"fusion-rollover-sep\"><\/div>\n\t\t\t\t\n\t\t\t\t\t\t\t\t\t\t\t\t\t\t\t\t\t\t<a class=\"fusion-rollover-gallery\" href=\"https:\/\/www.welten-verbinden.at\/wp-content\/uploads\/2022\/04\/Verein-Leichter-Leben.png\" data-id=\"13327\" data-rel=\"iLightbox[gallery]\" data-title=\"Verein Leichter Leben\" data-caption=\"\">\n\t\t\t\t\t\tGalerie\t\t\t\t\t<\/a>\n\t\t\t\t\t\t\t\t\t\t\t\t\t\t\n\t\t\t\t\n\t\t\t\t\t\t\t\t\t\t\t\t<h4 class=\"fusion-rollover-title\">\n\t\t\t\t\t<a class=\"fusion-rollover-title-link\" href=\"https:\/\/www.welten-verbinden.at\/start2018\/verein-leichter-leben\/\">\n\t\t\t\t\t\tVerein Leichter Leben\t\t\t\t\t<\/a>\n\t\t\t\t<\/h4>\n\t\t\t\n\t\t\t\t\t\t\t\t\t\t\t\t\t\t<div class=\"fusion-rollover-categories\"><a href=\"https:\/\/www.welten-verbinden.at\/start2018\/category\/demokratiebewegung\/buergerinnen-beteiligung-konvente\/\" rel=\"tag\">B\u00fcrger*innen Beteiligung &amp; Konvente<\/a>, <a href=\"https:\/\/www.welten-verbinden.at\/start2018\/category\/demokratiebewegung\/\" rel=\"tag\">Demokratiebewegung<\/a>, <a href=\"https:\/\/www.welten-verbinden.at\/start2018\/category\/gemeinwohl\/\" rel=\"tag\">Gemeinwohl<\/a>, <a href=\"https:\/\/www.welten-verbinden.at\/start2018\/category\/initiativen\/\" rel=\"tag\">Initiativen<\/a>, <a href=\"https:\/\/www.welten-verbinden.at\/start2018\/category\/zukunftswege\/wirtschaft\/\" rel=\"tag\">Wirtschaft<\/a><\/div>\t\t\t\t\t\n\t\t\n\t\t\t\t<a class=\"fusion-link-wrapper\" href=\"https:\/\/www.welten-verbinden.at\/start2018\/verein-leichter-leben\/\" aria-label=\"Verein Leichter Leben\"><\/a>\n\t<\/div>\n<\/div>\n\n\t\n<\/div>\n<\/li>\n\t\t\t\n\t\t\t\n\t\t\t\t\t\t\t\t\t\t\t\t\t\t\t\t\t\t\t\t\t\t\t\t\t\t\t\t\t\t\t\t\t\t\t\t\t\t\t\t\t\t\t\t\t\t\t\t\t\t\t\t\t\t\t\t\t\t\t\t\t\t\t\t\t\t\t\t<\/ul>\n\t<\/div>\n\t<div class=\"fusion-post-content-wrapper\" style=\"padding:30px 25px 20px 25px;\"><div class=\"fusion-post-content post-content\"><h2 class=\"blog-shortcode-post-title entry-title\"><a href=\"https:\/\/www.welten-verbinden.at\/start2018\/verein-leichter-leben\/\">Verein Leichter Leben<\/a><\/h2><p class=\"fusion-single-line-meta\">By <span class=\"vcard\"><span class=\"fn\"><a href=\"https:\/\/www.welten-verbinden.at\/start2018\/author\/roland-jaritz\/\" title=\"Beitr\u00e4ge von Roland Jaritz\" rel=\"author\">Roland Jaritz<\/a><\/span><\/span><span class=\"fusion-inline-sep\">|<\/span><span class=\"updated\" style=\"display:none;\">2022-04-21T11:39:20+02:00<\/span><span>April 21st, 2022<\/span><span class=\"fusion-inline-sep\">|<\/span>Kategorien: <a href=\"https:\/\/www.welten-verbinden.at\/start2018\/category\/demokratiebewegung\/buergerinnen-beteiligung-konvente\/\" rel=\"category tag\">B\u00fcrger*innen Beteiligung &amp; Konvente<\/a>, <a href=\"https:\/\/www.welten-verbinden.at\/start2018\/category\/demokratiebewegung\/\" rel=\"category tag\">Demokratiebewegung<\/a>, <a href=\"https:\/\/www.welten-verbinden.at\/start2018\/category\/gemeinwohl\/\" rel=\"category tag\">Gemeinwohl<\/a>, <a href=\"https:\/\/www.welten-verbinden.at\/start2018\/category\/initiativen\/\" rel=\"category tag\">Initiativen<\/a>, <a href=\"https:\/\/www.welten-verbinden.at\/start2018\/category\/zukunftswege\/wirtschaft\/\" rel=\"category tag\">Wirtschaft<\/a><span class=\"fusion-inline-sep\">|<\/span><\/p><div class=\"fusion-content-sep sep-double sep-solid\" style=\"border-color:#ebeaea;\"><\/div><div class=\"fusion-post-content-container\"><p>Save\u00a0 the date:5. Mai um 18.309433 St. Andr\u00e4, Andreasplatz 48Eintritt: [...]<\/p><\/div><\/div><div class=\"fusion-meta-info\"><div class=\"fusion-alignleft\"><a class=\"fusion-read-more\" href=\"https:\/\/www.welten-verbinden.at\/start2018\/verein-leichter-leben\/\">Weiterlesen<\/a><\/div><div class=\"fusion-alignright\"><span>Kommentare deaktiviert<span class=\"screen-reader-text\"> f\u00fcr Verein Leichter Leben<\/span><\/span><\/div><\/div><\/div><div class=\"fusion-clearfix\"><\/div><\/div>\n<\/article>\n<article id=\"blog-1-post-13210\" class=\"fusion-post-grid post-13210 post type-post status-publish format-standard has-post-thumbnail hentry category-a-l-l-e category-buergerinnen-beteiligung-konvente category-demokratiebewegung category-gemeinwohl category-gemeinwohloekonomie category-initiativen category-wirtschaft category-zukunftswege tag-analyse tag-ausbeutung tag-cradle-to-cradle tag-globale-wirtschaft tag-soziale-ungerechtigkeit\">\n<div class=\"fusion-post-wrapper\" style=\"background-color:rgba(255,255,255,0);border:1px solid #ebeaea;border-bottom-width:3px;\">\n\n\t\t\t<div class=\"fusion-flexslider flexslider fusion-flexslider-loading fusion-post-slideshow\" style=\"border-color:#ebeaea;\">\n\t\t<ul class=\"slides\">\n\t\t\t\n\t\t\t\t\t\t\t\t\t\t\t\t\t\t<li>\n\n<div  class=\"fusion-image-wrapper\" aria-haspopup=\"true\">\n\t\n\t\n\t\t\n\t\t\t\t\t<img width=\"369\" height=\"383\" src=\"https:\/\/www.welten-verbinden.at\/wp-content\/uploads\/2021\/01\/ALLE-Logo-300.jpg\" class=\"attachment-full size-full wp-post-image\" alt=\"\" loading=\"lazy\" srcset=\"https:\/\/www.welten-verbinden.at\/wp-content\/uploads\/2021\/01\/ALLE-Logo-300-200x208.jpg 200w, https:\/\/www.welten-verbinden.at\/wp-content\/uploads\/2021\/01\/ALLE-Logo-300.jpg 369w\" sizes=\"(min-width: 2200px) 100vw, (min-width: 856px) 245px, (min-width: 784px) 327px, (min-width: 712px) 490px, (min-width: 640px) 712px, \" \/>\n\t\n\n\t\t<div class=\"fusion-rollover\">\n\t<div class=\"fusion-rollover-content\">\n\n\t\t\t\t\t\t\t\t\t\t\t\t\t\t<a class=\"fusion-rollover-link\" href=\"https:\/\/www.welten-verbinden.at\/start2018\/alle-die-bewegung\/\">ALLE \u2013 Die Bewegung<\/a>\n\t\t\t\n\t\t\t\t\t\t\t\t\t\t\t\t\t\t\n\t\t\t\t\t\t\t\t\n\t\t\t\t\t\t\t\t\t\t\t\t\t<div class=\"fusion-rollover-sep\"><\/div>\n\t\t\t\t\n\t\t\t\t\t\t\t\t\t\t\t\t\t\t\t\t\t\t<a class=\"fusion-rollover-gallery\" href=\"https:\/\/www.welten-verbinden.at\/wp-content\/uploads\/2021\/01\/ALLE-Logo-300.jpg\" data-id=\"13210\" data-rel=\"iLightbox[gallery]\" data-title=\"ALLE-Logo-300\" data-caption=\"\">\n\t\t\t\t\t\tGalerie\t\t\t\t\t<\/a>\n\t\t\t\t\t\t\t\t\t\t\t\t\t\t\n\t\t\t\t\n\t\t\t\t\t\t\t\t\t\t\t\t<h4 class=\"fusion-rollover-title\">\n\t\t\t\t\t<a class=\"fusion-rollover-title-link\" href=\"https:\/\/www.welten-verbinden.at\/start2018\/alle-die-bewegung\/\">\n\t\t\t\t\t\tALLE \u2013 Die Bewegung\t\t\t\t\t<\/a>\n\t\t\t\t<\/h4>\n\t\t\t\n\t\t\t\t\t\t\t\t\t\t\t\t\t\t<div class=\"fusion-rollover-categories\"><a href=\"https:\/\/www.welten-verbinden.at\/start2018\/category\/demokratiebewegung\/a-l-l-e\/\" rel=\"tag\">A.L.L.E<\/a>, <a href=\"https:\/\/www.welten-verbinden.at\/start2018\/category\/demokratiebewegung\/buergerinnen-beteiligung-konvente\/\" rel=\"tag\">B\u00fcrger*innen Beteiligung &amp; Konvente<\/a>, <a href=\"https:\/\/www.welten-verbinden.at\/start2018\/category\/demokratiebewegung\/\" rel=\"tag\">Demokratiebewegung<\/a>, <a href=\"https:\/\/www.welten-verbinden.at\/start2018\/category\/gemeinwohl\/\" rel=\"tag\">Gemeinwohl<\/a>, <a href=\"https:\/\/www.welten-verbinden.at\/start2018\/category\/gemeinwohl\/gemeinwohloekonomie\/\" rel=\"tag\">Gemeinwohl\u00f6konomie<\/a>, <a href=\"https:\/\/www.welten-verbinden.at\/start2018\/category\/initiativen\/\" rel=\"tag\">Initiativen<\/a>, <a href=\"https:\/\/www.welten-verbinden.at\/start2018\/category\/zukunftswege\/wirtschaft\/\" rel=\"tag\">Wirtschaft<\/a>, <a href=\"https:\/\/www.welten-verbinden.at\/start2018\/category\/zukunftswege\/\" rel=\"tag\">Zukunftswege<\/a><\/div>\t\t\t\t\t\n\t\t\n\t\t\t\t<a class=\"fusion-link-wrapper\" href=\"https:\/\/www.welten-verbinden.at\/start2018\/alle-die-bewegung\/\" aria-label=\"ALLE \u2013 Die Bewegung\"><\/a>\n\t<\/div>\n<\/div>\n\n\t\n<\/div>\n<\/li>\n\t\t\t\n\t\t\t\n\t\t\t\t\t\t\t\t\t\t\t\t\t\t\t\t\t\t\t\t\t\t\t\t\t\t\t\t\t\t\t\t\t\t\t\t\t\t\t\t\t\t\t\t\t\t\t\t\t\t\t\t\t\t\t\t\t\t\t\t\t\t\t\t\t\t\t\t<\/ul>\n\t<\/div>\n\t<div class=\"fusion-post-content-wrapper\" style=\"padding:30px 25px 20px 25px;\"><div class=\"fusion-post-content post-content\"><h2 class=\"blog-shortcode-post-title entry-title\"><a href=\"https:\/\/www.welten-verbinden.at\/start2018\/alle-die-bewegung\/\">ALLE \u2013 Die Bewegung<\/a><\/h2><p class=\"fusion-single-line-meta\">By <span class=\"vcard\"><span class=\"fn\"><a href=\"https:\/\/www.welten-verbinden.at\/start2018\/author\/roland-jaritz\/\" title=\"Beitr\u00e4ge von Roland Jaritz\" rel=\"author\">Roland Jaritz<\/a><\/span><\/span><span class=\"fusion-inline-sep\">|<\/span><span class=\"updated\" style=\"display:none;\">2021-01-25T12:03:09+01:00<\/span><span>Januar 25th, 2021<\/span><span class=\"fusion-inline-sep\">|<\/span>Kategorien: <a href=\"https:\/\/www.welten-verbinden.at\/start2018\/category\/demokratiebewegung\/a-l-l-e\/\" rel=\"category tag\">A.L.L.E<\/a>, <a href=\"https:\/\/www.welten-verbinden.at\/start2018\/category\/demokratiebewegung\/buergerinnen-beteiligung-konvente\/\" rel=\"category tag\">B\u00fcrger*innen Beteiligung &amp; Konvente<\/a>, <a href=\"https:\/\/www.welten-verbinden.at\/start2018\/category\/demokratiebewegung\/\" rel=\"category tag\">Demokratiebewegung<\/a>, <a href=\"https:\/\/www.welten-verbinden.at\/start2018\/category\/gemeinwohl\/\" rel=\"category tag\">Gemeinwohl<\/a>, <a href=\"https:\/\/www.welten-verbinden.at\/start2018\/category\/gemeinwohl\/gemeinwohloekonomie\/\" rel=\"category tag\">Gemeinwohl\u00f6konomie<\/a>, <a href=\"https:\/\/www.welten-verbinden.at\/start2018\/category\/initiativen\/\" rel=\"category tag\">Initiativen<\/a>, <a href=\"https:\/\/www.welten-verbinden.at\/start2018\/category\/zukunftswege\/wirtschaft\/\" rel=\"category tag\">Wirtschaft<\/a>, <a href=\"https:\/\/www.welten-verbinden.at\/start2018\/category\/zukunftswege\/\" rel=\"category tag\">Zukunftswege<\/a><span class=\"fusion-inline-sep\">|<\/span><span class=\"meta-tags\">Schlagw\u00f6rter: <a href=\"https:\/\/www.welten-verbinden.at\/start2018\/tag\/analyse\/\" rel=\"tag\">Analyse<\/a>, <a href=\"https:\/\/www.welten-verbinden.at\/start2018\/tag\/ausbeutung\/\" rel=\"tag\">Ausbeutung<\/a>, <a href=\"https:\/\/www.welten-verbinden.at\/start2018\/tag\/cradle-to-cradle\/\" rel=\"tag\">Cradle to Cradle<\/a>, <a href=\"https:\/\/www.welten-verbinden.at\/start2018\/tag\/globale-wirtschaft\/\" rel=\"tag\">Globale Wirtschaft<\/a>, <a href=\"https:\/\/www.welten-verbinden.at\/start2018\/tag\/soziale-ungerechtigkeit\/\" rel=\"tag\">Soziale Ungerechtigkeit<\/a><\/span><span class=\"fusion-inline-sep\">|<\/span><\/p><div class=\"fusion-content-sep sep-double sep-solid\" style=\"border-color:#ebeaea;\"><\/div><div class=\"fusion-post-content-container\"><p>  Die Bewegung All unsere Gedanken, Anregungen, Ideen verstehen [...]<\/p><\/div><\/div><div class=\"fusion-meta-info\"><div class=\"fusion-alignleft\"><a class=\"fusion-read-more\" href=\"https:\/\/www.welten-verbinden.at\/start2018\/alle-die-bewegung\/\">Weiterlesen<\/a><\/div><div class=\"fusion-alignright\"><span>Kommentare deaktiviert<span class=\"screen-reader-text\"> f\u00fcr ALLE \u2013 Die Bewegung<\/span><\/span><\/div><\/div><\/div><div class=\"fusion-clearfix\"><\/div><\/div>\n<\/article>\n<article id=\"blog-1-post-13186\" class=\"fusion-post-grid post-13186 post type-post status-publish format-standard has-post-thumbnail hentry category-gemeinwohl category-gemeinwohloekonomie category-initiativen category-kongress category-lebenswerte-gemeinde category-veranstaltung category-wirtschaft category-zukunftswege tag-analyse tag-ausbeutung tag-cradle-to-cradle tag-globale-wirtschaft tag-soziale-ungerechtigkeit\">\n<div class=\"fusion-post-wrapper\" style=\"background-color:rgba(255,255,255,0);border:1px solid #ebeaea;border-bottom-width:3px;\">\n\n\t\t\t<div class=\"fusion-flexslider flexslider fusion-flexslider-loading fusion-post-slideshow\" style=\"border-color:#ebeaea;\">\n\t\t<ul class=\"slides\">\n\t\t\t\n\t\t\t\t\t\t\t\t\t\t\t\t\t\t<li>\n\n<div  class=\"fusion-image-wrapper\" aria-haspopup=\"true\">\n\t\n\t\n\t\t\n\t\t\t\t\t<img width=\"2036\" height=\"990\" src=\"https:\/\/www.welten-verbinden.at\/wp-content\/uploads\/2019\/07\/LG-Vid-1.jpg\" class=\"attachment-full size-full wp-post-image\" alt=\"\" loading=\"lazy\" srcset=\"https:\/\/www.welten-verbinden.at\/wp-content\/uploads\/2019\/07\/LG-Vid-1-200x97.jpg 200w, https:\/\/www.welten-verbinden.at\/wp-content\/uploads\/2019\/07\/LG-Vid-1-400x194.jpg 400w, https:\/\/www.welten-verbinden.at\/wp-content\/uploads\/2019\/07\/LG-Vid-1-600x292.jpg 600w, https:\/\/www.welten-verbinden.at\/wp-content\/uploads\/2019\/07\/LG-Vid-1-800x389.jpg 800w, https:\/\/www.welten-verbinden.at\/wp-content\/uploads\/2019\/07\/LG-Vid-1-1200x583.jpg 1200w, https:\/\/www.welten-verbinden.at\/wp-content\/uploads\/2019\/07\/LG-Vid-1.jpg 2036w\" sizes=\"(min-width: 2200px) 100vw, (min-width: 856px) 245px, (min-width: 784px) 327px, (min-width: 712px) 490px, (min-width: 640px) 712px, \" \/>\n\t\n\n\t\t<div class=\"fusion-rollover\">\n\t<div class=\"fusion-rollover-content\">\n\n\t\t\t\t\t\t\t\t\t\t\t\t\t\t<a class=\"fusion-rollover-link\" href=\"https:\/\/www.welten-verbinden.at\/start2018\/lebenswerte-gemeinde-bewusst-gemeinsam-leben\/\">Lebenswerte Gemeinde &#8211; Bewusst gemeinsam Leben<\/a>\n\t\t\t\n\t\t\t\t\t\t\t\t\t\t\t\t\t\t\n\t\t\t\t\t\t\t\t\n\t\t\t\t\t\t\t\t\t\t\t\t\t<div class=\"fusion-rollover-sep\"><\/div>\n\t\t\t\t\n\t\t\t\t\t\t\t\t\t\t\t\t\t\t\t\t\t\t<a class=\"fusion-rollover-gallery\" href=\"https:\/\/www.welten-verbinden.at\/wp-content\/uploads\/2019\/07\/LG-Vid-1.jpg\" data-id=\"13186\" data-rel=\"iLightbox[gallery]\" data-title=\"LG-Vid\" data-caption=\"\">\n\t\t\t\t\t\tGalerie\t\t\t\t\t<\/a>\n\t\t\t\t\t\t\t\t\t\t\t\t\t\t\n\t\t\t\t\n\t\t\t\t\t\t\t\t\t\t\t\t<h4 class=\"fusion-rollover-title\">\n\t\t\t\t\t<a class=\"fusion-rollover-title-link\" href=\"https:\/\/www.welten-verbinden.at\/start2018\/lebenswerte-gemeinde-bewusst-gemeinsam-leben\/\">\n\t\t\t\t\t\tLebenswerte Gemeinde &#8211; Bewusst gemeinsam Leben\t\t\t\t\t<\/a>\n\t\t\t\t<\/h4>\n\t\t\t\n\t\t\t\t\t\t\t\t\t\t\t\t\t\t<div class=\"fusion-rollover-categories\"><a href=\"https:\/\/www.welten-verbinden.at\/start2018\/category\/gemeinwohl\/\" rel=\"tag\">Gemeinwohl<\/a>, <a href=\"https:\/\/www.welten-verbinden.at\/start2018\/category\/gemeinwohl\/gemeinwohloekonomie\/\" rel=\"tag\">Gemeinwohl\u00f6konomie<\/a>, <a href=\"https:\/\/www.welten-verbinden.at\/start2018\/category\/initiativen\/\" rel=\"tag\">Initiativen<\/a>, <a href=\"https:\/\/www.welten-verbinden.at\/start2018\/category\/veranstaltung\/kongress\/\" rel=\"tag\">Kongress<\/a>, <a href=\"https:\/\/www.welten-verbinden.at\/start2018\/category\/gemeinwohl\/lebenswerte-gemeinde\/\" rel=\"tag\">Lebenswerte Gemeinde<\/a>, <a href=\"https:\/\/www.welten-verbinden.at\/start2018\/category\/veranstaltung\/\" rel=\"tag\">Veranstaltung<\/a>, <a href=\"https:\/\/www.welten-verbinden.at\/start2018\/category\/zukunftswege\/wirtschaft\/\" rel=\"tag\">Wirtschaft<\/a>, <a href=\"https:\/\/www.welten-verbinden.at\/start2018\/category\/zukunftswege\/\" rel=\"tag\">Zukunftswege<\/a><\/div>\t\t\t\t\t\n\t\t\n\t\t\t\t<a class=\"fusion-link-wrapper\" href=\"https:\/\/www.welten-verbinden.at\/start2018\/lebenswerte-gemeinde-bewusst-gemeinsam-leben\/\" aria-label=\"Lebenswerte Gemeinde &#8211; Bewusst gemeinsam Leben\"><\/a>\n\t<\/div>\n<\/div>\n\n\t\n<\/div>\n<\/li>\n\t\t\t\n\t\t\t\n\t\t\t\t\t\t\t\t\t\t\t\t\t\t\t\t\t\t\t\t\t\t\t\t\t\t\t\t\t\t\t\t\t\t\t\t\t\t\t\t\t\t\t\t\t\t\t\t\t\t\t\t\t\t\t\t\t\t\t\t\t\t\t\t\t\t\t\t<\/ul>\n\t<\/div>\n\t<div class=\"fusion-post-content-wrapper\" style=\"padding:30px 25px 20px 25px;\"><div class=\"fusion-post-content post-content\"><h2 class=\"blog-shortcode-post-title entry-title\"><a href=\"https:\/\/www.welten-verbinden.at\/start2018\/lebenswerte-gemeinde-bewusst-gemeinsam-leben\/\">Lebenswerte Gemeinde &#8211; Bewusst gemeinsam Leben<\/a><\/h2><p class=\"fusion-single-line-meta\">By <span class=\"vcard\"><span class=\"fn\"><a href=\"https:\/\/www.welten-verbinden.at\/start2018\/author\/roland-jaritz\/\" title=\"Beitr\u00e4ge von Roland Jaritz\" rel=\"author\">Roland Jaritz<\/a><\/span><\/span><span class=\"fusion-inline-sep\">|<\/span><span class=\"updated\" style=\"display:none;\">2019-07-22T10:20:45+02:00<\/span><span>Juli 22nd, 2019<\/span><span class=\"fusion-inline-sep\">|<\/span>Kategorien: <a href=\"https:\/\/www.welten-verbinden.at\/start2018\/category\/gemeinwohl\/\" rel=\"category tag\">Gemeinwohl<\/a>, <a href=\"https:\/\/www.welten-verbinden.at\/start2018\/category\/gemeinwohl\/gemeinwohloekonomie\/\" rel=\"category tag\">Gemeinwohl\u00f6konomie<\/a>, <a href=\"https:\/\/www.welten-verbinden.at\/start2018\/category\/initiativen\/\" rel=\"category tag\">Initiativen<\/a>, <a href=\"https:\/\/www.welten-verbinden.at\/start2018\/category\/veranstaltung\/kongress\/\" rel=\"category tag\">Kongress<\/a>, <a href=\"https:\/\/www.welten-verbinden.at\/start2018\/category\/gemeinwohl\/lebenswerte-gemeinde\/\" rel=\"category tag\">Lebenswerte Gemeinde<\/a>, <a href=\"https:\/\/www.welten-verbinden.at\/start2018\/category\/veranstaltung\/\" rel=\"category tag\">Veranstaltung<\/a>, <a href=\"https:\/\/www.welten-verbinden.at\/start2018\/category\/zukunftswege\/wirtschaft\/\" rel=\"category tag\">Wirtschaft<\/a>, <a href=\"https:\/\/www.welten-verbinden.at\/start2018\/category\/zukunftswege\/\" rel=\"category tag\">Zukunftswege<\/a><span class=\"fusion-inline-sep\">|<\/span><span class=\"meta-tags\">Schlagw\u00f6rter: <a href=\"https:\/\/www.welten-verbinden.at\/start2018\/tag\/analyse\/\" rel=\"tag\">Analyse<\/a>, <a href=\"https:\/\/www.welten-verbinden.at\/start2018\/tag\/ausbeutung\/\" rel=\"tag\">Ausbeutung<\/a>, <a href=\"https:\/\/www.welten-verbinden.at\/start2018\/tag\/cradle-to-cradle\/\" rel=\"tag\">Cradle to Cradle<\/a>, <a href=\"https:\/\/www.welten-verbinden.at\/start2018\/tag\/globale-wirtschaft\/\" rel=\"tag\">Globale Wirtschaft<\/a>, <a href=\"https:\/\/www.welten-verbinden.at\/start2018\/tag\/soziale-ungerechtigkeit\/\" rel=\"tag\">Soziale Ungerechtigkeit<\/a><\/span><span class=\"fusion-inline-sep\">|<\/span><\/p><div class=\"fusion-content-sep sep-double sep-solid\" style=\"border-color:#ebeaea;\"><\/div><div class=\"fusion-post-content-container\"><p>   \u00dcber 2.500 Menschen aus innovativen und nachhaltigen [...]<\/p><\/div><\/div><div class=\"fusion-meta-info\"><div class=\"fusion-alignleft\"><a class=\"fusion-read-more\" href=\"https:\/\/www.welten-verbinden.at\/start2018\/lebenswerte-gemeinde-bewusst-gemeinsam-leben\/\">Weiterlesen<\/a><\/div><div class=\"fusion-alignright\"><span>Kommentare deaktiviert<span class=\"screen-reader-text\"> f\u00fcr Lebenswerte Gemeinde &#8211; Bewusst gemeinsam Leben<\/span><\/span><\/div><\/div><\/div><div class=\"fusion-clearfix\"><\/div><\/div>\n<\/article>\n<article id=\"blog-1-post-13103\" class=\"fusion-post-grid post-13103 post type-post status-publish format-standard has-post-thumbnail hentry category-demokratiebewegung category-gemeinwohl category-gemeinwohloekonomie category-wirtschaft category-zukunftswege tag-analyse tag-ausbeutung tag-cradle-to-cradle tag-globale-wirtschaft tag-soziale-ungerechtigkeit\">\n<div class=\"fusion-post-wrapper\" style=\"background-color:rgba(255,255,255,0);border:1px solid #ebeaea;border-bottom-width:3px;\">\n\n\t\t\t<div class=\"fusion-flexslider flexslider fusion-flexslider-loading fusion-post-slideshow\" style=\"border-color:#ebeaea;\">\n\t\t<ul class=\"slides\">\n\t\t\t\n\t\t\t\t\t\t\t\t\t\t\t\t\t\t<li>\n\n<div  class=\"fusion-image-wrapper\" aria-haspopup=\"true\">\n\t\n\t\n\t\t\n\t\t\t\t\t<img width=\"1066\" height=\"1208\" src=\"https:\/\/www.welten-verbinden.at\/wp-content\/uploads\/2019\/03\/Prof.Braungart.jpg\" class=\"attachment-full size-full wp-post-image\" alt=\"\" loading=\"lazy\" srcset=\"https:\/\/www.welten-verbinden.at\/wp-content\/uploads\/2019\/03\/Prof.Braungart-200x227.jpg 200w, https:\/\/www.welten-verbinden.at\/wp-content\/uploads\/2019\/03\/Prof.Braungart-400x453.jpg 400w, https:\/\/www.welten-verbinden.at\/wp-content\/uploads\/2019\/03\/Prof.Braungart-600x680.jpg 600w, https:\/\/www.welten-verbinden.at\/wp-content\/uploads\/2019\/03\/Prof.Braungart-800x907.jpg 800w, https:\/\/www.welten-verbinden.at\/wp-content\/uploads\/2019\/03\/Prof.Braungart.jpg 1066w\" sizes=\"(min-width: 2200px) 100vw, (min-width: 856px) 245px, (min-width: 784px) 327px, (min-width: 712px) 490px, (min-width: 640px) 712px, \" \/>\n\t\n\n\t\t<div class=\"fusion-rollover\">\n\t<div class=\"fusion-rollover-content\">\n\n\t\t\t\t\t\t\t\t\t\t\t\t\t\t<a class=\"fusion-rollover-link\" href=\"https:\/\/www.welten-verbinden.at\/start2018\/prof-michael-braungart-cradle-to-cradle-keynote-entrepreneurship-summit-2015-in-berlin\/\">Prof. Michael Braungart Cradle to Cradle Keynote \u2013 Entrepreneurship Summit 2015 in Berlin<\/a>\n\t\t\t\n\t\t\t\t\t\t\t\t\t\t\t\t\t\t\n\t\t\t\t\t\t\t\t\n\t\t\t\t\t\t\t\t\t\t\t\t\t<div class=\"fusion-rollover-sep\"><\/div>\n\t\t\t\t\n\t\t\t\t\t\t\t\t\t\t\t\t\t\t\t\t\t\t<a class=\"fusion-rollover-gallery\" href=\"https:\/\/www.welten-verbinden.at\/wp-content\/uploads\/2019\/03\/Prof.Braungart.jpg\" data-id=\"13103\" data-rel=\"iLightbox[gallery]\" data-title=\"Prof.Braungart\" data-caption=\"\">\n\t\t\t\t\t\tGalerie\t\t\t\t\t<\/a>\n\t\t\t\t\t\t\t\t\t\t\t\t\t\t\n\t\t\t\t\n\t\t\t\t\t\t\t\t\t\t\t\t<h4 class=\"fusion-rollover-title\">\n\t\t\t\t\t<a class=\"fusion-rollover-title-link\" href=\"https:\/\/www.welten-verbinden.at\/start2018\/prof-michael-braungart-cradle-to-cradle-keynote-entrepreneurship-summit-2015-in-berlin\/\">\n\t\t\t\t\t\tProf. Michael Braungart Cradle to Cradle Keynote \u2013 Entrepreneurship Summit 2015 in Berlin\t\t\t\t\t<\/a>\n\t\t\t\t<\/h4>\n\t\t\t\n\t\t\t\t\t\t\t\t\t\t\t\t\t\t<div class=\"fusion-rollover-categories\"><a href=\"https:\/\/www.welten-verbinden.at\/start2018\/category\/demokratiebewegung\/\" rel=\"tag\">Demokratiebewegung<\/a>, <a href=\"https:\/\/www.welten-verbinden.at\/start2018\/category\/gemeinwohl\/\" rel=\"tag\">Gemeinwohl<\/a>, <a href=\"https:\/\/www.welten-verbinden.at\/start2018\/category\/gemeinwohl\/gemeinwohloekonomie\/\" rel=\"tag\">Gemeinwohl\u00f6konomie<\/a>, <a href=\"https:\/\/www.welten-verbinden.at\/start2018\/category\/zukunftswege\/wirtschaft\/\" rel=\"tag\">Wirtschaft<\/a>, <a href=\"https:\/\/www.welten-verbinden.at\/start2018\/category\/zukunftswege\/\" rel=\"tag\">Zukunftswege<\/a><\/div>\t\t\t\t\t\n\t\t\n\t\t\t\t<a class=\"fusion-link-wrapper\" href=\"https:\/\/www.welten-verbinden.at\/start2018\/prof-michael-braungart-cradle-to-cradle-keynote-entrepreneurship-summit-2015-in-berlin\/\" aria-label=\"Prof. Michael Braungart Cradle to Cradle Keynote \u2013 Entrepreneurship Summit 2015 in Berlin\"><\/a>\n\t<\/div>\n<\/div>\n\n\t\n<\/div>\n<\/li>\n\t\t\t\n\t\t\t\n\t\t\t\t\t\t\t\t\t\t\t\t\t\t\t\t\t\t\t\t\t\t\t\t\t\t\t\t\t\t\t\t\t\t\t\t\t\t\t\t\t\t\t\t\t\t\t\t\t\t\t\t\t\t\t\t\t\t\t\t\t\t\t\t\t\t\t\t<\/ul>\n\t<\/div>\n\t<div class=\"fusion-post-content-wrapper\" style=\"padding:30px 25px 20px 25px;\"><div class=\"fusion-post-content post-content\"><h2 class=\"blog-shortcode-post-title entry-title\"><a href=\"https:\/\/www.welten-verbinden.at\/start2018\/prof-michael-braungart-cradle-to-cradle-keynote-entrepreneurship-summit-2015-in-berlin\/\">Prof. Michael Braungart Cradle to Cradle Keynote \u2013 Entrepreneurship Summit 2015 in Berlin<\/a><\/h2><p class=\"fusion-single-line-meta\">By <span class=\"vcard\"><span class=\"fn\"><a href=\"https:\/\/www.welten-verbinden.at\/start2018\/author\/roland-jaritz\/\" title=\"Beitr\u00e4ge von Roland Jaritz\" rel=\"author\">Roland Jaritz<\/a><\/span><\/span><span class=\"fusion-inline-sep\">|<\/span><span class=\"updated\" style=\"display:none;\">2019-03-15T10:38:24+01:00<\/span><span>M\u00e4rz 15th, 2019<\/span><span class=\"fusion-inline-sep\">|<\/span>Kategorien: <a href=\"https:\/\/www.welten-verbinden.at\/start2018\/category\/demokratiebewegung\/\" rel=\"category tag\">Demokratiebewegung<\/a>, <a href=\"https:\/\/www.welten-verbinden.at\/start2018\/category\/gemeinwohl\/\" rel=\"category tag\">Gemeinwohl<\/a>, <a href=\"https:\/\/www.welten-verbinden.at\/start2018\/category\/gemeinwohl\/gemeinwohloekonomie\/\" rel=\"category tag\">Gemeinwohl\u00f6konomie<\/a>, <a href=\"https:\/\/www.welten-verbinden.at\/start2018\/category\/zukunftswege\/wirtschaft\/\" rel=\"category tag\">Wirtschaft<\/a>, <a href=\"https:\/\/www.welten-verbinden.at\/start2018\/category\/zukunftswege\/\" rel=\"category tag\">Zukunftswege<\/a><span class=\"fusion-inline-sep\">|<\/span><span class=\"meta-tags\">Schlagw\u00f6rter: <a href=\"https:\/\/www.welten-verbinden.at\/start2018\/tag\/analyse\/\" rel=\"tag\">Analyse<\/a>, <a href=\"https:\/\/www.welten-verbinden.at\/start2018\/tag\/ausbeutung\/\" rel=\"tag\">Ausbeutung<\/a>, <a href=\"https:\/\/www.welten-verbinden.at\/start2018\/tag\/cradle-to-cradle\/\" rel=\"tag\">Cradle to Cradle<\/a>, <a href=\"https:\/\/www.welten-verbinden.at\/start2018\/tag\/globale-wirtschaft\/\" rel=\"tag\">Globale Wirtschaft<\/a>, <a href=\"https:\/\/www.welten-verbinden.at\/start2018\/tag\/soziale-ungerechtigkeit\/\" rel=\"tag\">Soziale Ungerechtigkeit<\/a><\/span><span class=\"fusion-inline-sep\">|<\/span><\/p><div class=\"fusion-content-sep sep-double sep-solid\" style=\"border-color:#ebeaea;\"><\/div><div class=\"fusion-post-content-container\"><p>   Prof. Michael Braungart Cradle to Cradle Keynote [...]<\/p><\/div><\/div><div class=\"fusion-meta-info\"><div class=\"fusion-alignleft\"><a class=\"fusion-read-more\" href=\"https:\/\/www.welten-verbinden.at\/start2018\/prof-michael-braungart-cradle-to-cradle-keynote-entrepreneurship-summit-2015-in-berlin\/\">Weiterlesen<\/a><\/div><div class=\"fusion-alignright\"><span>Kommentare deaktiviert<span class=\"screen-reader-text\"> f\u00fcr Prof. Michael Braungart Cradle to Cradle Keynote \u2013 Entrepreneurship Summit 2015 in Berlin<\/span><\/span><\/div><\/div><\/div><div class=\"fusion-clearfix\"><\/div><\/div>\n<\/article>\n<article id=\"blog-1-post-13097\" class=\"fusion-post-grid post-13097 post type-post status-publish format-standard has-post-thumbnail hentry category-demokratiebewegung category-film-tipps category-gemeinwohl category-gemeinwohloekonomie category-staerkung category-wirtschaft category-zukunftswege tag-glueck tag-transformation tag-veraenderung tag-zukunft\">\n<div class=\"fusion-post-wrapper\" style=\"background-color:rgba(255,255,255,0);border:1px solid #ebeaea;border-bottom-width:3px;\">\n\n\t\t\t<div class=\"fusion-flexslider flexslider fusion-flexslider-loading fusion-post-slideshow\" style=\"border-color:#ebeaea;\">\n\t\t<ul class=\"slides\">\n\t\t\t\n\t\t\t\t\t\t\t\t\t\t\t\t\t\t<li>\n\n<div  class=\"fusion-image-wrapper\" aria-haspopup=\"true\">\n\t\n\t\n\t\t\n\t\t\t\t\t<img width=\"1976\" height=\"850\" src=\"https:\/\/www.welten-verbinden.at\/wp-content\/uploads\/2019\/03\/Erf\u00fclltes-Leben.jpg\" class=\"attachment-full size-full wp-post-image\" alt=\"\" loading=\"lazy\" srcset=\"https:\/\/www.welten-verbinden.at\/wp-content\/uploads\/2019\/03\/Erf\u00fclltes-Leben-200x86.jpg 200w, https:\/\/www.welten-verbinden.at\/wp-content\/uploads\/2019\/03\/Erf\u00fclltes-Leben-400x172.jpg 400w, https:\/\/www.welten-verbinden.at\/wp-content\/uploads\/2019\/03\/Erf\u00fclltes-Leben-600x258.jpg 600w, https:\/\/www.welten-verbinden.at\/wp-content\/uploads\/2019\/03\/Erf\u00fclltes-Leben-800x344.jpg 800w, https:\/\/www.welten-verbinden.at\/wp-content\/uploads\/2019\/03\/Erf\u00fclltes-Leben-1200x516.jpg 1200w, https:\/\/www.welten-verbinden.at\/wp-content\/uploads\/2019\/03\/Erf\u00fclltes-Leben.jpg 1976w\" sizes=\"(min-width: 2200px) 100vw, (min-width: 856px) 245px, (min-width: 784px) 327px, (min-width: 712px) 490px, (min-width: 640px) 712px, \" \/>\n\t\n\n\t\t<div class=\"fusion-rollover\">\n\t<div class=\"fusion-rollover-content\">\n\n\t\t\t\t\t\t\t\t\t\t\t\t\t\t<a class=\"fusion-rollover-link\" href=\"https:\/\/www.welten-verbinden.at\/start2018\/erfuelltes-leben-wenn-die-schale-ueberfliesst\/\">Erf\u00fclltes Leben-wenn die Schale \u00fcberflie\u00dft<\/a>\n\t\t\t\n\t\t\t\t\t\t\t\t\t\t\t\t\t\t\n\t\t\t\t\t\t\t\t\n\t\t\t\t\t\t\t\t\t\t\t\t\t<div class=\"fusion-rollover-sep\"><\/div>\n\t\t\t\t\n\t\t\t\t\t\t\t\t\t\t\t\t\t\t\t\t\t\t<a class=\"fusion-rollover-gallery\" href=\"https:\/\/www.welten-verbinden.at\/wp-content\/uploads\/2019\/03\/Erf\u00fclltes-Leben.jpg\" data-id=\"13097\" data-rel=\"iLightbox[gallery]\" data-title=\"Erf\u00fclltes Leben\" data-caption=\"\">\n\t\t\t\t\t\tGalerie\t\t\t\t\t<\/a>\n\t\t\t\t\t\t\t\t\t\t\t\t\t\t\n\t\t\t\t\n\t\t\t\t\t\t\t\t\t\t\t\t<h4 class=\"fusion-rollover-title\">\n\t\t\t\t\t<a class=\"fusion-rollover-title-link\" href=\"https:\/\/www.welten-verbinden.at\/start2018\/erfuelltes-leben-wenn-die-schale-ueberfliesst\/\">\n\t\t\t\t\t\tErf\u00fclltes Leben-wenn die Schale \u00fcberflie\u00dft\t\t\t\t\t<\/a>\n\t\t\t\t<\/h4>\n\t\t\t\n\t\t\t\t\t\t\t\t\t\t\t\t\t\t<div class=\"fusion-rollover-categories\"><a href=\"https:\/\/www.welten-verbinden.at\/start2018\/category\/demokratiebewegung\/\" rel=\"tag\">Demokratiebewegung<\/a>, <a href=\"https:\/\/www.welten-verbinden.at\/start2018\/category\/tipps\/film-tipps\/\" rel=\"tag\">Film-Tipps<\/a>, <a href=\"https:\/\/www.welten-verbinden.at\/start2018\/category\/gemeinwohl\/\" rel=\"tag\">Gemeinwohl<\/a>, <a href=\"https:\/\/www.welten-verbinden.at\/start2018\/category\/gemeinwohl\/gemeinwohloekonomie\/\" rel=\"tag\">Gemeinwohl\u00f6konomie<\/a>, <a href=\"https:\/\/www.welten-verbinden.at\/start2018\/category\/tipps\/film-tipps\/staerkung\/\" rel=\"tag\">St\u00e4rkung<\/a>, <a href=\"https:\/\/www.welten-verbinden.at\/start2018\/category\/zukunftswege\/wirtschaft\/\" rel=\"tag\">Wirtschaft<\/a>, <a href=\"https:\/\/www.welten-verbinden.at\/start2018\/category\/zukunftswege\/\" rel=\"tag\">Zukunftswege<\/a><\/div>\t\t\t\t\t\n\t\t\n\t\t\t\t<a class=\"fusion-link-wrapper\" href=\"https:\/\/www.welten-verbinden.at\/start2018\/erfuelltes-leben-wenn-die-schale-ueberfliesst\/\" aria-label=\"Erf\u00fclltes Leben-wenn die Schale \u00fcberflie\u00dft\"><\/a>\n\t<\/div>\n<\/div>\n\n\t\n<\/div>\n<\/li>\n\t\t\t\n\t\t\t\n\t\t\t\t\t\t\t\t\t\t\t\t\t\t\t\t\t\t\t\t\t\t\t\t\t\t\t\t\t\t\t\t\t\t\t\t\t\t\t\t\t\t\t\t\t\t\t\t\t\t\t\t\t\t\t\t\t\t\t\t\t\t\t\t\t\t\t\t<\/ul>\n\t<\/div>\n\t<div class=\"fusion-post-content-wrapper\" style=\"padding:30px 25px 20px 25px;\"><div class=\"fusion-post-content post-content\"><h2 class=\"blog-shortcode-post-title entry-title\"><a href=\"https:\/\/www.welten-verbinden.at\/start2018\/erfuelltes-leben-wenn-die-schale-ueberfliesst\/\">Erf\u00fclltes Leben-wenn die Schale \u00fcberflie\u00dft<\/a><\/h2><p class=\"fusion-single-line-meta\">By <span class=\"vcard\"><span class=\"fn\"><a href=\"https:\/\/www.welten-verbinden.at\/start2018\/author\/roland-jaritz\/\" title=\"Beitr\u00e4ge von Roland Jaritz\" rel=\"author\">Roland Jaritz<\/a><\/span><\/span><span class=\"fusion-inline-sep\">|<\/span><span class=\"updated\" style=\"display:none;\">2019-03-15T10:32:55+01:00<\/span><span>M\u00e4rz 15th, 2019<\/span><span class=\"fusion-inline-sep\">|<\/span>Kategorien: <a href=\"https:\/\/www.welten-verbinden.at\/start2018\/category\/demokratiebewegung\/\" rel=\"category tag\">Demokratiebewegung<\/a>, <a href=\"https:\/\/www.welten-verbinden.at\/start2018\/category\/tipps\/film-tipps\/\" rel=\"category tag\">Film-Tipps<\/a>, <a href=\"https:\/\/www.welten-verbinden.at\/start2018\/category\/gemeinwohl\/\" rel=\"category tag\">Gemeinwohl<\/a>, <a href=\"https:\/\/www.welten-verbinden.at\/start2018\/category\/gemeinwohl\/gemeinwohloekonomie\/\" rel=\"category tag\">Gemeinwohl\u00f6konomie<\/a>, <a href=\"https:\/\/www.welten-verbinden.at\/start2018\/category\/tipps\/film-tipps\/staerkung\/\" rel=\"category tag\">St\u00e4rkung<\/a>, <a href=\"https:\/\/www.welten-verbinden.at\/start2018\/category\/zukunftswege\/wirtschaft\/\" rel=\"category tag\">Wirtschaft<\/a>, <a href=\"https:\/\/www.welten-verbinden.at\/start2018\/category\/zukunftswege\/\" rel=\"category tag\">Zukunftswege<\/a><span class=\"fusion-inline-sep\">|<\/span><span class=\"meta-tags\">Schlagw\u00f6rter: <a href=\"https:\/\/www.welten-verbinden.at\/start2018\/tag\/glueck\/\" rel=\"tag\">Gl\u00fcck<\/a>, <a href=\"https:\/\/www.welten-verbinden.at\/start2018\/tag\/transformation\/\" rel=\"tag\">Transformation<\/a>, <a href=\"https:\/\/www.welten-verbinden.at\/start2018\/tag\/veraenderung\/\" rel=\"tag\">Ver\u00e4nderung<\/a>, <a href=\"https:\/\/www.welten-verbinden.at\/start2018\/tag\/zukunft\/\" rel=\"tag\">Zukunft<\/a><\/span><span class=\"fusion-inline-sep\">|<\/span><\/p><div class=\"fusion-content-sep sep-double sep-solid\" style=\"border-color:#ebeaea;\"><\/div><div class=\"fusion-post-content-container\"><p>   Ein Dokumentarfilm mit Bruder David Steindl-Rast und [...]<\/p><\/div><\/div><div class=\"fusion-meta-info\"><div class=\"fusion-alignleft\"><a class=\"fusion-read-more\" href=\"https:\/\/www.welten-verbinden.at\/start2018\/erfuelltes-leben-wenn-die-schale-ueberfliesst\/\">Weiterlesen<\/a><\/div><div class=\"fusion-alignright\"><span>Kommentare deaktiviert<span class=\"screen-reader-text\"> f\u00fcr Erf\u00fclltes Leben-wenn die Schale \u00fcberflie\u00dft<\/span><\/span><\/div><\/div><\/div><div class=\"fusion-clearfix\"><\/div><\/div>\n<\/article>\n<article id=\"blog-1-post-13093\" class=\"fusion-post-grid post-13093 post type-post status-publish format-standard has-post-thumbnail hentry category-demokratiebewegung category-gemeinwohl category-gemeinwohloekonomie category-wirtschaft category-zukunftswege tag-analyse tag-ausbeutung tag-cradle-to-cradle tag-globale-wirtschaft tag-soziale-ungerechtigkeit\">\n<div class=\"fusion-post-wrapper\" style=\"background-color:rgba(255,255,255,0);border:1px solid #ebeaea;border-bottom-width:3px;\">\n\n\t\t\t<div class=\"fusion-flexslider flexslider fusion-flexslider-loading fusion-post-slideshow\" style=\"border-color:#ebeaea;\">\n\t\t<ul class=\"slides\">\n\t\t\t\n\t\t\t\t\t\t\t\t\t\t\t\t\t\t<li>\n\n<div  class=\"fusion-image-wrapper\" aria-haspopup=\"true\">\n\t\n\t\n\t\t\n\t\t\t\t\t<img width=\"1434\" height=\"1024\" src=\"https:\/\/www.welten-verbinden.at\/wp-content\/uploads\/2019\/03\/C2C.jpg\" class=\"attachment-full size-full wp-post-image\" alt=\"\" loading=\"lazy\" srcset=\"https:\/\/www.welten-verbinden.at\/wp-content\/uploads\/2019\/03\/C2C-200x143.jpg 200w, https:\/\/www.welten-verbinden.at\/wp-content\/uploads\/2019\/03\/C2C-400x286.jpg 400w, https:\/\/www.welten-verbinden.at\/wp-content\/uploads\/2019\/03\/C2C-600x428.jpg 600w, https:\/\/www.welten-verbinden.at\/wp-content\/uploads\/2019\/03\/C2C-800x571.jpg 800w, https:\/\/www.welten-verbinden.at\/wp-content\/uploads\/2019\/03\/C2C-1200x857.jpg 1200w, https:\/\/www.welten-verbinden.at\/wp-content\/uploads\/2019\/03\/C2C.jpg 1434w\" sizes=\"(min-width: 2200px) 100vw, (min-width: 856px) 245px, (min-width: 784px) 327px, (min-width: 712px) 490px, (min-width: 640px) 712px, \" \/>\n\t\n\n\t\t<div class=\"fusion-rollover\">\n\t<div class=\"fusion-rollover-content\">\n\n\t\t\t\t\t\t\t\t\t\t\t\t\t\t<a class=\"fusion-rollover-link\" href=\"https:\/\/www.welten-verbinden.at\/start2018\/was-ist-cradle-to-cradle\/\">Was ist Cradle to Cradle?<\/a>\n\t\t\t\n\t\t\t\t\t\t\t\t\t\t\t\t\t\t\n\t\t\t\t\t\t\t\t\n\t\t\t\t\t\t\t\t\t\t\t\t\t<div class=\"fusion-rollover-sep\"><\/div>\n\t\t\t\t\n\t\t\t\t\t\t\t\t\t\t\t\t\t\t\t\t\t\t<a class=\"fusion-rollover-gallery\" href=\"https:\/\/www.welten-verbinden.at\/wp-content\/uploads\/2019\/03\/C2C.jpg\" data-id=\"13093\" data-rel=\"iLightbox[gallery]\" data-title=\"C2C\" data-caption=\"\">\n\t\t\t\t\t\tGalerie\t\t\t\t\t<\/a>\n\t\t\t\t\t\t\t\t\t\t\t\t\t\t\n\t\t\t\t\n\t\t\t\t\t\t\t\t\t\t\t\t<h4 class=\"fusion-rollover-title\">\n\t\t\t\t\t<a class=\"fusion-rollover-title-link\" href=\"https:\/\/www.welten-verbinden.at\/start2018\/was-ist-cradle-to-cradle\/\">\n\t\t\t\t\t\tWas ist Cradle to Cradle?\t\t\t\t\t<\/a>\n\t\t\t\t<\/h4>\n\t\t\t\n\t\t\t\t\t\t\t\t\t\t\t\t\t\t<div class=\"fusion-rollover-categories\"><a href=\"https:\/\/www.welten-verbinden.at\/start2018\/category\/demokratiebewegung\/\" rel=\"tag\">Demokratiebewegung<\/a>, <a href=\"https:\/\/www.welten-verbinden.at\/start2018\/category\/gemeinwohl\/\" rel=\"tag\">Gemeinwohl<\/a>, <a href=\"https:\/\/www.welten-verbinden.at\/start2018\/category\/gemeinwohl\/gemeinwohloekonomie\/\" rel=\"tag\">Gemeinwohl\u00f6konomie<\/a>, <a href=\"https:\/\/www.welten-verbinden.at\/start2018\/category\/zukunftswege\/wirtschaft\/\" rel=\"tag\">Wirtschaft<\/a>, <a href=\"https:\/\/www.welten-verbinden.at\/start2018\/category\/zukunftswege\/\" rel=\"tag\">Zukunftswege<\/a><\/div>\t\t\t\t\t\n\t\t\n\t\t\t\t<a class=\"fusion-link-wrapper\" href=\"https:\/\/www.welten-verbinden.at\/start2018\/was-ist-cradle-to-cradle\/\" aria-label=\"Was ist Cradle to Cradle?\"><\/a>\n\t<\/div>\n<\/div>\n\n\t\n<\/div>\n<\/li>\n\t\t\t\n\t\t\t\n\t\t\t\t\t\t\t\t\t\t\t\t\t\t\t\t\t\t\t\t\t\t\t\t\t\t\t\t\t\t\t\t\t\t\t\t\t\t\t\t\t\t\t\t\t\t\t\t\t\t\t\t\t\t\t\t\t\t\t\t\t\t\t\t\t\t\t\t<\/ul>\n\t<\/div>\n\t<div class=\"fusion-post-content-wrapper\" style=\"padding:30px 25px 20px 25px;\"><div class=\"fusion-post-content post-content\"><h2 class=\"blog-shortcode-post-title entry-title\"><a href=\"https:\/\/www.welten-verbinden.at\/start2018\/was-ist-cradle-to-cradle\/\">Was ist Cradle to Cradle?<\/a><\/h2><p class=\"fusion-single-line-meta\">By <span class=\"vcard\"><span class=\"fn\"><a href=\"https:\/\/www.welten-verbinden.at\/start2018\/author\/roland-jaritz\/\" title=\"Beitr\u00e4ge von Roland Jaritz\" rel=\"author\">Roland Jaritz<\/a><\/span><\/span><span class=\"fusion-inline-sep\">|<\/span><span class=\"updated\" style=\"display:none;\">2019-03-15T10:13:11+01:00<\/span><span>M\u00e4rz 15th, 2019<\/span><span class=\"fusion-inline-sep\">|<\/span>Kategorien: <a href=\"https:\/\/www.welten-verbinden.at\/start2018\/category\/demokratiebewegung\/\" rel=\"category tag\">Demokratiebewegung<\/a>, <a href=\"https:\/\/www.welten-verbinden.at\/start2018\/category\/gemeinwohl\/\" rel=\"category tag\">Gemeinwohl<\/a>, <a href=\"https:\/\/www.welten-verbinden.at\/start2018\/category\/gemeinwohl\/gemeinwohloekonomie\/\" rel=\"category tag\">Gemeinwohl\u00f6konomie<\/a>, <a href=\"https:\/\/www.welten-verbinden.at\/start2018\/category\/zukunftswege\/wirtschaft\/\" rel=\"category tag\">Wirtschaft<\/a>, <a href=\"https:\/\/www.welten-verbinden.at\/start2018\/category\/zukunftswege\/\" rel=\"category tag\">Zukunftswege<\/a><span class=\"fusion-inline-sep\">|<\/span><span class=\"meta-tags\">Schlagw\u00f6rter: <a href=\"https:\/\/www.welten-verbinden.at\/start2018\/tag\/analyse\/\" rel=\"tag\">Analyse<\/a>, <a href=\"https:\/\/www.welten-verbinden.at\/start2018\/tag\/ausbeutung\/\" rel=\"tag\">Ausbeutung<\/a>, <a href=\"https:\/\/www.welten-verbinden.at\/start2018\/tag\/cradle-to-cradle\/\" rel=\"tag\">Cradle to Cradle<\/a>, <a href=\"https:\/\/www.welten-verbinden.at\/start2018\/tag\/globale-wirtschaft\/\" rel=\"tag\">Globale Wirtschaft<\/a>, <a href=\"https:\/\/www.welten-verbinden.at\/start2018\/tag\/soziale-ungerechtigkeit\/\" rel=\"tag\">Soziale Ungerechtigkeit<\/a><\/span><span class=\"fusion-inline-sep\">|<\/span><\/p><div class=\"fusion-content-sep sep-double sep-solid\" style=\"border-color:#ebeaea;\"><\/div><div class=\"fusion-post-content-container\"><p>   Dieses Video ist ein Projekt der Freiberger [...]<\/p><\/div><\/div><div class=\"fusion-meta-info\"><div class=\"fusion-alignleft\"><a class=\"fusion-read-more\" href=\"https:\/\/www.welten-verbinden.at\/start2018\/was-ist-cradle-to-cradle\/\">Weiterlesen<\/a><\/div><div class=\"fusion-alignright\"><span>Kommentare deaktiviert<span class=\"screen-reader-text\"> f\u00fcr Was ist Cradle to Cradle?<\/span><\/span><\/div><\/div><\/div><div class=\"fusion-clearfix\"><\/div><\/div>\n<\/article>\n<article id=\"blog-1-post-13008\" class=\"fusion-post-grid post-13008 post type-post status-publish format-standard has-post-thumbnail hentry category-demokratiebewegung category-gemeinwohl category-gemeinwohloekonomie category-wirtschaft category-zukunftswege tag-analyse tag-ausbeutung tag-globale-wirtschaft tag-soziale-ungerechtigkeit\">\n<div class=\"fusion-post-wrapper\" style=\"background-color:rgba(255,255,255,0);border:1px solid #ebeaea;border-bottom-width:3px;\">\n\n\t\t\t<div class=\"fusion-flexslider flexslider fusion-flexslider-loading fusion-post-slideshow\" style=\"border-color:#ebeaea;\">\n\t\t<ul class=\"slides\">\n\t\t\t\n\t\t\t\t\t\t\t\t\t\t\t\t\t\t<li>\n\n<div  class=\"fusion-image-wrapper\" aria-haspopup=\"true\">\n\t\n\t\n\t\t\n\t\t\t\t\t<img width=\"1218\" height=\"1050\" src=\"https:\/\/www.welten-verbinden.at\/wp-content\/uploads\/2019\/03\/17Ziele.jpg\" class=\"attachment-full size-full wp-post-image\" alt=\"\" loading=\"lazy\" srcset=\"https:\/\/www.welten-verbinden.at\/wp-content\/uploads\/2019\/03\/17Ziele-200x172.jpg 200w, https:\/\/www.welten-verbinden.at\/wp-content\/uploads\/2019\/03\/17Ziele-400x345.jpg 400w, https:\/\/www.welten-verbinden.at\/wp-content\/uploads\/2019\/03\/17Ziele-600x517.jpg 600w, https:\/\/www.welten-verbinden.at\/wp-content\/uploads\/2019\/03\/17Ziele-800x690.jpg 800w, https:\/\/www.welten-verbinden.at\/wp-content\/uploads\/2019\/03\/17Ziele-1200x1034.jpg 1200w, https:\/\/www.welten-verbinden.at\/wp-content\/uploads\/2019\/03\/17Ziele.jpg 1218w\" sizes=\"(min-width: 2200px) 100vw, (min-width: 856px) 245px, (min-width: 784px) 327px, (min-width: 712px) 490px, (min-width: 640px) 712px, \" \/>\n\t\n\n\t\t<div class=\"fusion-rollover\">\n\t<div class=\"fusion-rollover-content\">\n\n\t\t\t\t\t\t\t\t\t\t\t\t\t\t<a class=\"fusion-rollover-link\" href=\"https:\/\/www.welten-verbinden.at\/start2018\/17-ziele-poetry-slam-halle-rita-apel\/\">#17 Ziele Poetry Slam Halle &#8211; Rita Apel<\/a>\n\t\t\t\n\t\t\t\t\t\t\t\t\t\t\t\t\t\t\n\t\t\t\t\t\t\t\t\n\t\t\t\t\t\t\t\t\t\t\t\t\t<div class=\"fusion-rollover-sep\"><\/div>\n\t\t\t\t\n\t\t\t\t\t\t\t\t\t\t\t\t\t\t\t\t\t\t<a class=\"fusion-rollover-gallery\" href=\"https:\/\/www.welten-verbinden.at\/wp-content\/uploads\/2019\/03\/17Ziele.jpg\" data-id=\"13008\" data-rel=\"iLightbox[gallery]\" data-title=\"#17Ziele\" data-caption=\"\">\n\t\t\t\t\t\tGalerie\t\t\t\t\t<\/a>\n\t\t\t\t\t\t\t\t\t\t\t\t\t\t\n\t\t\t\t\n\t\t\t\t\t\t\t\t\t\t\t\t<h4 class=\"fusion-rollover-title\">\n\t\t\t\t\t<a class=\"fusion-rollover-title-link\" href=\"https:\/\/www.welten-verbinden.at\/start2018\/17-ziele-poetry-slam-halle-rita-apel\/\">\n\t\t\t\t\t\t#17 Ziele Poetry Slam Halle &#8211; Rita Apel\t\t\t\t\t<\/a>\n\t\t\t\t<\/h4>\n\t\t\t\n\t\t\t\t\t\t\t\t\t\t\t\t\t\t<div class=\"fusion-rollover-categories\"><a href=\"https:\/\/www.welten-verbinden.at\/start2018\/category\/demokratiebewegung\/\" rel=\"tag\">Demokratiebewegung<\/a>, <a href=\"https:\/\/www.welten-verbinden.at\/start2018\/category\/gemeinwohl\/\" rel=\"tag\">Gemeinwohl<\/a>, <a href=\"https:\/\/www.welten-verbinden.at\/start2018\/category\/gemeinwohl\/gemeinwohloekonomie\/\" rel=\"tag\">Gemeinwohl\u00f6konomie<\/a>, <a href=\"https:\/\/www.welten-verbinden.at\/start2018\/category\/zukunftswege\/wirtschaft\/\" rel=\"tag\">Wirtschaft<\/a>, <a href=\"https:\/\/www.welten-verbinden.at\/start2018\/category\/zukunftswege\/\" rel=\"tag\">Zukunftswege<\/a><\/div>\t\t\t\t\t\n\t\t\n\t\t\t\t<a class=\"fusion-link-wrapper\" href=\"https:\/\/www.welten-verbinden.at\/start2018\/17-ziele-poetry-slam-halle-rita-apel\/\" aria-label=\"#17 Ziele Poetry Slam Halle &#8211; Rita Apel\"><\/a>\n\t<\/div>\n<\/div>\n\n\t\n<\/div>\n<\/li>\n\t\t\t\n\t\t\t\n\t\t\t\t\t\t\t\t\t\t\t\t\t\t\t\t\t\t\t\t\t\t\t\t\t\t\t\t\t\t\t\t\t\t\t\t\t\t\t\t\t\t\t\t\t\t\t\t\t\t\t\t\t\t\t\t\t\t\t\t\t\t\t\t\t\t\t\t<\/ul>\n\t<\/div>\n\t<div class=\"fusion-post-content-wrapper\" style=\"padding:30px 25px 20px 25px;\"><div class=\"fusion-post-content post-content\"><h2 class=\"blog-shortcode-post-title entry-title\"><a href=\"https:\/\/www.welten-verbinden.at\/start2018\/17-ziele-poetry-slam-halle-rita-apel\/\">#17 Ziele Poetry Slam Halle &#8211; Rita Apel<\/a><\/h2><p class=\"fusion-single-line-meta\">By <span class=\"vcard\"><span class=\"fn\"><a href=\"https:\/\/www.welten-verbinden.at\/start2018\/author\/roland-jaritz\/\" title=\"Beitr\u00e4ge von Roland Jaritz\" rel=\"author\">Roland Jaritz<\/a><\/span><\/span><span class=\"fusion-inline-sep\">|<\/span><span class=\"updated\" style=\"display:none;\">2019-03-15T09:53:11+01:00<\/span><span>M\u00e4rz 15th, 2019<\/span><span class=\"fusion-inline-sep\">|<\/span>Kategorien: <a href=\"https:\/\/www.welten-verbinden.at\/start2018\/category\/demokratiebewegung\/\" rel=\"category tag\">Demokratiebewegung<\/a>, <a href=\"https:\/\/www.welten-verbinden.at\/start2018\/category\/gemeinwohl\/\" rel=\"category tag\">Gemeinwohl<\/a>, <a href=\"https:\/\/www.welten-verbinden.at\/start2018\/category\/gemeinwohl\/gemeinwohloekonomie\/\" rel=\"category tag\">Gemeinwohl\u00f6konomie<\/a>, <a href=\"https:\/\/www.welten-verbinden.at\/start2018\/category\/zukunftswege\/wirtschaft\/\" rel=\"category tag\">Wirtschaft<\/a>, <a href=\"https:\/\/www.welten-verbinden.at\/start2018\/category\/zukunftswege\/\" rel=\"category tag\">Zukunftswege<\/a><span class=\"fusion-inline-sep\">|<\/span><span class=\"meta-tags\">Schlagw\u00f6rter: <a href=\"https:\/\/www.welten-verbinden.at\/start2018\/tag\/analyse\/\" rel=\"tag\">Analyse<\/a>, <a href=\"https:\/\/www.welten-verbinden.at\/start2018\/tag\/ausbeutung\/\" rel=\"tag\">Ausbeutung<\/a>, <a href=\"https:\/\/www.welten-verbinden.at\/start2018\/tag\/globale-wirtschaft\/\" rel=\"tag\">Globale Wirtschaft<\/a>, <a href=\"https:\/\/www.welten-verbinden.at\/start2018\/tag\/soziale-ungerechtigkeit\/\" rel=\"tag\">Soziale Ungerechtigkeit<\/a><\/span><span class=\"fusion-inline-sep\">|<\/span><\/p><div class=\"fusion-content-sep sep-double sep-solid\" style=\"border-color:#ebeaea;\"><\/div><div class=\"fusion-post-content-container\"><p>   Mit der Punchline f\u00fcr eine bessere Welt. [...]<\/p><\/div><\/div><div class=\"fusion-meta-info\"><div class=\"fusion-alignleft\"><a class=\"fusion-read-more\" href=\"https:\/\/www.welten-verbinden.at\/start2018\/17-ziele-poetry-slam-halle-rita-apel\/\">Weiterlesen<\/a><\/div><div class=\"fusion-alignright\"><span>Kommentare deaktiviert<span class=\"screen-reader-text\"> f\u00fcr #17 Ziele Poetry Slam Halle &#8211; Rita Apel<\/span><\/span><\/div><\/div><\/div><div class=\"fusion-clearfix\"><\/div><\/div>\n<\/article>\n<article id=\"blog-1-post-12981\" class=\"fusion-post-grid post-12981 post type-post status-publish format-standard has-post-thumbnail hentry category-buch-tipps category-gemeinwohl category-gemeinwohloekonomie category-tipps category-wirtschaft category-zukunftswege tag-analyse tag-ausbeutung tag-globale-wirtschaft tag-soziale-ungerechtigkeit\">\n<div class=\"fusion-post-wrapper\" style=\"background-color:rgba(255,255,255,0);border:1px solid #ebeaea;border-bottom-width:3px;\">\n\n\t\t\t<div class=\"fusion-flexslider flexslider fusion-flexslider-loading fusion-post-slideshow\" style=\"border-color:#ebeaea;\">\n\t\t<ul class=\"slides\">\n\t\t\t\n\t\t\t\t\t\t\t\t\t\t\t\t\t\t<li>\n\n<div  class=\"fusion-image-wrapper\" aria-haspopup=\"true\">\n\t\n\t\n\t\t\n\t\t\t\t\t<img width=\"245\" height=\"381\" src=\"https:\/\/www.welten-verbinden.at\/wp-content\/uploads\/2019\/01\/Neben-uns-die-Sintflut.jpg\" class=\"attachment-full size-full wp-post-image\" alt=\"\" loading=\"lazy\" srcset=\"https:\/\/www.welten-verbinden.at\/wp-content\/uploads\/2019\/01\/Neben-uns-die-Sintflut-200x311.jpg 200w, https:\/\/www.welten-verbinden.at\/wp-content\/uploads\/2019\/01\/Neben-uns-die-Sintflut.jpg 245w\" sizes=\"(min-width: 2200px) 100vw, (min-width: 856px) 245px, (min-width: 784px) 327px, (min-width: 712px) 490px, (min-width: 640px) 712px, \" \/>\n\t\n\n\t\t<div class=\"fusion-rollover\">\n\t<div class=\"fusion-rollover-content\">\n\n\t\t\t\t\t\t\t\t\t\t\t\t\t\t<a class=\"fusion-rollover-link\" href=\"https:\/\/www.welten-verbinden.at\/start2018\/neben-uns-die-sintflut\/\">Neben uns die Sintflut<\/a>\n\t\t\t\n\t\t\t\t\t\t\t\t\t\t\t\t\t\t\n\t\t\t\t\t\t\t\t\n\t\t\t\t\t\t\t\t\t\t\t\t\t<div class=\"fusion-rollover-sep\"><\/div>\n\t\t\t\t\n\t\t\t\t\t\t\t\t\t\t\t\t\t\t\t\t\t\t<a class=\"fusion-rollover-gallery\" href=\"https:\/\/www.welten-verbinden.at\/wp-content\/uploads\/2019\/01\/Neben-uns-die-Sintflut.jpg\" data-id=\"12981\" data-rel=\"iLightbox[gallery]\" data-title=\"Neben uns die Sintflut\" data-caption=\"\">\n\t\t\t\t\t\tGalerie\t\t\t\t\t<\/a>\n\t\t\t\t\t\t\t\t\t\t\t\t\t\t\n\t\t\t\t\n\t\t\t\t\t\t\t\t\t\t\t\t<h4 class=\"fusion-rollover-title\">\n\t\t\t\t\t<a class=\"fusion-rollover-title-link\" href=\"https:\/\/www.welten-verbinden.at\/start2018\/neben-uns-die-sintflut\/\">\n\t\t\t\t\t\tNeben uns die Sintflut\t\t\t\t\t<\/a>\n\t\t\t\t<\/h4>\n\t\t\t\n\t\t\t\t\t\t\t\t\t\t\t\t\t\t<div class=\"fusion-rollover-categories\"><a href=\"https:\/\/www.welten-verbinden.at\/start2018\/category\/tipps\/buch-tipps\/\" rel=\"tag\">Buch-Tipps<\/a>, <a href=\"https:\/\/www.welten-verbinden.at\/start2018\/category\/gemeinwohl\/\" rel=\"tag\">Gemeinwohl<\/a>, <a href=\"https:\/\/www.welten-verbinden.at\/start2018\/category\/gemeinwohl\/gemeinwohloekonomie\/\" rel=\"tag\">Gemeinwohl\u00f6konomie<\/a>, <a href=\"https:\/\/www.welten-verbinden.at\/start2018\/category\/tipps\/\" rel=\"tag\">Tipps<\/a>, <a href=\"https:\/\/www.welten-verbinden.at\/start2018\/category\/zukunftswege\/wirtschaft\/\" rel=\"tag\">Wirtschaft<\/a>, <a href=\"https:\/\/www.welten-verbinden.at\/start2018\/category\/zukunftswege\/\" rel=\"tag\">Zukunftswege<\/a><\/div>\t\t\t\t\t\n\t\t\n\t\t\t\t<a class=\"fusion-link-wrapper\" href=\"https:\/\/www.welten-verbinden.at\/start2018\/neben-uns-die-sintflut\/\" aria-label=\"Neben uns die Sintflut\"><\/a>\n\t<\/div>\n<\/div>\n\n\t\n<\/div>\n<\/li>\n\t\t\t\n\t\t\t\n\t\t\t\t\t\t\t\t\t\t\t\t\t\t\t\t\t\t\t\t\t\t\t\t\t\t\t\t\t\t\t\t\t\t\t\t\t\t\t\t\t\t\t\t\t\t\t\t\t\t\t\t\t\t\t\t\t\t\t\t\t\t\t\t\t\t\t\t<\/ul>\n\t<\/div>\n\t<div class=\"fusion-post-content-wrapper\" style=\"padding:30px 25px 20px 25px;\"><div class=\"fusion-post-content post-content\"><h2 class=\"blog-shortcode-post-title entry-title\"><a href=\"https:\/\/www.welten-verbinden.at\/start2018\/neben-uns-die-sintflut\/\">Neben uns die Sintflut<\/a><\/h2><p class=\"fusion-single-line-meta\">By <span class=\"vcard\"><span class=\"fn\"><a href=\"https:\/\/www.welten-verbinden.at\/start2018\/author\/roland-jaritz\/\" title=\"Beitr\u00e4ge von Roland Jaritz\" rel=\"author\">Roland Jaritz<\/a><\/span><\/span><span class=\"fusion-inline-sep\">|<\/span><span class=\"updated\" style=\"display:none;\">2019-01-18T21:50:34+01:00<\/span><span>Januar 18th, 2019<\/span><span class=\"fusion-inline-sep\">|<\/span>Kategorien: <a href=\"https:\/\/www.welten-verbinden.at\/start2018\/category\/tipps\/buch-tipps\/\" rel=\"category tag\">Buch-Tipps<\/a>, <a href=\"https:\/\/www.welten-verbinden.at\/start2018\/category\/gemeinwohl\/\" rel=\"category tag\">Gemeinwohl<\/a>, <a href=\"https:\/\/www.welten-verbinden.at\/start2018\/category\/gemeinwohl\/gemeinwohloekonomie\/\" rel=\"category tag\">Gemeinwohl\u00f6konomie<\/a>, <a href=\"https:\/\/www.welten-verbinden.at\/start2018\/category\/tipps\/\" rel=\"category tag\">Tipps<\/a>, <a href=\"https:\/\/www.welten-verbinden.at\/start2018\/category\/zukunftswege\/wirtschaft\/\" rel=\"category tag\">Wirtschaft<\/a>, <a href=\"https:\/\/www.welten-verbinden.at\/start2018\/category\/zukunftswege\/\" rel=\"category tag\">Zukunftswege<\/a><span class=\"fusion-inline-sep\">|<\/span><span class=\"meta-tags\">Schlagw\u00f6rter: <a href=\"https:\/\/www.welten-verbinden.at\/start2018\/tag\/analyse\/\" rel=\"tag\">Analyse<\/a>, <a href=\"https:\/\/www.welten-verbinden.at\/start2018\/tag\/ausbeutung\/\" rel=\"tag\">Ausbeutung<\/a>, <a href=\"https:\/\/www.welten-verbinden.at\/start2018\/tag\/globale-wirtschaft\/\" rel=\"tag\">Globale Wirtschaft<\/a>, <a href=\"https:\/\/www.welten-verbinden.at\/start2018\/tag\/soziale-ungerechtigkeit\/\" rel=\"tag\">Soziale Ungerechtigkeit<\/a><\/span><span class=\"fusion-inline-sep\">|<\/span><\/p><div class=\"fusion-content-sep sep-double sep-solid\" style=\"border-color:#ebeaea;\"><\/div><div class=\"fusion-post-content-container\"><p>  NEBEN UNS DIE SINTFLUT Wie wir auf Kosten [...]<\/p><\/div><\/div><div class=\"fusion-meta-info\"><div class=\"fusion-alignleft\"><a class=\"fusion-read-more\" href=\"https:\/\/www.welten-verbinden.at\/start2018\/neben-uns-die-sintflut\/\">Weiterlesen<\/a><\/div><div class=\"fusion-alignright\"><span>Kommentare deaktiviert<span class=\"screen-reader-text\"> f\u00fcr Neben uns die Sintflut<\/span><\/span><\/div><\/div><\/div><div class=\"fusion-clearfix\"><\/div><\/div>\n<\/article>\n<div class=\"fusion-clearfix\"><\/div><\/div><div class=\"pagination clearfix\"><span class=\"current\">1<\/span><a href=\"https:\/\/www.welten-verbinden.at\/start2018\/wp-json\/wp\/v2\/pages\/13107\/page\/2\/\" class=\"inactive\">2<\/a><a class=\"pagination-next\" rel=\"next\" href=\"https:\/\/www.welten-verbinden.at\/start2018\/wp-json\/wp\/v2\/pages\/13107\/page\/2\/\"><span class=\"page-text\">N\u00e4chstes<\/span><span class=\"page-next\"><\/span><\/a><\/div><div class=\"fusion-clearfix\"><\/div><\/div><div class=\"fusion-clearfix\"><\/div><\/div><\/div><\/div><\/div><\/p>\n","protected":false},"excerpt":{"rendered":"","protected":false},"author":4,"featured_media":0,"parent":11373,"menu_order":0,"comment_status":"closed","ping_status":"closed","template":"","meta":[],"yoast_head":"<!-- This site is optimized with the Yoast SEO plugin v14.8 - https:\/\/yoast.com\/wordpress\/plugins\/seo\/ -->\n<title>GW\u2013Plattformen, Links &amp; Tipps - welten-verbinden<\/title>\n<meta name=\"robots\" content=\"index, follow\" \/>\n<meta name=\"googlebot\" content=\"index, follow, max-snippet:-1, max-image-preview:large, max-video-preview:-1\" \/>\n<meta name=\"bingbot\" content=\"index, follow, max-snippet:-1, max-image-preview:large, max-video-preview:-1\" \/>\n<link rel=\"canonical\" href=\"https:\/\/www.welten-verbinden.at\/start2018\/gemeinwohl\/gw-plattformen-links-tipps\/\" \/>\n<meta property=\"og:locale\" content=\"de_DE\" \/>\n<meta property=\"og:type\" content=\"article\" \/>\n<meta property=\"og:title\" content=\"GW\u2013Plattformen, Links &amp; Tipps - welten-verbinden\" \/>\n<meta property=\"og:url\" content=\"https:\/\/www.welten-verbinden.at\/start2018\/gemeinwohl\/gw-plattformen-links-tipps\/\" \/>\n<meta property=\"og:site_name\" content=\"welten-verbinden\" \/>\n<meta property=\"article:modified_time\" content=\"2019-06-20T16:22:06+00:00\" \/>\n<meta name=\"twitter:card\" content=\"summary_large_image\" \/>\n<script type=\"application\/ld+json\" class=\"yoast-schema-graph\">{\"@context\":\"https:\/\/schema.org\",\"@graph\":[{\"@type\":\"WebSite\",\"@id\":\"https:\/\/www.welten-verbinden.at\/start2018\/#website\",\"url\":\"https:\/\/www.welten-verbinden.at\/start2018\/\",\"name\":\"welten-verbinden\",\"description\":\"\",\"potentialAction\":[{\"@type\":\"SearchAction\",\"target\":\"https:\/\/www.welten-verbinden.at\/start2018\/?s={search_term_string}\",\"query-input\":\"required name=search_term_string\"}],\"inLanguage\":\"de\"},{\"@type\":\"WebPage\",\"@id\":\"https:\/\/www.welten-verbinden.at\/start2018\/gemeinwohl\/gw-plattformen-links-tipps\/#webpage\",\"url\":\"https:\/\/www.welten-verbinden.at\/start2018\/gemeinwohl\/gw-plattformen-links-tipps\/\",\"name\":\"GW\\u2013Plattformen, Links & Tipps - welten-verbinden\",\"isPartOf\":{\"@id\":\"https:\/\/www.welten-verbinden.at\/start2018\/#website\"},\"datePublished\":\"2019-03-15T09:58:59+00:00\",\"dateModified\":\"2019-06-20T16:22:06+00:00\",\"inLanguage\":\"de\",\"potentialAction\":[{\"@type\":\"ReadAction\",\"target\":[\"https:\/\/www.welten-verbinden.at\/start2018\/gemeinwohl\/gw-plattformen-links-tipps\/\"]}]}]}<\/script>\n<!-- \/ Yoast SEO plugin. -->","_links":{"self":[{"href":"https:\/\/www.welten-verbinden.at\/start2018\/wp-json\/wp\/v2\/pages\/13107"}],"collection":[{"href":"https:\/\/www.welten-verbinden.at\/start2018\/wp-json\/wp\/v2\/pages"}],"about":[{"href":"https:\/\/www.welten-verbinden.at\/start2018\/wp-json\/wp\/v2\/types\/page"}],"author":[{"embeddable":true,"href":"https:\/\/www.welten-verbinden.at\/start2018\/wp-json\/wp\/v2\/users\/4"}],"replies":[{"embeddable":true,"href":"https:\/\/www.welten-verbinden.at\/start2018\/wp-json\/wp\/v2\/comments?post=13107"}],"version-history":[{"count":22,"href":"https:\/\/www.welten-verbinden.at\/start2018\/wp-json\/wp\/v2\/pages\/13107\/revisions"}],"predecessor-version":[{"id":13182,"href":"https:\/\/www.welten-verbinden.at\/start2018\/wp-json\/wp\/v2\/pages\/13107\/revisions\/13182"}],"up":[{"embeddable":true,"href":"https:\/\/www.welten-verbinden.at\/start2018\/wp-json\/wp\/v2\/pages\/11373"}],"wp:attachment":[{"href":"https:\/\/www.welten-verbinden.at\/start2018\/wp-json\/wp\/v2\/media?parent=13107"}],"curies":[{"name":"wp","href":"https:\/\/api.w.org\/{rel}","templated":true}]}}