{"id":11857,"date":"2018-03-26T12:00:17","date_gmt":"2018-03-26T10:00:17","guid":{"rendered":"https:\/\/neu.welten-verbinden.at\/?page_id=11857"},"modified":"2018-07-27T16:22:04","modified_gmt":"2018-07-27T14:22:04","slug":"demokratie-stammtische","status":"publish","type":"page","link":"https:\/\/www.welten-verbinden.at\/start2018\/demokratiebewegung\/demokratie-stammtische\/","title":{"rendered":"Demokratie-Stammtische"},"content":{"rendered":"<p><div class=\"fusion-fullwidth fullwidth-box fusion-builder-row-1 nonhundred-percent-fullwidth non-hundred-percent-height-scrolling\" style=\"background-color: #939393;background-position: center center;background-repeat: no-repeat;padding-top:15px;padding-right:0px;padding-bottom:0px;padding-left:0px;margin-bottom: 0px;margin-top: 0px;border-width: 0px 0px 0px 0px;border-color:#eae9e9;border-style:solid;\" ><div class=\"fusion-builder-row fusion-row\"><div class=\"fusion-layout-column fusion_builder_column fusion-builder-column-0 fusion_builder_column_1_1 1_1 fusion-one-full fusion-column-first fusion-column-last\" style=\"margin-top:0px;margin-bottom:20px;\"><div class=\"fusion-column-wrapper fusion-flex-column-wrapper-legacy\" style=\"background-position:left top;background-repeat:no-repeat;-webkit-background-size:cover;-moz-background-size:cover;-o-background-size:cover;background-size:cover;padding: 0px 0px 0px 0px;\"><div class=\"fusion-widget-area fusion-widget-area-1 fusion-content-widget-area\"><style type=\"text\/css\">.fusion-widget-area-1 {padding:0px 0px 0px 0px;}.fusion-widget-area-1 .widget h4 {color:#333333;}.fusion-widget-area-1 .widget .heading h4 {color:#333333;}<\/style><div id=\"menu-widget-4\" class=\"widget menu\"><style type=\"text\/css\">#menu-widget-4{text-align:center;}#fusion-menu-widget-4 li{display:inline-block;}#fusion-menu-widget-4 ul li a{display:inline-block;padding:0;border:0;color:#ccc;font-size:24px;}#fusion-menu-widget-4 ul li a:after{content:\"|\";color:#ccc;padding-right:25px;padding-left:25px;font-size:24px;}#fusion-menu-widget-4 ul li a:hover,#fusion-menu-widget-4 ul .menu-item.current-menu-item a{color:#fff;}#fusion-menu-widget-4 ul li:last-child a:after{display:none;}#fusion-menu-widget-4 ul li .fusion-widget-cart-number{margin:0 7px;background-color:#fff;color:#ccc;}#fusion-menu-widget-4 ul li.fusion-active-cart-icon .fusion-widget-cart-icon:after{color:#fff;}<\/style><nav id=\"fusion-menu-widget-4\" class=\"fusion-widget-menu\" aria-label=\"Secondary Navigation: \"><ul id=\"menu-submenu-demokratiebewegung\" class=\"menu\"><li id=\"menu-item-13218\" class=\"menu-item menu-item-type-post_type menu-item-object-page menu-item-13218\"><a href=\"https:\/\/www.welten-verbinden.at\/start2018\/demokratiebewegung\/alle-alternative-liste-lebenswerte-erde\/\">A.L.L.E.<\/a><\/li><li id=\"menu-item-11767\" class=\"menu-item menu-item-type-post_type menu-item-object-page menu-item-11767\"><a href=\"https:\/\/www.welten-verbinden.at\/start2018\/demokratiebewegung\/mehr-demokratie\/\">mehr demokratie<\/a><\/li><li id=\"menu-item-11856\" class=\"menu-item menu-item-type-post_type menu-item-object-page menu-item-11856\"><a href=\"https:\/\/www.welten-verbinden.at\/start2018\/demokratiebewegung\/aktiv-demokratie\/\">aktiv-demokratie<\/a><\/li><li id=\"menu-item-11820\" class=\"menu-item menu-item-type-post_type menu-item-object-page menu-item-11820\"><a href=\"https:\/\/www.welten-verbinden.at\/start2018\/demokratiebewegung\/demokratie21\/\">demokratie21<\/a><\/li><li id=\"menu-item-12959\" class=\"menu-item menu-item-type-post_type menu-item-object-page menu-item-12959\"><a href=\"https:\/\/www.welten-verbinden.at\/start2018\/demokratiebewegung\/gilt\/\">GILT<\/a><\/li><li id=\"menu-item-11768\" class=\"menu-item menu-item-type-post_type menu-item-object-page menu-item-11768\"><a href=\"https:\/\/www.welten-verbinden.at\/start2018\/demokratiebewegung\/verantwortung-erde\/\">Verantwortung Erde<\/a><\/li><li id=\"menu-item-11869\" class=\"menu-item menu-item-type-post_type menu-item-object-page menu-item-11869\"><a href=\"https:\/\/www.welten-verbinden.at\/start2018\/demokratiebewegung\/demokratie-stammtische\/\">Demokratie-Stammtische<\/a><\/li><li id=\"menu-item-11864\" class=\"menu-item menu-item-type-post_type menu-item-object-page menu-item-11864\"><a href=\"https:\/\/www.welten-verbinden.at\/start2018\/demokratiebewegung\/buergerinnen-beteiligung-konvente\/\">B\u00fcrger*innen Beteiligung &#038; Konvente<\/a><\/li><li id=\"menu-item-13354\" class=\"menu-item menu-item-type-post_type menu-item-object-page menu-item-13354\"><a href=\"https:\/\/www.welten-verbinden.at\/start2018\/demokratiebewegung\/bestes_oesterreich\/\">Bestes \u00d6sterreich<\/a><\/li><li id=\"menu-item-12640\" class=\"menu-item menu-item-type-post_type menu-item-object-page menu-item-12640\"><a href=\"https:\/\/www.welten-verbinden.at\/start2018\/demokratiebewegung\/volksbegehren\/\">Volksbegehren<\/a><\/li><\/ul><\/nav><\/div><div class=\"fusion-additional-widget-content\"><\/div><\/div><div class=\"fusion-clearfix\"><\/div><\/div><\/div><\/div><\/div><div class=\"fusion-fullwidth fullwidth-box fusion-builder-row-2 nonhundred-percent-fullwidth non-hundred-percent-height-scrolling\" style=\"background-color: #dbdbdb;background-position: center center;background-repeat: no-repeat;padding-top:15px;padding-right:15px;padding-bottom:15px;padding-left:15px;margin-bottom: 0px;margin-top: 0px;border-width: 0px 0px 0px 0px;border-color:#eae9e9;border-style:solid;\" ><div class=\"fusion-builder-row fusion-row\"><div class=\"fusion-layout-column fusion_builder_column fusion-builder-column-1 fusion_builder_column_3_5 3_5 fusion-three-fifth fusion-column-first\" style=\"width:58.4%; margin-right: 4%;margin-top:0px;margin-bottom:0px;\"><div class=\"fusion-column-wrapper fusion-flex-column-wrapper-legacy\" style=\"background-position:left top;background-repeat:no-repeat;-webkit-background-size:cover;-moz-background-size:cover;-o-background-size:cover;background-size:cover;background-color:rgba(214,214,214,0);padding: 0px 10px 10px 10px;\"><div class=\"fusion-text fusion-text-1\"><h1><b>Demokratie-Stammtische\u00a0<\/b><\/h1>\n<h2><b>starten in K\u00e4rnten!<\/b><\/h2>\n<h3><b>Dies ist ein Begegnungsraum, um:<\/b><\/h3>\n<ul>\n<li>sich \u00fcber Direkte Demokratie frei aus zu tauschen<\/li>\n<li>pro &amp; contra dazu zu beleuchten<\/li>\n<li>mehr \u00fcber die \u00f6sterreichische Szene der Demokratiebewegung und deren Modelle zu erfahren\/ informieren<\/li>\n<li>aktuelle Volksbegehren, Petitionen, Gesetzesentw\u00fcrfe, Kampagnen ins Bewusstsein zu bekommen,<\/li>\n<li>konkrete regionale Themen mittels neuen ernsthaften Methoden zu reflektieren \u2013 mit dem Ziel direkte Demokratie frei kennen zu lernen<\/li>\n<li>Weiters der Aufbau regionaler inhaltlicher Demokratie Salons\u00e0Themen der jeweils betreffenden Gemeinde\/ Stadt werden hier moderiert besprochen<\/li>\n<\/ul>\n<\/div><div class=\"fusion-image-frame-bottomshadow image-frame-shadow-1\"><style>.fusion-image-frame-bottomshadow.image-frame-shadow-1{display:inline-block}.element-bottomshadow.imageframe-1:before, .element-bottomshadow.imageframe-1:after{-webkit-box-shadow: 0 17px 10px rgba(0,0,0,0.4);box-shadow: 0 17px 10px rgba(0,0,0,0.4);}<\/style><span class=\" fusion-imageframe imageframe-bottomshadow imageframe-1 element-bottomshadow hover-type-none\"><img width=\"1472\" image_height=\"855\" image_id=\"12599\" title=\"Gruppenfoto_Aktiv-Demokratie\" src=\"https:\/\/www.welten-verbinden.at\/wp-content\/uploads\/2018\/07\/Gruppenfoto_Aktiv-Demokratie.jpg\" class=\"img-responsive wp-image-12599\" srcset=\"https:\/\/www.welten-verbinden.at\/wp-content\/uploads\/2018\/07\/Gruppenfoto_Aktiv-Demokratie-200x116.jpg 200w, https:\/\/www.welten-verbinden.at\/wp-content\/uploads\/2018\/07\/Gruppenfoto_Aktiv-Demokratie-400x232.jpg 400w, https:\/\/www.welten-verbinden.at\/wp-content\/uploads\/2018\/07\/Gruppenfoto_Aktiv-Demokratie-600x349.jpg 600w, https:\/\/www.welten-verbinden.at\/wp-content\/uploads\/2018\/07\/Gruppenfoto_Aktiv-Demokratie-800x465.jpg 800w, https:\/\/www.welten-verbinden.at\/wp-content\/uploads\/2018\/07\/Gruppenfoto_Aktiv-Demokratie-1200x697.jpg 1200w, https:\/\/www.welten-verbinden.at\/wp-content\/uploads\/2018\/07\/Gruppenfoto_Aktiv-Demokratie.jpg 1472w\" sizes=\"(max-width: 800px) 100vw, 800px\" \/><\/span><\/div><div class=\"fusion-clearfix\"><\/div><\/div><\/div><div class=\"fusion-layout-column fusion_builder_column fusion-builder-column-2 fusion_builder_column_2_5 2_5 fusion-two-fifth fusion-column-last\" style=\"width:37.6%;margin-top:0px;margin-bottom:20px;\"><div class=\"fusion-column-wrapper fusion-flex-column-wrapper-legacy\" style=\"background-position:left top;background-repeat:no-repeat;-webkit-background-size:cover;-moz-background-size:cover;-o-background-size:cover;background-size:cover;padding: 0px 0px 0px 0px;\"><div class=\"fusion-text fusion-text-2\"><h1>Alle mitdenkenden B\u00fcrger und B\u00fcrgerinnen herzlichst willkommen.<\/h1>\n<h3>Dieser moderierte Stammtisch findet einmal im Monat in Klagenfurt, Villach, Spittal, Wolfsberg etc. statt.<\/h3>\n<p>Geplant ist, dies dann in vielen weiteren Gemeinden K\u00e4rntens auf zu bauen. Wer daran interessiert ist, \u00a0it zu gestalten &#8211; Bitte einfach bei mir melden.<\/p>\n<p>Weiteres Ziel in naher Zukunft ist es, Demokratie Salons, wo aktuelle regionale inhaltliche Themen besprochen und mit neuen Entscheidungsmethoden zu Entscheidungen gebracht werden, zu gestalten. Die Ergebnisse sind dann als erster Schritt in den Gemeinderat ein zu bringen, als Sichtweise der B\u00fcrger*innen zum Thema dass gerade unter den N\u00e4geln brennt.<\/p>\n<h3><b>Aktuelle Orte:\u00a0<\/b><\/h3>\n<p><b><i>Klagenfurt<\/i><\/b><i> <\/i><i>&gt;\u00a0<\/i>Irish Pub &#8211; Molly Malone, Theatergasse 7<span class=\"Apple-converted-space\">\u00a0<\/span><\/p>\n<p><b><i>Villach<\/i><\/b><i> <\/i><i>&gt; <\/i>Cafe Stern, Hans Gasser Platz<\/p>\n<p><b><i>Spittal\/Drau<\/i><\/b><i> <\/i><i>&gt; <\/i>Br\u00fcckenwirt, A. d. Wirtschaftbr\u00fccke 2 (St\u00fcberl)<span class=\"Apple-converted-space\">\u00a0<\/span><\/p>\n<p><b><i>Wolfsberg<\/i><\/b><i> <\/i><i>&gt; <\/i>Cafe Aldershof, Bambergerstra\u00dfe 1<\/p>\n<p><b><i>P\u00f6rtschach<\/i><\/b><i> <\/i><i>&gt; <\/i>Innovationstreff See: Port, P\u00f6rtschach 204<\/p>\n<p><b><i>Feldkirchen<\/i><\/b><i> <\/i><i>&gt; <\/i>Kirchengasse 32, beim Permakultur- Treff<\/p>\n<p><b><i>St. Veit\/Glan<\/i><\/b><i> <\/i><i>&gt; <\/i>Steyrerhof, Klagenfurterstra\u00dfe 38<\/p>\n<p><b><i>Gm\u00fcnd<\/i><\/b><i><span class=\"Apple-converted-space\">\u00a0<\/span><\/i><i> &gt; <\/i>Adresse folgt<\/p>\n<p><b><i>\u2026weitere Orte folgen<\/i><\/b><i><span class=\"Apple-converted-space\">\u00a0<\/span><\/i><i> &gt;&gt;&gt;&gt;&gt;&gt;<\/i><\/p>\n<\/div><div class=\"fusion-clearfix\"><\/div><\/div><\/div><\/div><\/div><div class=\"fusion-fullwidth fullwidth-box fusion-builder-row-3 nonhundred-percent-fullwidth non-hundred-percent-height-scrolling\" style=\"background-color: #dbdbdb;background-position: center center;background-repeat: no-repeat;padding-top:15px;padding-right:15px;padding-bottom:15px;padding-left:15px;margin-bottom: 0px;margin-top: 25px;border-width: 0px 0px 0px 0px;border-color:#eae9e9;border-style:solid;\" ><div class=\"fusion-builder-row fusion-row\"><div class=\"fusion-layout-column fusion_builder_column fusion-builder-column-3 fusion_builder_column_1_1 1_1 fusion-one-full fusion-column-first fusion-column-last\" style=\"margin-top:0px;margin-bottom:20px;\"><div class=\"fusion-column-wrapper fusion-flex-column-wrapper-legacy\" style=\"background-position:left top;background-repeat:no-repeat;-webkit-background-size:cover;-moz-background-size:cover;-o-background-size:cover;background-size:cover;padding: 0px 0px 0px 0px;\"><div class=\"fusion-text fusion-text-3\"><h3>Veranstaltungskalender<\/h3>\n<\/div><div class=\"fusion-text fusion-text-4\"><!-- START All-in-One Event Calendar Plugin - Version 2.6.7 --> <div id=\"ai1ec-container\" class=\"ai1ec-main-container \"> <!-- AI1EC_PAGE_CONTENT_PLACEHOLDER --> <div id=\"ai1ec-calendar\" class=\"timely ai1ec-calendar\"> <div class=\"timely ai1ec-calendar-toolbar ai1ec-clearfix \"> <ul class=\"ai1ec-nav ai1ec-nav-pills ai1ec-pull-left ai1ec-filters\"> <li class=\"ai1ec-dropdown ai1ec-category-filter ai1ec-cat-filter \" data-slug=\"cat\"> <a class=\"ai1ec-dropdown-toggle\" data-toggle=\"ai1ec-dropdown\"> <i class=\"ai1ec-fa ai1ec-fa-folder-open\"><\/i> <span class=\"ai1ec-clear-filter ai1ec-tooltip-trigger\" data-href=\"https:\/\/www.welten-verbinden.at\/start2018\/kalender\/action~agenda\/request_format~json\/\" data-type=\"jsonp\" title=\"Kategorien-Filter l\u00f6schen\"> <i class=\"ai1ec-fa ai1ec-fa-times-circle\"><\/i> <\/span> Kategorien <span class=\"ai1ec-caret\"><\/span> <\/a> <div class=\"ai1ec-dropdown-menu\"> <div data-term=\"182\" > <a class=\"ai1ec-load-view ai1ec-category ai1ec-cat\" data-type=\"jsonp\" href=\"https:\/\/www.welten-verbinden.at\/start2018\/kalender\/action~agenda\/request_format~json\/cat_ids~182\/\"> <span class=\"ai1ec-color-swatch-empty\"><\/span> Demokratie-Konvente <\/a> <\/div> <div data-term=\"63\" > <a class=\"ai1ec-load-view ai1ec-category ai1ec-cat\" data-type=\"jsonp\" href=\"https:\/\/www.welten-verbinden.at\/start2018\/kalender\/action~agenda\/request_format~json\/cat_ids~63\/\"> <span class=\"ai1ec-color-swatch-empty\"><\/span> Demokratiestammtisch <\/a> <\/div> <div data-term=\"181\" > <a class=\"ai1ec-load-view ai1ec-category ai1ec-cat\" data-type=\"jsonp\" href=\"https:\/\/www.welten-verbinden.at\/start2018\/kalender\/action~agenda\/request_format~json\/cat_ids~181\/\"> <span class=\"ai1ec-color-swatch-empty\"><\/span> Lebenswerte Gemeinde <\/a> <\/div> <\/div> <\/li> <\/ul> <div class=\"ai1ec-pull-right\"> <\/div> <\/div> <div id=\"ai1ec-calendar-view-container\" class=\"ai1ec-calendar-view-container\"> <div id=\"ai1ec-calendar-view-loading\" class=\"ai1ec-loading ai1ec-calendar-view-loading\"><\/div> <div id=\"ai1ec-calendar-view\" class=\"ai1ec-calendar-view\"> <div class=\"ai1ec-clearfix\"> <div class=\"ai1ec-views-dropdown ai1ec-btn-group ai1ec-pull-right\"> <a class=\"ai1ec-btn ai1ec-btn-sm ai1ec-btn-default ai1ec-dropdown-toggle\" data-toggle=\"ai1ec-dropdown\"> <i class=\"ai1ec-icon-agenda ai1ec-view-icon\"><\/i> <span class=\"ai1ec-hidden-xs ai1ec-hidden-sm\"> Agenda <\/span> <span class=\"ai1ec-caret\"><\/span> <\/a> <div class=\"ai1ec-dropdown-menu\"> <div class=\"ai1ec-active\" data-action=\"agenda\"> <a id=\"ai1ec-view-agenda\" data-type=\"jsonp\" class=\"ai1ec-load-view agenda\" href=\"https:\/\/www.welten-verbinden.at\/start2018\/kalender\/action~agenda\/request_format~json\/\"> <i class=\"ai1ec-icon-agenda ai1ec-view-icon\"><\/i> <span class=\"ai1ec-hidden-xs ai1ec-hidden-sm\"> Agenda <\/span> <\/a> <\/div> <div class=\"\" data-action=\"oneday\"> <a id=\"ai1ec-view-oneday\" data-type=\"jsonp\" class=\"ai1ec-load-view oneday\" href=\"https:\/\/www.welten-verbinden.at\/start2018\/kalender\/action~oneday\/request_format~json\/\"> <i class=\"ai1ec-icon-oneday ai1ec-view-icon\"><\/i> <span class=\"ai1ec-hidden-xs ai1ec-hidden-sm\"> Tag <\/span> <\/a> <\/div> <div class=\"\" data-action=\"month\"> <a id=\"ai1ec-view-month\" data-type=\"jsonp\" class=\"ai1ec-load-view month\" href=\"https:\/\/www.welten-verbinden.at\/start2018\/kalender\/action~month\/request_format~json\/\"> <i class=\"ai1ec-icon-month ai1ec-view-icon\"><\/i> <span class=\"ai1ec-hidden-xs ai1ec-hidden-sm\"> Monat <\/span> <\/a> <\/div> <div class=\"\" data-action=\"week\"> <a id=\"ai1ec-view-week\" data-type=\"jsonp\" class=\"ai1ec-load-view week\" href=\"https:\/\/www.welten-verbinden.at\/start2018\/kalender\/action~week\/request_format~json\/\"> <i class=\"ai1ec-icon-week ai1ec-view-icon\"><\/i> <span class=\"ai1ec-hidden-xs ai1ec-hidden-sm\"> Woche <\/span> <\/a> <\/div> <\/div> <\/div> <div class=\"ai1ec-title-buttons ai1ec-btn-toolbar\"> <div class=\"ai1ec-pagination ai1ec-btn-group\"> <a class=\"ai1ec-prev-page ai1ec-load-view ai1ec-btn ai1ec-btn-sm ai1ec-btn-default \" data-type=\"jsonp\" href=\"https&#x3A;&#x2F;&#x2F;www.welten-verbinden.at&#x2F;start2018&#x2F;kalender&#x2F;action&#x7E;agenda&#x2F;page_offset&#x7E;-1&#x2F;request_format&#x7E;json&#x2F;\"> <i class=\"ai1ec-fa ai1ec-fa-chevron-left\"><\/i> <\/a> <a class=\"ai1ec-minical-trigger ai1ec-btn ai1ec-btn-sm ai1ec-btn-default ai1ec-tooltip-trigger\" data-date=\"2\/5\/2026\" data-date-format=\"d\/m\/yyyy\" data-date-weekstart=\"1\" href=\"#\" data-href=\"https:\/\/www.welten-verbinden.at\/start2018\/kalender\/action~agenda\/exact_date~__DATE__\/\" data-lang=\"de-DE\" data-type=\"jsonp\" title=\"Ein Datum im Kalender ausw\u00e4hlen\" > <i class=\"ai1ec-fa ai1ec-fa-calendar-o ai1ec-fa-fw ai1ec-fa-lg\"><\/i> <span class=\"ai1ec-calendar-title\">Mai 2026<\/span> <span class=\"ai1ec-calendar-title-short\">Mai 2026<\/span> <\/a> <a class=\"ai1ec-next-page ai1ec-load-view ai1ec-btn ai1ec-btn-sm ai1ec-btn-default ai1ec-disabled\" data-type=\"jsonp\" href=\"https&#x3A;&#x2F;&#x2F;www.welten-verbinden.at&#x2F;start2018&#x2F;kalender&#x2F;action&#x7E;agenda&#x2F;page_offset&#x7E;1&#x2F;request_format&#x7E;json&#x2F;\"> <i class=\"ai1ec-fa ai1ec-fa-chevron-right\"><\/i> <\/a> <\/div> <\/div> <\/div> <div class=\"ai1ec-agenda-view\"> <p class=\"ai1ec-no-results\"> Zurzeit gibt es keine bevorstehenden Veranstaltungen. <\/p> <\/div> <div class=\"ai1ec-pull-left\"><div class=\"ai1ec-pagination ai1ec-btn-group\"> <a class=\"ai1ec-prev-page ai1ec-load-view ai1ec-btn ai1ec-btn-sm ai1ec-btn-default \" data-type=\"jsonp\" href=\"https&#x3A;&#x2F;&#x2F;www.welten-verbinden.at&#x2F;start2018&#x2F;kalender&#x2F;action&#x7E;agenda&#x2F;page_offset&#x7E;-1&#x2F;request_format&#x7E;json&#x2F;\"> <i class=\"ai1ec-fa ai1ec-fa-chevron-left\"><\/i> <\/a> <a class=\"ai1ec-minical-trigger ai1ec-btn ai1ec-btn-sm ai1ec-btn-default ai1ec-tooltip-trigger\" data-date=\"2\/5\/2026\" data-date-format=\"d\/m\/yyyy\" data-date-weekstart=\"1\" href=\"#\" data-href=\"https:\/\/www.welten-verbinden.at\/start2018\/kalender\/action~agenda\/exact_date~__DATE__\/\" data-lang=\"de-DE\" data-type=\"jsonp\" title=\"Ein Datum im Kalender ausw\u00e4hlen\" > <i class=\"ai1ec-fa ai1ec-fa-calendar-o ai1ec-fa-fw ai1ec-fa-lg\"><\/i> <span class=\"ai1ec-calendar-title\">Mai 2026<\/span> <span class=\"ai1ec-calendar-title-short\">Mai 2026<\/span> <\/a> <a class=\"ai1ec-next-page ai1ec-load-view ai1ec-btn ai1ec-btn-sm ai1ec-btn-default ai1ec-disabled\" data-type=\"jsonp\" href=\"https&#x3A;&#x2F;&#x2F;www.welten-verbinden.at&#x2F;start2018&#x2F;kalender&#x2F;action&#x7E;agenda&#x2F;page_offset&#x7E;1&#x2F;request_format&#x7E;json&#x2F;\"> <i class=\"ai1ec-fa ai1ec-fa-chevron-right\"><\/i> <\/a> <\/div> <\/div> <\/div> <\/div> <div class=\"ai1ec-subscribe-container ai1ec-pull-right ai1ec-btn-group\"> <div class=\"ai1ec-subscribe-dropdown ai1ec-dropdown ai1ec-dropup ai1ec-btn ai1ec-btn-default ai1ec-btn-sm\"> <span role=\"button\" class=\"ai1ec-dropdown-toggle ai1ec-subscribe\" data-toggle=\"ai1ec-dropdown\"> <i class=\"ai1ec-fa ai1ec-icon-rss ai1ec-fa-lg ai1ec-fa-fw\"><\/i> <span class=\"ai1ec-hidden-xs\"> Abonnieren <span class=\"ai1ec-caret\"><\/span> <\/span> <\/span> <ul class=\"ai1ec-dropdown-menu ai1ec-pull-right\" role=\"menu\"> <li> <a class=\"ai1ec-tooltip-trigger ai1ec-tooltip-auto\" target=\"_blank\" data-placement=\"left\" title=\"Kopiere diese URL f\u00fcr deinen eigenen Timely-Kalender, oder klicke darauf, um ihn deinem Rich-Text-Kalender hinzuzuf\u00fcgen.\" href=\"http&#x3A;&#x2F;&#x2F;www.welten-verbinden.at&#x2F;start2018&#x2F;&#x3F;plugin&#x3D;all-in-one-event-calendar&amp;controller&#x3D;ai1ec_exporter_controller&amp;action&#x3D;export_events&amp;lang&#x3D;de\"> <i class=\"ai1ec-fa ai1ec-fa-lg ai1ec-fa-fw ai1ec-icon-timely\"><\/i> Zu Timely-Kalender hinzuf\u00fcgen <\/a> <\/li> <li> <a class=\"ai1ec-tooltip-trigger ai1ec-tooltip-auto\" target=\"_blank\" data-placement=\"left\" title=\"Diesen Kalender im eigenen Google Kalender abonnieren\" href=\"https:\/\/www.google.com\/calendar\/render?cid=http&#x25;3A&#x25;2F&#x25;2Fwww.welten-verbinden.at&#x25;2Fstart2018&#x25;2F&#x25;3Fplugin&#x25;3Dall-in-one-event-calendar&#x25;26controller&#x25;3Dai1ec_exporter_controller&#x25;26action&#x25;3Dexport_events&#x25;26no_html&#x25;3Dtrue&#x25;26lang&#x25;3Dde&#x25;26&#x25;26\"> <i class=\"ai1ec-fa ai1ec-icon-google ai1ec-fa-lg ai1ec-fa-fw\"><\/i> Zu Google hinzuf\u00fcgen <\/a> <\/li> <li> <a class=\"ai1ec-tooltip-trigger ai1ec-tooltip-auto\" target=\"_blank\" data-placement=\"left\" title=\"Diesen Kalender in MS Outlook abonnieren\" href=\"webcal&#x3A;&#x2F;&#x2F;www.welten-verbinden.at&#x2F;start2018&#x2F;&#x3F;plugin&#x3D;all-in-one-event-calendar&amp;controller&#x3D;ai1ec_exporter_controller&amp;action&#x3D;export_events&amp;no_html&#x3D;true&amp;lang&#x3D;de\"> <i class=\"ai1ec-fa ai1ec-icon-windows ai1ec-fa-lg ai1ec-fa-fw\"><\/i> Zu Outlook hinzuf\u00fcgen <\/a> <\/li> <li> <a class=\"ai1ec-tooltip-trigger ai1ec-tooltip-auto\" target=\"_blank\" data-placement=\"left\" title=\"Diesen Kalender im Apple-Kalender\/iCal abonnieren\" href=\"webcal&#x3A;&#x2F;&#x2F;www.welten-verbinden.at&#x2F;start2018&#x2F;&#x3F;plugin&#x3D;all-in-one-event-calendar&amp;controller&#x3D;ai1ec_exporter_controller&amp;action&#x3D;export_events&amp;no_html&#x3D;true&amp;lang&#x3D;de\"> <i class=\"ai1ec-fa ai1ec-icon-apple ai1ec-fa-lg ai1ec-fa-fw\"><\/i> Zu Apple-Kalender hinzuf\u00fcgen <\/a> <\/li> <li> <a class=\"ai1ec-tooltip-trigger ai1ec-tooltip-auto\" data-placement=\"left\" title=\"Diesen Kalender in einem anderen Nur-Text-Kalender abonnieren\" href=\"http&#x3A;&#x2F;&#x2F;www.welten-verbinden.at&#x2F;start2018&#x2F;&#x3F;plugin&#x3D;all-in-one-event-calendar&amp;controller&#x3D;ai1ec_exporter_controller&amp;action&#x3D;export_events&amp;no_html&#x3D;true&amp;lang&#x3D;de\"> <i class=\"ai1ec-fa ai1ec-icon-calendar ai1ec-fa-fw\"><\/i> Einem anderen Kalender hinzuf\u00fcgen <\/a> <\/li> <li> <a class=\"ai1ec-tooltip-trigger ai1ec-tooltip-auto\" data-placement=\"left\" title=\"\" href=\"http&#x3A;&#x2F;&#x2F;www.welten-verbinden.at&#x2F;start2018&#x2F;&#x3F;plugin&#x3D;all-in-one-event-calendar&amp;controller&#x3D;ai1ec_exporter_controller&amp;action&#x3D;export_events&amp;lang&#x3D;de&xml=true\"> <i class=\"ai1ec-fa ai1ec-fa-file-text ai1ec-fa-lg ai1ec-fa-fw\"><\/i> Als XML exportieren <\/a> <\/li> <\/ul> <\/div> <\/div> <\/div><!-- \/.timely --> <\/div> <!-- END All-in-One Event Calendar Plugin --> \n<\/div><div class=\"fusion-sep-clear\"><\/div><div class=\"fusion-separator fusion-full-width-sep\" style=\"margin-left: auto;margin-right: auto;margin-top:25px;width:100%;\"><div class=\"fusion-separator-border sep-single sep-solid\" style=\"border-color:#f2f2f2;border-top-width:1px;\"><\/div><\/div><div class=\"fusion-sep-clear\"><\/div><style type='text\/css'>.reading-box-container-1 .element-bottomshadow:before,.reading-box-container-1 .element-bottomshadow:after{opacity:0.7;}<\/style><div class=\"fusion-reading-box-container reading-box-container-1\" style=\"margin-top:0px;margin-bottom:84px;\"><div class=\"reading-box element-bottomshadow\" style=\"background-color:#f6f6f6;border-width:1px;border-color:#f6f6f6;border-left-width:3px;border-left-color:var(--primary_color);border-style:solid;\"><div class=\"fusion-reading-box-flex\"><h2>News und Beitr\u00e4ge | Demokratiestammtische<\/h2><\/div><\/div><\/div><div class=\"fusion-clearfix\"><\/div><\/div><\/div><div class=\"fusion-layout-column fusion_builder_column fusion-builder-column-4 fusion_builder_column_1_1 1_1 fusion-one-full fusion-column-first fusion-column-last\" style=\"margin-top:0px;margin-bottom:20px;\"><div class=\"fusion-column-wrapper fusion-flex-column-wrapper-legacy\" style=\"background-position:left top;background-repeat:no-repeat;-webkit-background-size:cover;-moz-background-size:cover;-o-background-size:cover;background-size:cover;padding: 0px 0px 0px 0px;\"><div class=\"fusion-blog-shortcode fusion-blog-shortcode-1 fusion-blog-archive fusion-blog-layout-grid-wrapper fusion-blog-pagination\"><style type=\"text\/css\">.fusion-blog-shortcode-1 .fusion-blog-layout-grid .fusion-post-grid{padding:20px;}.fusion-blog-shortcode-1 .fusion-posts-container{margin-left: -20px !important; margin-right:-20px !important;}<\/style><div class=\"fusion-posts-container fusion-posts-container-pagination fusion-blog-rollover fusion-blog-layout-grid fusion-blog-layout-grid-4 isotope\" data-pages=\"1\" data-grid-col-space=\"40\" style=\"margin: -20px -20px 0;min-height:500px;\"><article id=\"blog-1-post-11841\" class=\"fusion-post-grid post-11841 post type-post status-publish format-standard hentry category-demokratiebewegung category-demokratiestammtische category-oesterreich-entscheidet\">\n<div class=\"fusion-post-wrapper\" style=\"background-color:rgba(255,255,255,0);border:1px solid #ebeaea;border-bottom-width:3px;\">\n\n<div class=\"fusion-post-content-wrapper\" style=\"padding:30px 25px 20px 25px;\"><div class=\"fusion-post-content post-content\"><h2 class=\"blog-shortcode-post-title entry-title\"><a href=\"https:\/\/www.welten-verbinden.at\/start2018\/oeffentlicher-brief-direkte-demokratie\/\">\u00d6ffentlicher Brief: Direkte Demokratie<\/a><\/h2><p class=\"fusion-single-line-meta\">By <span class=\"vcard\"><span class=\"fn\"><a href=\"https:\/\/www.welten-verbinden.at\/start2018\/author\/roland-jaritz\/\" title=\"Beitr\u00e4ge von Roland Jaritz\" rel=\"author\">Roland Jaritz<\/a><\/span><\/span><span class=\"fusion-inline-sep\">|<\/span><span class=\"updated\" style=\"display:none;\">2018-03-26T12:04:37+02:00<\/span><span>M\u00e4rz 26th, 2018<\/span><span class=\"fusion-inline-sep\">|<\/span>Kategorien: <a href=\"https:\/\/www.welten-verbinden.at\/start2018\/category\/demokratiebewegung\/\" rel=\"category tag\">Demokratiebewegung<\/a>, <a href=\"https:\/\/www.welten-verbinden.at\/start2018\/category\/demokratiebewegung\/demokratiestammtische\/\" rel=\"category tag\">Demokratiestammtische<\/a>, <a href=\"https:\/\/www.welten-verbinden.at\/start2018\/category\/demokratiebewegung\/oesterreich-entscheidet\/\" rel=\"category tag\">\u00d6sterreich entscheidet<\/a><span class=\"fusion-inline-sep\">|<\/span><\/p><div class=\"fusion-content-sep sep-double sep-solid\" style=\"border-color:#ebeaea;\"><\/div><div class=\"fusion-post-content-container\"><p> \u00d6ffentlicher Brief von Hoffnungsvollen B\u00fcrger*innen! Liebe K\u00e4rntner B\u00fcrgerinnen! Liebe [...]<\/p><\/div><\/div><div class=\"fusion-meta-info\"><div class=\"fusion-alignleft\"><a class=\"fusion-read-more\" href=\"https:\/\/www.welten-verbinden.at\/start2018\/oeffentlicher-brief-direkte-demokratie\/\">Weiterlesen<\/a><\/div><div class=\"fusion-alignright\"><span>Kommentare deaktiviert<span class=\"screen-reader-text\"> f\u00fcr \u00d6ffentlicher Brief: Direkte Demokratie<\/span><\/span><\/div><\/div><\/div><div class=\"fusion-clearfix\"><\/div><\/div>\n<\/article>\n<article id=\"blog-1-post-11803\" class=\"fusion-post-grid post-11803 post type-post status-publish format-standard has-post-thumbnail hentry category-schwarzer-humor category-aktiv-demokratie category-analyse category-demokratiebewegung category-demokratiestammtische category-film-tipps category-loesungsansatz-film-tipp category-mehr-demokratie category-oesterreich-entscheidet category-tipps category-verantwortung-erde\">\n<div class=\"fusion-post-wrapper\" style=\"background-color:rgba(255,255,255,0);border:1px solid #ebeaea;border-bottom-width:3px;\">\n\n\t\t\t<div class=\"fusion-flexslider flexslider fusion-flexslider-loading fusion-post-slideshow\" style=\"border-color:#ebeaea;\">\n\t\t<ul class=\"slides\">\n\t\t\t\n\t\t\t\t\t\t\t\t\t\t\t\t\t\t<li>\n\n<div  class=\"fusion-image-wrapper\" aria-haspopup=\"true\">\n\t\n\t\n\t\t\n\t\t\t\t\t<img width=\"768\" height=\"432\" src=\"https:\/\/www.welten-verbinden.at\/wp-content\/uploads\/2018\/03\/die-anstalt-politsatire-mit-max-100768x432.jpg\" class=\"attachment-full size-full wp-post-image\" alt=\"\" loading=\"lazy\" srcset=\"https:\/\/www.welten-verbinden.at\/wp-content\/uploads\/2018\/03\/die-anstalt-politsatire-mit-max-100768x432-200x113.jpg 200w, https:\/\/www.welten-verbinden.at\/wp-content\/uploads\/2018\/03\/die-anstalt-politsatire-mit-max-100768x432-400x225.jpg 400w, https:\/\/www.welten-verbinden.at\/wp-content\/uploads\/2018\/03\/die-anstalt-politsatire-mit-max-100768x432-600x338.jpg 600w\" sizes=\"(min-width: 2200px) 100vw, (min-width: 856px) 245px, (min-width: 784px) 327px, (min-width: 712px) 490px, (min-width: 640px) 712px, \" \/>\n\t\n\n\t\t<div class=\"fusion-rollover\">\n\t<div class=\"fusion-rollover-content\">\n\n\t\t\t\t\t\t\t\t\t\t\t\t\t\t<a class=\"fusion-rollover-link\" href=\"https:\/\/www.welten-verbinden.at\/start2018\/demokratie-in-gefahr-politsatire-die-anstalt-vom-04-04-2017\/\">&#8220;Demokratie in Gefahr&#8221; \u2013 Politsatire &#8220;Die Anstalt&#8221; vom 04.04.2017<\/a>\n\t\t\t\n\t\t\t\t\t\t\t\t\t\t\t\t\t\t\n\t\t\t\t\t\t\t\t\n\t\t\t\t\t\t\t\t\t\t\t\t\t<div class=\"fusion-rollover-sep\"><\/div>\n\t\t\t\t\n\t\t\t\t\t\t\t\t\t\t\t\t\t\t\t\t\t\t<a class=\"fusion-rollover-gallery\" href=\"https:\/\/www.welten-verbinden.at\/wp-content\/uploads\/2018\/03\/die-anstalt-politsatire-mit-max-100768x432.jpg\" data-id=\"11803\" data-rel=\"iLightbox[gallery]\" data-title=\"die-anstalt-politsatire-mit-max-100~768x432\" data-caption=\"\">\n\t\t\t\t\t\tGalerie\t\t\t\t\t<\/a>\n\t\t\t\t\t\t\t\t\t\t\t\t\t\t\n\t\t\t\t\n\t\t\t\t\t\t\t\t\t\t\t\t<h4 class=\"fusion-rollover-title\">\n\t\t\t\t\t<a class=\"fusion-rollover-title-link\" href=\"https:\/\/www.welten-verbinden.at\/start2018\/demokratie-in-gefahr-politsatire-die-anstalt-vom-04-04-2017\/\">\n\t\t\t\t\t\t&#8220;Demokratie in Gefahr&#8221; \u2013 Politsatire &#8220;Die Anstalt&#8221; vom 04.04.2017\t\t\t\t\t<\/a>\n\t\t\t\t<\/h4>\n\t\t\t\n\t\t\t\t\t\t\t\t\t\t\t\t\t\t<div class=\"fusion-rollover-categories\"><a href=\"https:\/\/www.welten-verbinden.at\/start2018\/category\/tipps\/film-tipps\/schwarzer-humor\/\" rel=\"tag\">(Schwarzer) Humor<\/a>, <a href=\"https:\/\/www.welten-verbinden.at\/start2018\/category\/demokratiebewegung\/aktiv-demokratie\/\" rel=\"tag\">aktiv-demokratie<\/a>, <a href=\"https:\/\/www.welten-verbinden.at\/start2018\/category\/tipps\/film-tipps\/analyse\/\" rel=\"tag\">Analyse<\/a>, <a href=\"https:\/\/www.welten-verbinden.at\/start2018\/category\/demokratiebewegung\/\" rel=\"tag\">Demokratiebewegung<\/a>, <a href=\"https:\/\/www.welten-verbinden.at\/start2018\/category\/demokratiebewegung\/demokratiestammtische\/\" rel=\"tag\">Demokratiestammtische<\/a>, <a href=\"https:\/\/www.welten-verbinden.at\/start2018\/category\/tipps\/film-tipps\/\" rel=\"tag\">Film-Tipps<\/a>, <a href=\"https:\/\/www.welten-verbinden.at\/start2018\/category\/tipps\/film-tipps\/loesungsansatz-film-tipp\/\" rel=\"tag\">L\u00f6sungsansatz<\/a>, <a href=\"https:\/\/www.welten-verbinden.at\/start2018\/category\/demokratiebewegung\/mehr-demokratie\/\" rel=\"tag\">mehr demokratie<\/a>, <a href=\"https:\/\/www.welten-verbinden.at\/start2018\/category\/demokratiebewegung\/oesterreich-entscheidet\/\" rel=\"tag\">\u00d6sterreich entscheidet<\/a>, <a href=\"https:\/\/www.welten-verbinden.at\/start2018\/category\/tipps\/\" rel=\"tag\">Tipps<\/a>, <a href=\"https:\/\/www.welten-verbinden.at\/start2018\/category\/demokratiebewegung\/verantwortung-erde\/\" rel=\"tag\">Verantwortung Erde<\/a><\/div>\t\t\t\t\t\n\t\t\n\t\t\t\t<a class=\"fusion-link-wrapper\" href=\"https:\/\/www.welten-verbinden.at\/start2018\/demokratie-in-gefahr-politsatire-die-anstalt-vom-04-04-2017\/\" aria-label=\"&#8220;Demokratie in Gefahr&#8221; \u2013 Politsatire &#8220;Die Anstalt&#8221; vom 04.04.2017\"><\/a>\n\t<\/div>\n<\/div>\n\n\t\n<\/div>\n<\/li>\n\t\t\t\n\t\t\t\n\t\t\t\t\t\t\t\t\t\t\t\t\t\t\t\t\t\t\t\t\t\t\t\t\t\t\t\t\t\t\t\t\t\t\t\t\t\t\t\t\t\t\t\t\t\t\t\t\t\t\t\t\t\t\t\t\t\t\t\t\t\t\t\t\t\t\t\t<\/ul>\n\t<\/div>\n\t<div class=\"fusion-post-content-wrapper\" style=\"padding:30px 25px 20px 25px;\"><div class=\"fusion-post-content post-content\"><h2 class=\"blog-shortcode-post-title entry-title\"><a href=\"https:\/\/www.welten-verbinden.at\/start2018\/demokratie-in-gefahr-politsatire-die-anstalt-vom-04-04-2017\/\">&#8220;Demokratie in Gefahr&#8221; \u2013 Politsatire &#8220;Die Anstalt&#8221; vom 04.04.2017<\/a><\/h2><p class=\"fusion-single-line-meta\">By <span class=\"vcard\"><span class=\"fn\"><a href=\"https:\/\/www.welten-verbinden.at\/start2018\/author\/roland-jaritz\/\" title=\"Beitr\u00e4ge von Roland Jaritz\" rel=\"author\">Roland Jaritz<\/a><\/span><\/span><span class=\"fusion-inline-sep\">|<\/span><span class=\"updated\" style=\"display:none;\">2018-03-29T16:13:47+02:00<\/span><span>M\u00e4rz 26th, 2018<\/span><span class=\"fusion-inline-sep\">|<\/span>Kategorien: <a href=\"https:\/\/www.welten-verbinden.at\/start2018\/category\/tipps\/film-tipps\/schwarzer-humor\/\" rel=\"category tag\">(Schwarzer) Humor<\/a>, <a href=\"https:\/\/www.welten-verbinden.at\/start2018\/category\/demokratiebewegung\/aktiv-demokratie\/\" rel=\"category tag\">aktiv-demokratie<\/a>, <a href=\"https:\/\/www.welten-verbinden.at\/start2018\/category\/tipps\/film-tipps\/analyse\/\" rel=\"category tag\">Analyse<\/a>, <a href=\"https:\/\/www.welten-verbinden.at\/start2018\/category\/demokratiebewegung\/\" rel=\"category tag\">Demokratiebewegung<\/a>, <a href=\"https:\/\/www.welten-verbinden.at\/start2018\/category\/demokratiebewegung\/demokratiestammtische\/\" rel=\"category tag\">Demokratiestammtische<\/a>, <a href=\"https:\/\/www.welten-verbinden.at\/start2018\/category\/tipps\/film-tipps\/\" rel=\"category tag\">Film-Tipps<\/a>, <a href=\"https:\/\/www.welten-verbinden.at\/start2018\/category\/tipps\/film-tipps\/loesungsansatz-film-tipp\/\" rel=\"category tag\">L\u00f6sungsansatz<\/a>, <a href=\"https:\/\/www.welten-verbinden.at\/start2018\/category\/demokratiebewegung\/mehr-demokratie\/\" rel=\"category tag\">mehr demokratie<\/a>, <a href=\"https:\/\/www.welten-verbinden.at\/start2018\/category\/demokratiebewegung\/oesterreich-entscheidet\/\" rel=\"category tag\">\u00d6sterreich entscheidet<\/a>, <a href=\"https:\/\/www.welten-verbinden.at\/start2018\/category\/tipps\/\" rel=\"category tag\">Tipps<\/a>, <a href=\"https:\/\/www.welten-verbinden.at\/start2018\/category\/demokratiebewegung\/verantwortung-erde\/\" rel=\"category tag\">Verantwortung Erde<\/a><span class=\"fusion-inline-sep\">|<\/span><\/p><div class=\"fusion-content-sep sep-double sep-solid\" style=\"border-color:#ebeaea;\"><\/div><div class=\"fusion-post-content-container\"><p>   ZDF: Die Anstalt vom 4. April 2017 [...]<\/p><\/div><\/div><div class=\"fusion-meta-info\"><div class=\"fusion-alignleft\"><a class=\"fusion-read-more\" href=\"https:\/\/www.welten-verbinden.at\/start2018\/demokratie-in-gefahr-politsatire-die-anstalt-vom-04-04-2017\/\">Weiterlesen<\/a><\/div><div class=\"fusion-alignright\"><span>Kommentare deaktiviert<span class=\"screen-reader-text\"> f\u00fcr &#8220;Demokratie in Gefahr&#8221; \u2013 Politsatire &#8220;Die Anstalt&#8221; vom 04.04.2017<\/span><\/span><\/div><\/div><\/div><div class=\"fusion-clearfix\"><\/div><\/div>\n<\/article>\n<div class=\"fusion-clearfix\"><\/div><\/div><\/div><div class=\"fusion-clearfix\"><\/div><\/div><\/div><\/div><\/div><\/p>\n","protected":false},"excerpt":{"rendered":"<p>yes<\/p>\n","protected":false},"author":3,"featured_media":0,"parent":11274,"menu_order":0,"comment_status":"closed","ping_status":"closed","template":"","meta":[],"yoast_head":"<!-- This site is optimized with the Yoast SEO plugin v14.8 - https:\/\/yoast.com\/wordpress\/plugins\/seo\/ -->\n<title>Demokratie-Stammtische - welten-verbinden<\/title>\n<meta name=\"robots\" content=\"index, follow\" \/>\n<meta name=\"googlebot\" content=\"index, follow, max-snippet:-1, max-image-preview:large, max-video-preview:-1\" \/>\n<meta name=\"bingbot\" content=\"index, follow, max-snippet:-1, max-image-preview:large, max-video-preview:-1\" \/>\n<link rel=\"canonical\" href=\"https:\/\/www.welten-verbinden.at\/start2018\/demokratiebewegung\/demokratie-stammtische\/\" \/>\n<meta property=\"og:locale\" content=\"de_DE\" \/>\n<meta property=\"og:type\" content=\"article\" \/>\n<meta property=\"og:title\" content=\"Demokratie-Stammtische - welten-verbinden\" \/>\n<meta property=\"og:description\" content=\"yes\" \/>\n<meta property=\"og:url\" content=\"https:\/\/www.welten-verbinden.at\/start2018\/demokratiebewegung\/demokratie-stammtische\/\" \/>\n<meta property=\"og:site_name\" content=\"welten-verbinden\" \/>\n<meta property=\"article:modified_time\" content=\"2018-07-27T14:22:04+00:00\" \/>\n<meta name=\"twitter:card\" content=\"summary_large_image\" \/>\n<script type=\"application\/ld+json\" class=\"yoast-schema-graph\">{\"@context\":\"https:\/\/schema.org\",\"@graph\":[{\"@type\":\"WebSite\",\"@id\":\"https:\/\/www.welten-verbinden.at\/start2018\/#website\",\"url\":\"https:\/\/www.welten-verbinden.at\/start2018\/\",\"name\":\"welten-verbinden\",\"description\":\"\",\"potentialAction\":[{\"@type\":\"SearchAction\",\"target\":\"https:\/\/www.welten-verbinden.at\/start2018\/?s={search_term_string}\",\"query-input\":\"required name=search_term_string\"}],\"inLanguage\":\"de\"},{\"@type\":\"WebPage\",\"@id\":\"https:\/\/www.welten-verbinden.at\/start2018\/demokratiebewegung\/demokratie-stammtische\/#webpage\",\"url\":\"https:\/\/www.welten-verbinden.at\/start2018\/demokratiebewegung\/demokratie-stammtische\/\",\"name\":\"Demokratie-Stammtische - welten-verbinden\",\"isPartOf\":{\"@id\":\"https:\/\/www.welten-verbinden.at\/start2018\/#website\"},\"datePublished\":\"2018-03-26T10:00:17+00:00\",\"dateModified\":\"2018-07-27T14:22:04+00:00\",\"inLanguage\":\"de\",\"potentialAction\":[{\"@type\":\"ReadAction\",\"target\":[\"https:\/\/www.welten-verbinden.at\/start2018\/demokratiebewegung\/demokratie-stammtische\/\"]}]}]}<\/script>\n<!-- \/ Yoast SEO plugin. -->","_links":{"self":[{"href":"https:\/\/www.welten-verbinden.at\/start2018\/wp-json\/wp\/v2\/pages\/11857"}],"collection":[{"href":"https:\/\/www.welten-verbinden.at\/start2018\/wp-json\/wp\/v2\/pages"}],"about":[{"href":"https:\/\/www.welten-verbinden.at\/start2018\/wp-json\/wp\/v2\/types\/page"}],"author":[{"embeddable":true,"href":"https:\/\/www.welten-verbinden.at\/start2018\/wp-json\/wp\/v2\/users\/3"}],"replies":[{"embeddable":true,"href":"https:\/\/www.welten-verbinden.at\/start2018\/wp-json\/wp\/v2\/comments?post=11857"}],"version-history":[{"count":3,"href":"https:\/\/www.welten-verbinden.at\/start2018\/wp-json\/wp\/v2\/pages\/11857\/revisions"}],"predecessor-version":[{"id":12645,"href":"https:\/\/www.welten-verbinden.at\/start2018\/wp-json\/wp\/v2\/pages\/11857\/revisions\/12645"}],"up":[{"embeddable":true,"href":"https:\/\/www.welten-verbinden.at\/start2018\/wp-json\/wp\/v2\/pages\/11274"}],"wp:attachment":[{"href":"https:\/\/www.welten-verbinden.at\/start2018\/wp-json\/wp\/v2\/media?parent=11857"}],"curies":[{"name":"wp","href":"https:\/\/api.w.org\/{rel}","templated":true}]}}