{"id":11647,"date":"2018-03-25T12:49:40","date_gmt":"2018-03-25T10:49:40","guid":{"rendered":"https:\/\/neu.welten-verbinden.at\/?page_id=11647"},"modified":"2018-03-25T13:07:50","modified_gmt":"2018-03-25T11:07:50","slug":"wirtschaft","status":"publish","type":"page","link":"https:\/\/www.welten-verbinden.at\/start2018\/zukunftswege\/wirtschaft\/","title":{"rendered":"Wirtschaft"},"content":{"rendered":"<p><div class=\"fusion-fullwidth fullwidth-box fusion-builder-row-1 nonhundred-percent-fullwidth non-hundred-percent-height-scrolling\" style=\"background-color: #939393;background-position: center center;background-repeat: no-repeat;padding-top:15px;padding-right:0px;padding-bottom:0px;padding-left:0px;margin-bottom: 0px;margin-top: 0px;border-width: 0px 0px 0px 0px;border-color:#eae9e9;border-style:solid;\" ><div class=\"fusion-builder-row fusion-row\"><div class=\"fusion-layout-column fusion_builder_column fusion-builder-column-0 fusion_builder_column_1_1 1_1 fusion-one-full fusion-column-first fusion-column-last\" style=\"margin-top:0px;margin-bottom:20px;\"><div class=\"fusion-column-wrapper fusion-flex-column-wrapper-legacy\" style=\"background-position:left top;background-repeat:no-repeat;-webkit-background-size:cover;-moz-background-size:cover;-o-background-size:cover;background-size:cover;padding: 0px 0px 0px 0px;\"><div class=\"fusion-widget-area fusion-widget-area-1 fusion-content-widget-area\"><style type=\"text\/css\">.fusion-widget-area-1 .widget h4 {color:#333333;}.fusion-widget-area-1 .widget .heading h4 {color:#333333;}<\/style><div id=\"menu-widget-2\" class=\"widget menu\"><div class=\"fusion-additional-widget-content\"><\/div><\/div><div class=\"fusion-clearfix\"><\/div><\/div><\/div><\/div><\/div><div class=\"fusion-fullwidth fullwidth-box fusion-builder-row-2 nonhundred-percent-fullwidth non-hundred-percent-height-scrolling\" style=\"background-color: #dbdbdb;background-position: center center;background-repeat: no-repeat;padding-top:15px;padding-right:15px;padding-bottom:15px;padding-left:15px;margin-bottom: 0px;margin-top: 0px;border-width: 0px 0px 0px 0px;border-color:#eae9e9;border-style:solid;\" ><div class=\"fusion-builder-row fusion-row\"><div class=\"fusion-layout-column fusion_builder_column fusion-builder-column-1 fusion_builder_column_2_3 2_3 fusion-two-third fusion-column-first\" style=\"width:65.3333%; margin-right: 4%;margin-top:0px;margin-bottom:0px;\"><div class=\"fusion-column-wrapper fusion-flex-column-wrapper-legacy\" style=\"background-position:left top;background-repeat:no-repeat;-webkit-background-size:cover;-moz-background-size:cover;-o-background-size:cover;background-size:cover;background-color:rgba(214,214,214,0);padding: 0px 10px 10px 10px;\"><div class=\"fusion-text fusion-text-1\"><h1><b>Zukunftswege zu einer nachhaltigen und gemeinwohlorientierten Wirtschaft<\/b><\/h1>\n<h2>Es gibt unz\u00e4hlige Analysen zu einer riesigen Vielfalt von Themen,<br \/>\nhier ist eine kleine Auswahl:<\/h2>\n<h3><b>Analysen zum Thema Wirtschaft:<\/b><\/h3>\n<p><a href=\"http:\/\/www.welten-verbinden.at\/Film-analyse.html\">http:\/\/www.welten-verbinden.at\/Film-analyse.html<\/a><\/p>\n<p><a href=\"http:\/\/www.welten-verbinden.at\/Literatur.html\">http:\/\/www.welten-verbinden.at\/Literatur.html<\/a><\/p>\n<p><a href=\"http:\/\/www.welten-verbinden.at\/Apps.html\">http:\/\/www.welten-verbinden.at\/Apps.html<\/a><\/p>\n<h2><b>Und es gibt bereits eine Vielzahl an erprobten Zukunftswegen, hier ist eine kleine Auswahl zu finden:<\/b><\/h2>\n<h3><b>Gemeinwohl\u00f6konomie:<\/b><\/h3>\n<p><a href=\"https:\/\/www.ecogood.org\/de\/\">https:\/\/www.ecogood.org\/de\/<\/a><\/p>\n<p><a href=\"http:\/\/www.welten-verbinden.at\/gemeinwohl.html\">http:\/\/www.welten-verbinden.at\/gemeinwohl.html<\/a><\/p>\n<h3><b>Weitere Alternativen:\u00a0<\/b><\/h3>\n<p><a href=\"http:\/\/www.solidarische-oekonomie.at\">www.solidarische-oekonomie.at<\/a><\/p>\n<p><b>Max Neef <\/b><br \/>\n<a href=\"http:\/\/www.barefooteconomy.org\">www.barefooteconomy.org<\/a><\/p>\n<p><b>Rob Hopkins <\/b><br \/>\n<a href=\"http:\/\/www.transition-initiativen.de\">www.transition-initiativen.de<\/a><\/p>\n<p><a href=\"http:\/\/www.wege-aus-der-krise.at\/Zukunftsbuget\">www.wege-aus-der-krise.at\/Zukunftsbuget<\/a><\/p>\n<p><a href=\"http:\/\/www.alternativenforen.at\">www.alternativenforen.at<\/a><\/p>\n<p><a href=\"http:\/\/www.de.wikipedia.org\/wiki\/Agenda_21\">www.de.wikipedia.org\/wiki\/Agenda_21<\/a><\/p>\n<p><b>\u00d6sterreichische Kirchen <\/b><br \/>\n<a href=\"http:\/\/www.sozialwortzehnplus.org\">www.sozialwortzehnplus.org<\/a><\/p>\n<p><a href=\"http:\/\/www.postwachstumsoekonomie.org\">www.postwachstumsoekonomie.org<\/a><\/p>\n<p><b>Rudolf Steiner <\/b><br \/>\n<a href=\"http:\/\/www.dreigliederung.de\">www.dreigliederung.de<\/a><\/p>\n<p><b>Organisationsentwicklung:<\/b><\/p>\n<p>Spiral Dynamics Don Beck &amp; Clare Graves<\/p>\n<p><a href=\"http:\/\/humanemergence.de\">http:\/\/humanemergence.de<\/a><\/p>\n<p><a href=\"http:\/\/www.spiraldynamics.net\">http:\/\/www.spiraldynamics.net<\/a><\/p>\n<p><b>Integraler Ansatz \u2013 Ken Wilber:\u00a0 \u00a0<\/b><\/p>\n<p><a href=\"http:\/\/integralesleben.org\/il-home\/il-integrales-leben\/grundlagen-des-integralen\/linien-der-entwicklung\/spiral-dynamics\/\">http:\/\/integralesleben.org\/il-home\/il-integrales-leben\/grundlagen-des-integralen\/linien-der-entwicklung\/spiral-dynamics\/<\/a><\/p>\n<p><a href=\"http:\/\/www.integralesforum.org\">www.integralesforum.org<\/a><\/p>\n<p><b>Soziokratie:<\/b><\/p>\n<p><a href=\"http:\/\/www.soziokratie.at\">http:\/\/www.soziokratie.at<\/a><\/p>\n<p><a href=\"http:\/\/www.partizipation.at\/soziokratie.html\">http:\/\/www.partizipation.at\/soziokratie.html<\/a><\/p>\n<p><b>Holokratie:<\/b><\/p>\n<p><a href=\"http:\/\/www.integralefuehrung.at\/html\/img\/pool\/Holakratie_-_integrale_Organisation_-_2011.pdf\">http:\/\/www.integralefuehrung.at\/html\/img\/pool\/Holakratie_-_integrale_Organisation_-_2011.pdf<\/a><\/p>\n<p><a href=\"http:\/\/www.soziokratie.org\/wp-content\/uploads\/2016\/03\/skript-soziokratie-holakratie-laloux-und-mehr-201603.pdf\">http:\/\/www.soziokratie.org\/wp-content\/uploads\/2016\/03\/skript-soziokratie-holakratie-laloux-und-mehr-201603.pdf<\/a><\/p>\n<p><b>Finanzwirtschaft:\u00a0<\/b><\/p>\n<p><b>Bank f\u00fcr Gemeinwohl:\u00a0<\/b><\/p>\n<p><a href=\"http:\/\/www.welten-verbinden.at\/bank-f-gemeinwohl.html\">http:\/\/www.welten-verbinden.at\/bank-f-gemeinwohl.html<\/a><\/p>\n<p><a href=\"http:\/\/www.mitgruenden.at\/\">http:\/\/www.mitgruenden.at<\/a><\/p>\n<p><b>Nachhaltigkeitsplattformen:\u00a0<\/b><\/p>\n<p><b>Gemeinwohlorientierte Genossenschaften gr\u00fcnden<\/b><br \/>\n<a href=\"http:\/\/rueckenwind.coop\">http:\/\/rueckenwind.coop<\/a><\/p>\n<p><b>Datenbank nachhaltiges Wissen<\/b><br \/>\n<a href=\"http:\/\/www.appropedia.org\/Welcome_to_Appropedia\">http:\/\/www.appropedia.org\/Welcome_to_Appropedia<\/a><\/p>\n<p><b>Nachhaltig einkaufen<\/b><br \/>\n<a href=\"https:\/\/www.treeday.net\">https:\/\/www.treeday.net<\/a><\/p>\n<p><a href=\"http:\/\/vision.azeero.at\">http:\/\/vision.azeero.at<\/a><\/p>\n<p><a href=\"http:\/\/www.bewusstkaufen.at\/home.php?\">http:\/\/www.bewusstkaufen.at\/home.php?<\/a><\/p>\n<p><b>Nachhaltig einkaufen \u2013 Carsharing \u2013 Erneuerbare Energien<\/b><br \/>\n<a href=\"http:\/\/www.familyofpower.com\">http:\/\/www.familyofpower.com<\/a><\/p>\n<p><b>B\u00fccher \u2013 Apps \u2013 Filme:\u00a0<\/b><\/p>\n<p><a href=\"http:\/\/www.welten-verbinden.at\/Film-analyse.html\">http:\/\/www.welten-verbinden.at\/Film-analyse.html<\/a><\/p>\n<p><a href=\"http:\/\/www.welten-verbinden.at\/Literatur.html\">http:\/\/www.welten-verbinden.at\/Literatur.html<\/a><\/p>\n<p><a href=\"http:\/\/www.welten-verbinden.at\/Apps.html\">http:\/\/www.welten-verbinden.at\/Apps.html<\/a><\/p>\n<\/div><div class=\"fusion-clearfix\"><\/div><\/div><\/div><div class=\"fusion-layout-column fusion_builder_column fusion-builder-column-2 fusion_builder_column_1_3 1_3 fusion-one-third fusion-column-last\" style=\"width:30.6666%;margin-top:0px;margin-bottom:20px;\"><div class=\"fusion-column-wrapper fusion-flex-column-wrapper-legacy\" style=\"background-position:left top;background-repeat:no-repeat;-webkit-background-size:cover;-moz-background-size:cover;-o-background-size:cover;background-size:cover;background-color:#f2f2f2;padding: 0px 10px 10px 10px;\"><div class=\"fusion-image-frame-bottomshadow image-frame-shadow-1\"><style>.fusion-image-frame-bottomshadow.image-frame-shadow-1{display:inline-block}.element-bottomshadow.imageframe-1:before, .element-bottomshadow.imageframe-1:after{-webkit-box-shadow: 0 17px 10px rgba(0,0,0,0.4);box-shadow: 0 17px 10px rgba(0,0,0,0.4);}<\/style><span class=\" fusion-imageframe imageframe-bottomshadow imageframe-1 element-bottomshadow hover-type-none rand-unten\"><img width=\"300\" image_height=\"198\" image_id=\"11158\" title=\"shapeimage_13\" src=\"https:\/\/neu.welten-verbinden.at\/wp-content\/uploads\/2018\/01\/shapeimage_13-300x198.png\" class=\"img-responsive wp-image-11158\" srcset=\"https:\/\/www.welten-verbinden.at\/wp-content\/uploads\/2018\/01\/shapeimage_13-200x132.png 200w, https:\/\/www.welten-verbinden.at\/wp-content\/uploads\/2018\/01\/shapeimage_13-400x264.png 400w, https:\/\/www.welten-verbinden.at\/wp-content\/uploads\/2018\/01\/shapeimage_13.png 470w\" sizes=\"(max-width: 800px) 100vw, 400px\" \/><\/span><\/div><div class=\"fusion-sep-clear\"><\/div><div class=\"fusion-separator fusion-full-width-sep\" style=\"margin-left: auto;margin-right: auto;margin-top:20px;width:100%;\"><div class=\"fusion-separator-border sep-single sep-solid\" style=\"border-color:#f2f2f2;border-top-width:1px;\"><\/div><\/div><div class=\"fusion-sep-clear\"><\/div><div class=\"fusion-text fusion-text-2\"><p><b>\u201cA dream you dream alone is only a dream. A dream you dream together is reality.\u201d<\/b><\/p>\n<p><b>(John Lennon)<\/b><\/p>\n<p><b>\u201e Geht\u2019s uns allen gut\u00a0\u2013\u00a0geht\u00b4s der Wirtschaft gut! \u201c<\/b><\/p>\n<\/div><div class=\"fusion-clearfix\"><\/div><\/div><\/div><\/div><\/div><div class=\"fusion-fullwidth fullwidth-box fusion-builder-row-3 nonhundred-percent-fullwidth non-hundred-percent-height-scrolling\" style=\"background-color: #ffffff;background-position: center center;background-repeat: no-repeat;padding-top:0px;padding-right:0px;padding-bottom:0px;padding-left:0px;margin-bottom: 0px;margin-top: 25px;border-width: 0px 0px 0px 0px;border-color:#eae9e9;border-style:solid;\" ><div class=\"fusion-builder-row fusion-row\"><div class=\"fusion-layout-column fusion_builder_column fusion-builder-column-3 fusion_builder_column_1_1 1_1 fusion-one-full fusion-column-first fusion-column-last\" style=\"margin-top:0px;margin-bottom:20px;\"><div class=\"fusion-column-wrapper fusion-flex-column-wrapper-legacy\" style=\"background-position:left top;background-repeat:no-repeat;-webkit-background-size:cover;-moz-background-size:cover;-o-background-size:cover;background-size:cover;padding: 0px 0px 0px 0px;\"><div class=\"fusion-blog-shortcode fusion-blog-shortcode-1 fusion-blog-archive fusion-blog-layout-grid-wrapper fusion-blog-pagination\"><style type=\"text\/css\">.fusion-blog-shortcode-1 .fusion-blog-layout-grid .fusion-post-grid{padding:20px;}.fusion-blog-shortcode-1 .fusion-posts-container{margin-left: -20px !important; margin-right:-20px !important;}<\/style><div class=\"fusion-posts-container fusion-posts-container-pagination fusion-blog-rollover fusion-blog-layout-grid fusion-blog-layout-grid-4 isotope\" data-pages=\"2\" data-grid-col-space=\"40\" style=\"margin: -20px -20px 0;min-height:500px;\"><article id=\"blog-1-post-13346\" class=\"fusion-post-grid post-13346 post type-post status-publish format-standard has-post-thumbnail hentry category-gesundheit category-initiativen category-politik category-soziales category-umwelt category-wirtschaft category-zukunftswege tag-analyse tag-ausbeutung tag-cradle-to-cradle tag-globale-wirtschaft tag-soziale-ungerechtigkeit\">\n<div class=\"fusion-post-wrapper\" style=\"background-color:rgba(255,255,255,0);border:1px solid #ebeaea;border-bottom-width:3px;\">\n\n\t\t\t<div class=\"fusion-flexslider flexslider fusion-flexslider-loading fusion-post-slideshow\" style=\"border-color:#ebeaea;\">\n\t\t<ul class=\"slides\">\n\t\t\t\n\t\t\t\t\t\t\t\t\t\t\t\t\t\t<li>\n\n<div  class=\"fusion-image-wrapper\" aria-haspopup=\"true\">\n\t\n\t\n\t\t\n\t\t\t\t\t<img width=\"800\" height=\"483\" src=\"https:\/\/www.welten-verbinden.at\/wp-content\/uploads\/2023\/05\/ponto-400PngdpiLogo-800x483-1.png\" class=\"attachment-full size-full wp-post-image\" alt=\"\" loading=\"lazy\" srcset=\"https:\/\/www.welten-verbinden.at\/wp-content\/uploads\/2023\/05\/ponto-400PngdpiLogo-800x483-1-200x121.png 200w, https:\/\/www.welten-verbinden.at\/wp-content\/uploads\/2023\/05\/ponto-400PngdpiLogo-800x483-1-400x242.png 400w, https:\/\/www.welten-verbinden.at\/wp-content\/uploads\/2023\/05\/ponto-400PngdpiLogo-800x483-1-600x362.png 600w, https:\/\/www.welten-verbinden.at\/wp-content\/uploads\/2023\/05\/ponto-400PngdpiLogo-800x483-1.png 800w\" sizes=\"(min-width: 2200px) 100vw, (min-width: 856px) 245px, (min-width: 784px) 327px, (min-width: 712px) 490px, (min-width: 640px) 712px, \" \/>\n\t\n\n\t\t<div class=\"fusion-rollover\">\n\t<div class=\"fusion-rollover-content\">\n\n\t\t\t\t\t\t\t\t\t\t\t\t\t\t<a class=\"fusion-rollover-link\" href=\"https:\/\/www.welten-verbinden.at\/start2018\/ponto-verein-zur-foerderung-ganzheitlicher-burschen-und-maennerarbeit\/\">ponto \u2013 Verein zur F\u00f6rderung ganzheitlicher Burschen*- und M\u00e4nner*arbeit<\/a>\n\t\t\t\n\t\t\t\t\t\t\t\t\t\t\t\t\t\t\n\t\t\t\t\t\t\t\t\n\t\t\t\t\t\t\t\t\t\t\t\t\t<div class=\"fusion-rollover-sep\"><\/div>\n\t\t\t\t\n\t\t\t\t\t\t\t\t\t\t\t\t\t\t\t\t\t\t<a class=\"fusion-rollover-gallery\" href=\"https:\/\/www.welten-verbinden.at\/wp-content\/uploads\/2023\/05\/ponto-400PngdpiLogo-800x483-1.png\" data-id=\"13346\" data-rel=\"iLightbox[gallery]\" data-title=\"ponto-400PngdpiLogo-800x483\" data-caption=\"\">\n\t\t\t\t\t\tGalerie\t\t\t\t\t<\/a>\n\t\t\t\t\t\t\t\t\t\t\t\t\t\t\n\t\t\t\t\n\t\t\t\t\t\t\t\t\t\t\t\t<h4 class=\"fusion-rollover-title\">\n\t\t\t\t\t<a class=\"fusion-rollover-title-link\" href=\"https:\/\/www.welten-verbinden.at\/start2018\/ponto-verein-zur-foerderung-ganzheitlicher-burschen-und-maennerarbeit\/\">\n\t\t\t\t\t\tponto \u2013 Verein zur F\u00f6rderung ganzheitlicher Burschen*- und M\u00e4nner*arbeit\t\t\t\t\t<\/a>\n\t\t\t\t<\/h4>\n\t\t\t\n\t\t\t\t\t\t\t\t\t\t\t\t\t\t<div class=\"fusion-rollover-categories\"><a href=\"https:\/\/www.welten-verbinden.at\/start2018\/category\/zukunftswege\/gesundheit\/\" rel=\"tag\">Gesundheit<\/a>, <a href=\"https:\/\/www.welten-verbinden.at\/start2018\/category\/initiativen\/\" rel=\"tag\">Initiativen<\/a>, <a href=\"https:\/\/www.welten-verbinden.at\/start2018\/category\/zukunftswege\/politik\/\" rel=\"tag\">Politik<\/a>, <a href=\"https:\/\/www.welten-verbinden.at\/start2018\/category\/zukunftswege\/soziales\/\" rel=\"tag\">Soziales<\/a>, <a href=\"https:\/\/www.welten-verbinden.at\/start2018\/category\/zukunftswege\/umwelt\/\" rel=\"tag\">Umwelt<\/a>, <a href=\"https:\/\/www.welten-verbinden.at\/start2018\/category\/zukunftswege\/wirtschaft\/\" rel=\"tag\">Wirtschaft<\/a>, <a href=\"https:\/\/www.welten-verbinden.at\/start2018\/category\/zukunftswege\/\" rel=\"tag\">Zukunftswege<\/a><\/div>\t\t\t\t\t\n\t\t\n\t\t\t\t<a class=\"fusion-link-wrapper\" href=\"https:\/\/www.welten-verbinden.at\/start2018\/ponto-verein-zur-foerderung-ganzheitlicher-burschen-und-maennerarbeit\/\" aria-label=\"ponto \u2013 Verein zur F\u00f6rderung ganzheitlicher Burschen*- und M\u00e4nner*arbeit\"><\/a>\n\t<\/div>\n<\/div>\n\n\t\n<\/div>\n<\/li>\n\t\t\t\n\t\t\t\n\t\t\t\t\t\t\t\t\t\t\t\t\t\t\t\t\t\t\t\t\t\t\t\t\t\t\t\t\t\t\t\t\t\t\t\t\t\t\t\t\t\t\t\t\t\t\t\t\t\t\t\t\t\t\t\t\t\t\t\t\t\t\t\t\t\t\t\t<\/ul>\n\t<\/div>\n\t<div class=\"fusion-post-content-wrapper\" style=\"padding:30px 25px 20px 25px;\"><div class=\"fusion-post-content post-content\"><h2 class=\"blog-shortcode-post-title entry-title\"><a href=\"https:\/\/www.welten-verbinden.at\/start2018\/ponto-verein-zur-foerderung-ganzheitlicher-burschen-und-maennerarbeit\/\">ponto \u2013 Verein zur F\u00f6rderung ganzheitlicher Burschen*- und M\u00e4nner*arbeit<\/a><\/h2><p class=\"fusion-single-line-meta\">By <span class=\"vcard\"><span class=\"fn\"><a href=\"https:\/\/www.welten-verbinden.at\/start2018\/author\/erich\/\" title=\"Beitr\u00e4ge von Erich Bauer\" rel=\"author\">Erich Bauer<\/a><\/span><\/span><span class=\"fusion-inline-sep\">|<\/span><span class=\"updated\" style=\"display:none;\">2023-05-03T18:15:10+02:00<\/span><span>Mai 2nd, 2023<\/span><span class=\"fusion-inline-sep\">|<\/span>Kategorien: <a href=\"https:\/\/www.welten-verbinden.at\/start2018\/category\/zukunftswege\/gesundheit\/\" rel=\"category tag\">Gesundheit<\/a>, <a href=\"https:\/\/www.welten-verbinden.at\/start2018\/category\/initiativen\/\" rel=\"category tag\">Initiativen<\/a>, <a href=\"https:\/\/www.welten-verbinden.at\/start2018\/category\/zukunftswege\/politik\/\" rel=\"category tag\">Politik<\/a>, <a href=\"https:\/\/www.welten-verbinden.at\/start2018\/category\/zukunftswege\/soziales\/\" rel=\"category tag\">Soziales<\/a>, <a href=\"https:\/\/www.welten-verbinden.at\/start2018\/category\/zukunftswege\/umwelt\/\" rel=\"category tag\">Umwelt<\/a>, <a href=\"https:\/\/www.welten-verbinden.at\/start2018\/category\/zukunftswege\/wirtschaft\/\" rel=\"category tag\">Wirtschaft<\/a>, <a href=\"https:\/\/www.welten-verbinden.at\/start2018\/category\/zukunftswege\/\" rel=\"category tag\">Zukunftswege<\/a><span class=\"fusion-inline-sep\">|<\/span><span class=\"meta-tags\">Schlagw\u00f6rter: <a href=\"https:\/\/www.welten-verbinden.at\/start2018\/tag\/analyse\/\" rel=\"tag\">Analyse<\/a>, <a href=\"https:\/\/www.welten-verbinden.at\/start2018\/tag\/ausbeutung\/\" rel=\"tag\">Ausbeutung<\/a>, <a href=\"https:\/\/www.welten-verbinden.at\/start2018\/tag\/cradle-to-cradle\/\" rel=\"tag\">Cradle to Cradle<\/a>, <a href=\"https:\/\/www.welten-verbinden.at\/start2018\/tag\/globale-wirtschaft\/\" rel=\"tag\">Globale Wirtschaft<\/a>, <a href=\"https:\/\/www.welten-verbinden.at\/start2018\/tag\/soziale-ungerechtigkeit\/\" rel=\"tag\">Soziale Ungerechtigkeit<\/a><\/span><span class=\"fusion-inline-sep\">|<\/span><\/p><div class=\"fusion-content-sep sep-double sep-solid\" style=\"border-color:#ebeaea;\"><\/div><div class=\"fusion-post-content-container\"><p>  ponto \u2013 Verein zur F\u00f6rderung ganzheitlicher Burschen*- und [...]<\/p><\/div><\/div><div class=\"fusion-meta-info\"><div class=\"fusion-alignleft\"><a class=\"fusion-read-more\" href=\"https:\/\/www.welten-verbinden.at\/start2018\/ponto-verein-zur-foerderung-ganzheitlicher-burschen-und-maennerarbeit\/\">Weiterlesen<\/a><\/div><div class=\"fusion-alignright\"><span>Kommentare deaktiviert<span class=\"screen-reader-text\"> f\u00fcr ponto \u2013 Verein zur F\u00f6rderung ganzheitlicher Burschen*- und M\u00e4nner*arbeit<\/span><\/span><\/div><\/div><\/div><div class=\"fusion-clearfix\"><\/div><\/div>\n<\/article>\n<article id=\"blog-1-post-13327\" class=\"fusion-post-grid post-13327 post type-post status-publish format-standard has-post-thumbnail hentry category-buergerinnen-beteiligung-konvente category-demokratiebewegung category-gemeinwohl category-initiativen category-wirtschaft\">\n<div class=\"fusion-post-wrapper\" style=\"background-color:rgba(255,255,255,0);border:1px solid #ebeaea;border-bottom-width:3px;\">\n\n\t\t\t<div class=\"fusion-flexslider flexslider fusion-flexslider-loading fusion-post-slideshow\" style=\"border-color:#ebeaea;\">\n\t\t<ul class=\"slides\">\n\t\t\t\n\t\t\t\t\t\t\t\t\t\t\t\t\t\t<li>\n\n<div  class=\"fusion-image-wrapper\" aria-haspopup=\"true\">\n\t\n\t\n\t\t\n\t\t\t\t\t<img width=\"250\" height=\"114\" src=\"https:\/\/www.welten-verbinden.at\/wp-content\/uploads\/2022\/04\/Verein-Leichter-Leben.png\" class=\"attachment-full size-full wp-post-image\" alt=\"\" loading=\"lazy\" srcset=\"https:\/\/www.welten-verbinden.at\/wp-content\/uploads\/2022\/04\/Verein-Leichter-Leben-200x91.png 200w, https:\/\/www.welten-verbinden.at\/wp-content\/uploads\/2022\/04\/Verein-Leichter-Leben.png 250w\" sizes=\"(min-width: 2200px) 100vw, (min-width: 856px) 245px, (min-width: 784px) 327px, (min-width: 712px) 490px, (min-width: 640px) 712px, \" \/>\n\t\n\n\t\t<div class=\"fusion-rollover\">\n\t<div class=\"fusion-rollover-content\">\n\n\t\t\t\t\t\t\t\t\t\t\t\t\t\t<a class=\"fusion-rollover-link\" href=\"https:\/\/www.welten-verbinden.at\/start2018\/verein-leichter-leben\/\">Verein Leichter Leben<\/a>\n\t\t\t\n\t\t\t\t\t\t\t\t\t\t\t\t\t\t\n\t\t\t\t\t\t\t\t\n\t\t\t\t\t\t\t\t\t\t\t\t\t<div class=\"fusion-rollover-sep\"><\/div>\n\t\t\t\t\n\t\t\t\t\t\t\t\t\t\t\t\t\t\t\t\t\t\t<a class=\"fusion-rollover-gallery\" href=\"https:\/\/www.welten-verbinden.at\/wp-content\/uploads\/2022\/04\/Verein-Leichter-Leben.png\" data-id=\"13327\" data-rel=\"iLightbox[gallery]\" data-title=\"Verein Leichter Leben\" data-caption=\"\">\n\t\t\t\t\t\tGalerie\t\t\t\t\t<\/a>\n\t\t\t\t\t\t\t\t\t\t\t\t\t\t\n\t\t\t\t\n\t\t\t\t\t\t\t\t\t\t\t\t<h4 class=\"fusion-rollover-title\">\n\t\t\t\t\t<a class=\"fusion-rollover-title-link\" href=\"https:\/\/www.welten-verbinden.at\/start2018\/verein-leichter-leben\/\">\n\t\t\t\t\t\tVerein Leichter Leben\t\t\t\t\t<\/a>\n\t\t\t\t<\/h4>\n\t\t\t\n\t\t\t\t\t\t\t\t\t\t\t\t\t\t<div class=\"fusion-rollover-categories\"><a href=\"https:\/\/www.welten-verbinden.at\/start2018\/category\/demokratiebewegung\/buergerinnen-beteiligung-konvente\/\" rel=\"tag\">B\u00fcrger*innen Beteiligung &amp; Konvente<\/a>, <a href=\"https:\/\/www.welten-verbinden.at\/start2018\/category\/demokratiebewegung\/\" rel=\"tag\">Demokratiebewegung<\/a>, <a href=\"https:\/\/www.welten-verbinden.at\/start2018\/category\/gemeinwohl\/\" rel=\"tag\">Gemeinwohl<\/a>, <a href=\"https:\/\/www.welten-verbinden.at\/start2018\/category\/initiativen\/\" rel=\"tag\">Initiativen<\/a>, <a href=\"https:\/\/www.welten-verbinden.at\/start2018\/category\/zukunftswege\/wirtschaft\/\" rel=\"tag\">Wirtschaft<\/a><\/div>\t\t\t\t\t\n\t\t\n\t\t\t\t<a class=\"fusion-link-wrapper\" href=\"https:\/\/www.welten-verbinden.at\/start2018\/verein-leichter-leben\/\" aria-label=\"Verein Leichter Leben\"><\/a>\n\t<\/div>\n<\/div>\n\n\t\n<\/div>\n<\/li>\n\t\t\t\n\t\t\t\n\t\t\t\t\t\t\t\t\t\t\t\t\t\t\t\t\t\t\t\t\t\t\t\t\t\t\t\t\t\t\t\t\t\t\t\t\t\t\t\t\t\t\t\t\t\t\t\t\t\t\t\t\t\t\t\t\t\t\t\t\t\t\t\t\t\t\t\t<\/ul>\n\t<\/div>\n\t<div class=\"fusion-post-content-wrapper\" style=\"padding:30px 25px 20px 25px;\"><div class=\"fusion-post-content post-content\"><h2 class=\"blog-shortcode-post-title entry-title\"><a href=\"https:\/\/www.welten-verbinden.at\/start2018\/verein-leichter-leben\/\">Verein Leichter Leben<\/a><\/h2><p class=\"fusion-single-line-meta\">By <span class=\"vcard\"><span class=\"fn\"><a href=\"https:\/\/www.welten-verbinden.at\/start2018\/author\/roland-jaritz\/\" title=\"Beitr\u00e4ge von Roland Jaritz\" rel=\"author\">Roland Jaritz<\/a><\/span><\/span><span class=\"fusion-inline-sep\">|<\/span><span class=\"updated\" style=\"display:none;\">2022-04-21T11:39:20+02:00<\/span><span>April 21st, 2022<\/span><span class=\"fusion-inline-sep\">|<\/span>Kategorien: <a href=\"https:\/\/www.welten-verbinden.at\/start2018\/category\/demokratiebewegung\/buergerinnen-beteiligung-konvente\/\" rel=\"category tag\">B\u00fcrger*innen Beteiligung &amp; Konvente<\/a>, <a href=\"https:\/\/www.welten-verbinden.at\/start2018\/category\/demokratiebewegung\/\" rel=\"category tag\">Demokratiebewegung<\/a>, <a href=\"https:\/\/www.welten-verbinden.at\/start2018\/category\/gemeinwohl\/\" rel=\"category tag\">Gemeinwohl<\/a>, <a href=\"https:\/\/www.welten-verbinden.at\/start2018\/category\/initiativen\/\" rel=\"category tag\">Initiativen<\/a>, <a href=\"https:\/\/www.welten-verbinden.at\/start2018\/category\/zukunftswege\/wirtschaft\/\" rel=\"category tag\">Wirtschaft<\/a><span class=\"fusion-inline-sep\">|<\/span><\/p><div class=\"fusion-content-sep sep-double sep-solid\" style=\"border-color:#ebeaea;\"><\/div><div class=\"fusion-post-content-container\"><p>Save\u00a0 the date:5. Mai um 18.309433 St. Andr\u00e4, Andreasplatz 48Eintritt: [...]<\/p><\/div><\/div><div class=\"fusion-meta-info\"><div class=\"fusion-alignleft\"><a class=\"fusion-read-more\" href=\"https:\/\/www.welten-verbinden.at\/start2018\/verein-leichter-leben\/\">Weiterlesen<\/a><\/div><div class=\"fusion-alignright\"><span>Kommentare deaktiviert<span class=\"screen-reader-text\"> f\u00fcr Verein Leichter Leben<\/span><\/span><\/div><\/div><\/div><div class=\"fusion-clearfix\"><\/div><\/div>\n<\/article>\n<article id=\"blog-1-post-13313\" class=\"fusion-post-grid post-13313 post type-post status-publish format-standard has-post-thumbnail hentry category-gesundheit category-initiativen category-politik category-soziales category-umwelt category-wirtschaft category-zukunftswege tag-analyse tag-ausbeutung tag-cradle-to-cradle tag-globale-wirtschaft tag-soziale-ungerechtigkeit\">\n<div class=\"fusion-post-wrapper\" style=\"background-color:rgba(255,255,255,0);border:1px solid #ebeaea;border-bottom-width:3px;\">\n\n\t\t\t<div class=\"fusion-flexslider flexslider fusion-flexslider-loading fusion-post-slideshow\" style=\"border-color:#ebeaea;\">\n\t\t<ul class=\"slides\">\n\t\t\t\n\t\t\t\t\t\t\t\t\t\t\t\t\t\t<li>\n\n<div  class=\"fusion-image-wrapper\" aria-haspopup=\"true\">\n\t\n\t\n\t\t\n\t\t\t\t\t<img width=\"1214\" height=\"1280\" src=\"https:\/\/www.welten-verbinden.at\/wp-content\/uploads\/2021\/10\/heart-6163187_1280.png\" class=\"attachment-full size-full wp-post-image\" alt=\"\" loading=\"lazy\" srcset=\"https:\/\/www.welten-verbinden.at\/wp-content\/uploads\/2021\/10\/heart-6163187_1280-200x211.png 200w, https:\/\/www.welten-verbinden.at\/wp-content\/uploads\/2021\/10\/heart-6163187_1280-400x422.png 400w, https:\/\/www.welten-verbinden.at\/wp-content\/uploads\/2021\/10\/heart-6163187_1280-600x633.png 600w, https:\/\/www.welten-verbinden.at\/wp-content\/uploads\/2021\/10\/heart-6163187_1280-800x843.png 800w, https:\/\/www.welten-verbinden.at\/wp-content\/uploads\/2021\/10\/heart-6163187_1280-1200x1265.png 1200w, https:\/\/www.welten-verbinden.at\/wp-content\/uploads\/2021\/10\/heart-6163187_1280.png 1214w\" sizes=\"(min-width: 2200px) 100vw, (min-width: 856px) 245px, (min-width: 784px) 327px, (min-width: 712px) 490px, (min-width: 640px) 712px, \" \/>\n\t\n\n\t\t<div class=\"fusion-rollover\">\n\t<div class=\"fusion-rollover-content\">\n\n\t\t\t\t\t\t\t\t\t\t\t\t\t\t<a class=\"fusion-rollover-link\" href=\"https:\/\/www.welten-verbinden.at\/start2018\/mima-der-mitmachmarkt\/\">MIMA \u2013 Der MitMachMarkt<\/a>\n\t\t\t\n\t\t\t\t\t\t\t\t\t\t\t\t\t\t\n\t\t\t\t\t\t\t\t\n\t\t\t\t\t\t\t\t\t\t\t\t\t<div class=\"fusion-rollover-sep\"><\/div>\n\t\t\t\t\n\t\t\t\t\t\t\t\t\t\t\t\t\t\t\t\t\t\t<a class=\"fusion-rollover-gallery\" href=\"https:\/\/www.welten-verbinden.at\/wp-content\/uploads\/2021\/10\/heart-6163187_1280.png\" data-id=\"13313\" data-rel=\"iLightbox[gallery]\" data-title=\"heart-6163187_1280\" data-caption=\"\">\n\t\t\t\t\t\tGalerie\t\t\t\t\t<\/a>\n\t\t\t\t\t\t\t\t\t\t\t\t\t\t\n\t\t\t\t\n\t\t\t\t\t\t\t\t\t\t\t\t<h4 class=\"fusion-rollover-title\">\n\t\t\t\t\t<a class=\"fusion-rollover-title-link\" href=\"https:\/\/www.welten-verbinden.at\/start2018\/mima-der-mitmachmarkt\/\">\n\t\t\t\t\t\tMIMA \u2013 Der MitMachMarkt\t\t\t\t\t<\/a>\n\t\t\t\t<\/h4>\n\t\t\t\n\t\t\t\t\t\t\t\t\t\t\t\t\t\t<div class=\"fusion-rollover-categories\"><a href=\"https:\/\/www.welten-verbinden.at\/start2018\/category\/zukunftswege\/gesundheit\/\" rel=\"tag\">Gesundheit<\/a>, <a href=\"https:\/\/www.welten-verbinden.at\/start2018\/category\/initiativen\/\" rel=\"tag\">Initiativen<\/a>, <a href=\"https:\/\/www.welten-verbinden.at\/start2018\/category\/zukunftswege\/politik\/\" rel=\"tag\">Politik<\/a>, <a href=\"https:\/\/www.welten-verbinden.at\/start2018\/category\/zukunftswege\/soziales\/\" rel=\"tag\">Soziales<\/a>, <a href=\"https:\/\/www.welten-verbinden.at\/start2018\/category\/zukunftswege\/umwelt\/\" rel=\"tag\">Umwelt<\/a>, <a href=\"https:\/\/www.welten-verbinden.at\/start2018\/category\/zukunftswege\/wirtschaft\/\" rel=\"tag\">Wirtschaft<\/a>, <a href=\"https:\/\/www.welten-verbinden.at\/start2018\/category\/zukunftswege\/\" rel=\"tag\">Zukunftswege<\/a><\/div>\t\t\t\t\t\n\t\t\n\t\t\t\t<a class=\"fusion-link-wrapper\" href=\"https:\/\/www.welten-verbinden.at\/start2018\/mima-der-mitmachmarkt\/\" aria-label=\"MIMA \u2013 Der MitMachMarkt\"><\/a>\n\t<\/div>\n<\/div>\n\n\t\n<\/div>\n<\/li>\n\t\t\t\n\t\t\t\n\t\t\t\t\t\t\t\t\t\t\t\t\t\t\t\t\t\t\t\t\t\t\t\t\t\t\t\t\t\t\t\t\t\t\t\t\t\t\t\t\t\t\t\t\t\t\t\t\t\t\t\t\t\t\t\t\t\t\t\t\t\t\t\t\t\t\t\t<\/ul>\n\t<\/div>\n\t<div class=\"fusion-post-content-wrapper\" style=\"padding:30px 25px 20px 25px;\"><div class=\"fusion-post-content post-content\"><h2 class=\"blog-shortcode-post-title entry-title\"><a href=\"https:\/\/www.welten-verbinden.at\/start2018\/mima-der-mitmachmarkt\/\">MIMA \u2013 Der MitMachMarkt<\/a><\/h2><p class=\"fusion-single-line-meta\">By <span class=\"vcard\"><span class=\"fn\"><a href=\"https:\/\/www.welten-verbinden.at\/start2018\/author\/roland-jaritz\/\" title=\"Beitr\u00e4ge von Roland Jaritz\" rel=\"author\">Roland Jaritz<\/a><\/span><\/span><span class=\"fusion-inline-sep\">|<\/span><span class=\"updated\" style=\"display:none;\">2022-04-21T11:45:56+02:00<\/span><span>April 20th, 2022<\/span><span class=\"fusion-inline-sep\">|<\/span>Kategorien: <a href=\"https:\/\/www.welten-verbinden.at\/start2018\/category\/zukunftswege\/gesundheit\/\" rel=\"category tag\">Gesundheit<\/a>, <a href=\"https:\/\/www.welten-verbinden.at\/start2018\/category\/initiativen\/\" rel=\"category tag\">Initiativen<\/a>, <a href=\"https:\/\/www.welten-verbinden.at\/start2018\/category\/zukunftswege\/politik\/\" rel=\"category tag\">Politik<\/a>, <a href=\"https:\/\/www.welten-verbinden.at\/start2018\/category\/zukunftswege\/soziales\/\" rel=\"category tag\">Soziales<\/a>, <a href=\"https:\/\/www.welten-verbinden.at\/start2018\/category\/zukunftswege\/umwelt\/\" rel=\"category tag\">Umwelt<\/a>, <a href=\"https:\/\/www.welten-verbinden.at\/start2018\/category\/zukunftswege\/wirtschaft\/\" rel=\"category tag\">Wirtschaft<\/a>, <a href=\"https:\/\/www.welten-verbinden.at\/start2018\/category\/zukunftswege\/\" rel=\"category tag\">Zukunftswege<\/a><span class=\"fusion-inline-sep\">|<\/span><span class=\"meta-tags\">Schlagw\u00f6rter: <a href=\"https:\/\/www.welten-verbinden.at\/start2018\/tag\/analyse\/\" rel=\"tag\">Analyse<\/a>, <a href=\"https:\/\/www.welten-verbinden.at\/start2018\/tag\/ausbeutung\/\" rel=\"tag\">Ausbeutung<\/a>, <a href=\"https:\/\/www.welten-verbinden.at\/start2018\/tag\/cradle-to-cradle\/\" rel=\"tag\">Cradle to Cradle<\/a>, <a href=\"https:\/\/www.welten-verbinden.at\/start2018\/tag\/globale-wirtschaft\/\" rel=\"tag\">Globale Wirtschaft<\/a>, <a href=\"https:\/\/www.welten-verbinden.at\/start2018\/tag\/soziale-ungerechtigkeit\/\" rel=\"tag\">Soziale Ungerechtigkeit<\/a><\/span><span class=\"fusion-inline-sep\">|<\/span><\/p><div class=\"fusion-content-sep sep-double sep-solid\" style=\"border-color:#ebeaea;\"><\/div><div class=\"fusion-post-content-container\"><p>  MIMA \u2013 Der MitMachMarkt \u00d6kologisch \/ Biologisch wertvolle, [...]<\/p><\/div><\/div><div class=\"fusion-meta-info\"><div class=\"fusion-alignleft\"><a class=\"fusion-read-more\" href=\"https:\/\/www.welten-verbinden.at\/start2018\/mima-der-mitmachmarkt\/\">Weiterlesen<\/a><\/div><div class=\"fusion-alignright\"><span>Kommentare deaktiviert<span class=\"screen-reader-text\"> f\u00fcr MIMA \u2013 Der MitMachMarkt<\/span><\/span><\/div><\/div><\/div><div class=\"fusion-clearfix\"><\/div><\/div>\n<\/article>\n<article id=\"blog-1-post-13210\" class=\"fusion-post-grid post-13210 post type-post status-publish format-standard has-post-thumbnail hentry category-a-l-l-e category-buergerinnen-beteiligung-konvente category-demokratiebewegung category-gemeinwohl category-gemeinwohloekonomie category-initiativen category-wirtschaft category-zukunftswege tag-analyse tag-ausbeutung tag-cradle-to-cradle tag-globale-wirtschaft tag-soziale-ungerechtigkeit\">\n<div class=\"fusion-post-wrapper\" style=\"background-color:rgba(255,255,255,0);border:1px solid #ebeaea;border-bottom-width:3px;\">\n\n\t\t\t<div class=\"fusion-flexslider flexslider fusion-flexslider-loading fusion-post-slideshow\" style=\"border-color:#ebeaea;\">\n\t\t<ul class=\"slides\">\n\t\t\t\n\t\t\t\t\t\t\t\t\t\t\t\t\t\t<li>\n\n<div  class=\"fusion-image-wrapper\" aria-haspopup=\"true\">\n\t\n\t\n\t\t\n\t\t\t\t\t<img width=\"369\" height=\"383\" src=\"https:\/\/www.welten-verbinden.at\/wp-content\/uploads\/2021\/01\/ALLE-Logo-300.jpg\" class=\"attachment-full size-full wp-post-image\" alt=\"\" loading=\"lazy\" srcset=\"https:\/\/www.welten-verbinden.at\/wp-content\/uploads\/2021\/01\/ALLE-Logo-300-200x208.jpg 200w, https:\/\/www.welten-verbinden.at\/wp-content\/uploads\/2021\/01\/ALLE-Logo-300.jpg 369w\" sizes=\"(min-width: 2200px) 100vw, (min-width: 856px) 245px, (min-width: 784px) 327px, (min-width: 712px) 490px, (min-width: 640px) 712px, \" \/>\n\t\n\n\t\t<div class=\"fusion-rollover\">\n\t<div class=\"fusion-rollover-content\">\n\n\t\t\t\t\t\t\t\t\t\t\t\t\t\t<a class=\"fusion-rollover-link\" href=\"https:\/\/www.welten-verbinden.at\/start2018\/alle-die-bewegung\/\">ALLE \u2013 Die Bewegung<\/a>\n\t\t\t\n\t\t\t\t\t\t\t\t\t\t\t\t\t\t\n\t\t\t\t\t\t\t\t\n\t\t\t\t\t\t\t\t\t\t\t\t\t<div class=\"fusion-rollover-sep\"><\/div>\n\t\t\t\t\n\t\t\t\t\t\t\t\t\t\t\t\t\t\t\t\t\t\t<a class=\"fusion-rollover-gallery\" href=\"https:\/\/www.welten-verbinden.at\/wp-content\/uploads\/2021\/01\/ALLE-Logo-300.jpg\" data-id=\"13210\" data-rel=\"iLightbox[gallery]\" data-title=\"ALLE-Logo-300\" data-caption=\"\">\n\t\t\t\t\t\tGalerie\t\t\t\t\t<\/a>\n\t\t\t\t\t\t\t\t\t\t\t\t\t\t\n\t\t\t\t\n\t\t\t\t\t\t\t\t\t\t\t\t<h4 class=\"fusion-rollover-title\">\n\t\t\t\t\t<a class=\"fusion-rollover-title-link\" href=\"https:\/\/www.welten-verbinden.at\/start2018\/alle-die-bewegung\/\">\n\t\t\t\t\t\tALLE \u2013 Die Bewegung\t\t\t\t\t<\/a>\n\t\t\t\t<\/h4>\n\t\t\t\n\t\t\t\t\t\t\t\t\t\t\t\t\t\t<div class=\"fusion-rollover-categories\"><a href=\"https:\/\/www.welten-verbinden.at\/start2018\/category\/demokratiebewegung\/a-l-l-e\/\" rel=\"tag\">A.L.L.E<\/a>, <a href=\"https:\/\/www.welten-verbinden.at\/start2018\/category\/demokratiebewegung\/buergerinnen-beteiligung-konvente\/\" rel=\"tag\">B\u00fcrger*innen Beteiligung &amp; Konvente<\/a>, <a href=\"https:\/\/www.welten-verbinden.at\/start2018\/category\/demokratiebewegung\/\" rel=\"tag\">Demokratiebewegung<\/a>, <a href=\"https:\/\/www.welten-verbinden.at\/start2018\/category\/gemeinwohl\/\" rel=\"tag\">Gemeinwohl<\/a>, <a href=\"https:\/\/www.welten-verbinden.at\/start2018\/category\/gemeinwohl\/gemeinwohloekonomie\/\" rel=\"tag\">Gemeinwohl\u00f6konomie<\/a>, <a href=\"https:\/\/www.welten-verbinden.at\/start2018\/category\/initiativen\/\" rel=\"tag\">Initiativen<\/a>, <a href=\"https:\/\/www.welten-verbinden.at\/start2018\/category\/zukunftswege\/wirtschaft\/\" rel=\"tag\">Wirtschaft<\/a>, <a href=\"https:\/\/www.welten-verbinden.at\/start2018\/category\/zukunftswege\/\" rel=\"tag\">Zukunftswege<\/a><\/div>\t\t\t\t\t\n\t\t\n\t\t\t\t<a class=\"fusion-link-wrapper\" href=\"https:\/\/www.welten-verbinden.at\/start2018\/alle-die-bewegung\/\" aria-label=\"ALLE \u2013 Die Bewegung\"><\/a>\n\t<\/div>\n<\/div>\n\n\t\n<\/div>\n<\/li>\n\t\t\t\n\t\t\t\n\t\t\t\t\t\t\t\t\t\t\t\t\t\t\t\t\t\t\t\t\t\t\t\t\t\t\t\t\t\t\t\t\t\t\t\t\t\t\t\t\t\t\t\t\t\t\t\t\t\t\t\t\t\t\t\t\t\t\t\t\t\t\t\t\t\t\t\t<\/ul>\n\t<\/div>\n\t<div class=\"fusion-post-content-wrapper\" style=\"padding:30px 25px 20px 25px;\"><div class=\"fusion-post-content post-content\"><h2 class=\"blog-shortcode-post-title entry-title\"><a href=\"https:\/\/www.welten-verbinden.at\/start2018\/alle-die-bewegung\/\">ALLE \u2013 Die Bewegung<\/a><\/h2><p class=\"fusion-single-line-meta\">By <span class=\"vcard\"><span class=\"fn\"><a href=\"https:\/\/www.welten-verbinden.at\/start2018\/author\/roland-jaritz\/\" title=\"Beitr\u00e4ge von Roland Jaritz\" rel=\"author\">Roland Jaritz<\/a><\/span><\/span><span class=\"fusion-inline-sep\">|<\/span><span class=\"updated\" style=\"display:none;\">2021-01-25T12:03:09+01:00<\/span><span>Januar 25th, 2021<\/span><span class=\"fusion-inline-sep\">|<\/span>Kategorien: <a href=\"https:\/\/www.welten-verbinden.at\/start2018\/category\/demokratiebewegung\/a-l-l-e\/\" rel=\"category tag\">A.L.L.E<\/a>, <a href=\"https:\/\/www.welten-verbinden.at\/start2018\/category\/demokratiebewegung\/buergerinnen-beteiligung-konvente\/\" rel=\"category tag\">B\u00fcrger*innen Beteiligung &amp; Konvente<\/a>, <a href=\"https:\/\/www.welten-verbinden.at\/start2018\/category\/demokratiebewegung\/\" rel=\"category tag\">Demokratiebewegung<\/a>, <a href=\"https:\/\/www.welten-verbinden.at\/start2018\/category\/gemeinwohl\/\" rel=\"category tag\">Gemeinwohl<\/a>, <a href=\"https:\/\/www.welten-verbinden.at\/start2018\/category\/gemeinwohl\/gemeinwohloekonomie\/\" rel=\"category tag\">Gemeinwohl\u00f6konomie<\/a>, <a href=\"https:\/\/www.welten-verbinden.at\/start2018\/category\/initiativen\/\" rel=\"category tag\">Initiativen<\/a>, <a href=\"https:\/\/www.welten-verbinden.at\/start2018\/category\/zukunftswege\/wirtschaft\/\" rel=\"category tag\">Wirtschaft<\/a>, <a href=\"https:\/\/www.welten-verbinden.at\/start2018\/category\/zukunftswege\/\" rel=\"category tag\">Zukunftswege<\/a><span class=\"fusion-inline-sep\">|<\/span><span class=\"meta-tags\">Schlagw\u00f6rter: <a href=\"https:\/\/www.welten-verbinden.at\/start2018\/tag\/analyse\/\" rel=\"tag\">Analyse<\/a>, <a href=\"https:\/\/www.welten-verbinden.at\/start2018\/tag\/ausbeutung\/\" rel=\"tag\">Ausbeutung<\/a>, <a href=\"https:\/\/www.welten-verbinden.at\/start2018\/tag\/cradle-to-cradle\/\" rel=\"tag\">Cradle to Cradle<\/a>, <a href=\"https:\/\/www.welten-verbinden.at\/start2018\/tag\/globale-wirtschaft\/\" rel=\"tag\">Globale Wirtschaft<\/a>, <a href=\"https:\/\/www.welten-verbinden.at\/start2018\/tag\/soziale-ungerechtigkeit\/\" rel=\"tag\">Soziale Ungerechtigkeit<\/a><\/span><span class=\"fusion-inline-sep\">|<\/span><\/p><div class=\"fusion-content-sep sep-double sep-solid\" style=\"border-color:#ebeaea;\"><\/div><div class=\"fusion-post-content-container\"><p>  Die Bewegung All unsere Gedanken, Anregungen, Ideen verstehen [...]<\/p><\/div><\/div><div class=\"fusion-meta-info\"><div class=\"fusion-alignleft\"><a class=\"fusion-read-more\" href=\"https:\/\/www.welten-verbinden.at\/start2018\/alle-die-bewegung\/\">Weiterlesen<\/a><\/div><div class=\"fusion-alignright\"><span>Kommentare deaktiviert<span class=\"screen-reader-text\"> f\u00fcr ALLE \u2013 Die Bewegung<\/span><\/span><\/div><\/div><\/div><div class=\"fusion-clearfix\"><\/div><\/div>\n<\/article>\n<article id=\"blog-1-post-13186\" class=\"fusion-post-grid post-13186 post type-post status-publish format-standard has-post-thumbnail hentry category-gemeinwohl category-gemeinwohloekonomie category-initiativen category-kongress category-lebenswerte-gemeinde category-veranstaltung category-wirtschaft category-zukunftswege tag-analyse tag-ausbeutung tag-cradle-to-cradle tag-globale-wirtschaft tag-soziale-ungerechtigkeit\">\n<div class=\"fusion-post-wrapper\" style=\"background-color:rgba(255,255,255,0);border:1px solid #ebeaea;border-bottom-width:3px;\">\n\n\t\t\t<div class=\"fusion-flexslider flexslider fusion-flexslider-loading fusion-post-slideshow\" style=\"border-color:#ebeaea;\">\n\t\t<ul class=\"slides\">\n\t\t\t\n\t\t\t\t\t\t\t\t\t\t\t\t\t\t<li>\n\n<div  class=\"fusion-image-wrapper\" aria-haspopup=\"true\">\n\t\n\t\n\t\t\n\t\t\t\t\t<img width=\"2036\" height=\"990\" src=\"https:\/\/www.welten-verbinden.at\/wp-content\/uploads\/2019\/07\/LG-Vid-1.jpg\" class=\"attachment-full size-full wp-post-image\" alt=\"\" loading=\"lazy\" srcset=\"https:\/\/www.welten-verbinden.at\/wp-content\/uploads\/2019\/07\/LG-Vid-1-200x97.jpg 200w, https:\/\/www.welten-verbinden.at\/wp-content\/uploads\/2019\/07\/LG-Vid-1-400x194.jpg 400w, https:\/\/www.welten-verbinden.at\/wp-content\/uploads\/2019\/07\/LG-Vid-1-600x292.jpg 600w, https:\/\/www.welten-verbinden.at\/wp-content\/uploads\/2019\/07\/LG-Vid-1-800x389.jpg 800w, https:\/\/www.welten-verbinden.at\/wp-content\/uploads\/2019\/07\/LG-Vid-1-1200x583.jpg 1200w, https:\/\/www.welten-verbinden.at\/wp-content\/uploads\/2019\/07\/LG-Vid-1.jpg 2036w\" sizes=\"(min-width: 2200px) 100vw, (min-width: 856px) 245px, (min-width: 784px) 327px, (min-width: 712px) 490px, (min-width: 640px) 712px, \" \/>\n\t\n\n\t\t<div class=\"fusion-rollover\">\n\t<div class=\"fusion-rollover-content\">\n\n\t\t\t\t\t\t\t\t\t\t\t\t\t\t<a class=\"fusion-rollover-link\" href=\"https:\/\/www.welten-verbinden.at\/start2018\/lebenswerte-gemeinde-bewusst-gemeinsam-leben\/\">Lebenswerte Gemeinde &#8211; Bewusst gemeinsam Leben<\/a>\n\t\t\t\n\t\t\t\t\t\t\t\t\t\t\t\t\t\t\n\t\t\t\t\t\t\t\t\n\t\t\t\t\t\t\t\t\t\t\t\t\t<div class=\"fusion-rollover-sep\"><\/div>\n\t\t\t\t\n\t\t\t\t\t\t\t\t\t\t\t\t\t\t\t\t\t\t<a class=\"fusion-rollover-gallery\" href=\"https:\/\/www.welten-verbinden.at\/wp-content\/uploads\/2019\/07\/LG-Vid-1.jpg\" data-id=\"13186\" data-rel=\"iLightbox[gallery]\" data-title=\"LG-Vid\" data-caption=\"\">\n\t\t\t\t\t\tGalerie\t\t\t\t\t<\/a>\n\t\t\t\t\t\t\t\t\t\t\t\t\t\t\n\t\t\t\t\n\t\t\t\t\t\t\t\t\t\t\t\t<h4 class=\"fusion-rollover-title\">\n\t\t\t\t\t<a class=\"fusion-rollover-title-link\" href=\"https:\/\/www.welten-verbinden.at\/start2018\/lebenswerte-gemeinde-bewusst-gemeinsam-leben\/\">\n\t\t\t\t\t\tLebenswerte Gemeinde &#8211; Bewusst gemeinsam Leben\t\t\t\t\t<\/a>\n\t\t\t\t<\/h4>\n\t\t\t\n\t\t\t\t\t\t\t\t\t\t\t\t\t\t<div class=\"fusion-rollover-categories\"><a href=\"https:\/\/www.welten-verbinden.at\/start2018\/category\/gemeinwohl\/\" rel=\"tag\">Gemeinwohl<\/a>, <a href=\"https:\/\/www.welten-verbinden.at\/start2018\/category\/gemeinwohl\/gemeinwohloekonomie\/\" rel=\"tag\">Gemeinwohl\u00f6konomie<\/a>, <a href=\"https:\/\/www.welten-verbinden.at\/start2018\/category\/initiativen\/\" rel=\"tag\">Initiativen<\/a>, <a href=\"https:\/\/www.welten-verbinden.at\/start2018\/category\/veranstaltung\/kongress\/\" rel=\"tag\">Kongress<\/a>, <a href=\"https:\/\/www.welten-verbinden.at\/start2018\/category\/gemeinwohl\/lebenswerte-gemeinde\/\" rel=\"tag\">Lebenswerte Gemeinde<\/a>, <a href=\"https:\/\/www.welten-verbinden.at\/start2018\/category\/veranstaltung\/\" rel=\"tag\">Veranstaltung<\/a>, <a href=\"https:\/\/www.welten-verbinden.at\/start2018\/category\/zukunftswege\/wirtschaft\/\" rel=\"tag\">Wirtschaft<\/a>, <a href=\"https:\/\/www.welten-verbinden.at\/start2018\/category\/zukunftswege\/\" rel=\"tag\">Zukunftswege<\/a><\/div>\t\t\t\t\t\n\t\t\n\t\t\t\t<a class=\"fusion-link-wrapper\" href=\"https:\/\/www.welten-verbinden.at\/start2018\/lebenswerte-gemeinde-bewusst-gemeinsam-leben\/\" aria-label=\"Lebenswerte Gemeinde &#8211; Bewusst gemeinsam Leben\"><\/a>\n\t<\/div>\n<\/div>\n\n\t\n<\/div>\n<\/li>\n\t\t\t\n\t\t\t\n\t\t\t\t\t\t\t\t\t\t\t\t\t\t\t\t\t\t\t\t\t\t\t\t\t\t\t\t\t\t\t\t\t\t\t\t\t\t\t\t\t\t\t\t\t\t\t\t\t\t\t\t\t\t\t\t\t\t\t\t\t\t\t\t\t\t\t\t<\/ul>\n\t<\/div>\n\t<div class=\"fusion-post-content-wrapper\" style=\"padding:30px 25px 20px 25px;\"><div class=\"fusion-post-content post-content\"><h2 class=\"blog-shortcode-post-title entry-title\"><a href=\"https:\/\/www.welten-verbinden.at\/start2018\/lebenswerte-gemeinde-bewusst-gemeinsam-leben\/\">Lebenswerte Gemeinde &#8211; Bewusst gemeinsam Leben<\/a><\/h2><p class=\"fusion-single-line-meta\">By <span class=\"vcard\"><span class=\"fn\"><a href=\"https:\/\/www.welten-verbinden.at\/start2018\/author\/roland-jaritz\/\" title=\"Beitr\u00e4ge von Roland Jaritz\" rel=\"author\">Roland Jaritz<\/a><\/span><\/span><span class=\"fusion-inline-sep\">|<\/span><span class=\"updated\" style=\"display:none;\">2019-07-22T10:20:45+02:00<\/span><span>Juli 22nd, 2019<\/span><span class=\"fusion-inline-sep\">|<\/span>Kategorien: <a href=\"https:\/\/www.welten-verbinden.at\/start2018\/category\/gemeinwohl\/\" rel=\"category tag\">Gemeinwohl<\/a>, <a href=\"https:\/\/www.welten-verbinden.at\/start2018\/category\/gemeinwohl\/gemeinwohloekonomie\/\" rel=\"category tag\">Gemeinwohl\u00f6konomie<\/a>, <a href=\"https:\/\/www.welten-verbinden.at\/start2018\/category\/initiativen\/\" rel=\"category tag\">Initiativen<\/a>, <a href=\"https:\/\/www.welten-verbinden.at\/start2018\/category\/veranstaltung\/kongress\/\" rel=\"category tag\">Kongress<\/a>, <a href=\"https:\/\/www.welten-verbinden.at\/start2018\/category\/gemeinwohl\/lebenswerte-gemeinde\/\" rel=\"category tag\">Lebenswerte Gemeinde<\/a>, <a href=\"https:\/\/www.welten-verbinden.at\/start2018\/category\/veranstaltung\/\" rel=\"category tag\">Veranstaltung<\/a>, <a href=\"https:\/\/www.welten-verbinden.at\/start2018\/category\/zukunftswege\/wirtschaft\/\" rel=\"category tag\">Wirtschaft<\/a>, <a href=\"https:\/\/www.welten-verbinden.at\/start2018\/category\/zukunftswege\/\" rel=\"category tag\">Zukunftswege<\/a><span class=\"fusion-inline-sep\">|<\/span><span class=\"meta-tags\">Schlagw\u00f6rter: <a href=\"https:\/\/www.welten-verbinden.at\/start2018\/tag\/analyse\/\" rel=\"tag\">Analyse<\/a>, <a href=\"https:\/\/www.welten-verbinden.at\/start2018\/tag\/ausbeutung\/\" rel=\"tag\">Ausbeutung<\/a>, <a href=\"https:\/\/www.welten-verbinden.at\/start2018\/tag\/cradle-to-cradle\/\" rel=\"tag\">Cradle to Cradle<\/a>, <a href=\"https:\/\/www.welten-verbinden.at\/start2018\/tag\/globale-wirtschaft\/\" rel=\"tag\">Globale Wirtschaft<\/a>, <a href=\"https:\/\/www.welten-verbinden.at\/start2018\/tag\/soziale-ungerechtigkeit\/\" rel=\"tag\">Soziale Ungerechtigkeit<\/a><\/span><span class=\"fusion-inline-sep\">|<\/span><\/p><div class=\"fusion-content-sep sep-double sep-solid\" style=\"border-color:#ebeaea;\"><\/div><div class=\"fusion-post-content-container\"><p>   \u00dcber 2.500 Menschen aus innovativen und nachhaltigen [...]<\/p><\/div><\/div><div class=\"fusion-meta-info\"><div class=\"fusion-alignleft\"><a class=\"fusion-read-more\" href=\"https:\/\/www.welten-verbinden.at\/start2018\/lebenswerte-gemeinde-bewusst-gemeinsam-leben\/\">Weiterlesen<\/a><\/div><div class=\"fusion-alignright\"><span>Kommentare deaktiviert<span class=\"screen-reader-text\"> f\u00fcr Lebenswerte Gemeinde &#8211; Bewusst gemeinsam Leben<\/span><\/span><\/div><\/div><\/div><div class=\"fusion-clearfix\"><\/div><\/div>\n<\/article>\n<article id=\"blog-1-post-13131\" class=\"fusion-post-grid post-13131 post type-post status-publish format-standard has-post-thumbnail hentry category-buergerinnen-beteiligung-konvente category-demokratiebewegung category-initiativen category-links category-medien-tipps category-wirtschaft category-zivilgesellschaft category-zukunftswege tag-fairness tag-gemeinschaft tag-gesellschaft tag-initiative tag-nachhaltigkeit tag-solidaritaet tag-zivilgesellschaft\">\n<div class=\"fusion-post-wrapper\" style=\"background-color:rgba(255,255,255,0);border:1px solid #ebeaea;border-bottom-width:3px;\">\n\n\t\t\t<div class=\"fusion-flexslider flexslider fusion-flexslider-loading fusion-post-slideshow\" style=\"border-color:#ebeaea;\">\n\t\t<ul class=\"slides\">\n\t\t\t\n\t\t\t\t\t\t\t\t\t\t\t\t\t\t<li>\n\n<div  class=\"fusion-image-wrapper\" aria-haspopup=\"true\">\n\t\n\t\n\t\t\n\t\t\t\t\t<img width=\"1066\" height=\"728\" src=\"https:\/\/www.welten-verbinden.at\/wp-content\/uploads\/2019\/03\/INGUN-KLUPPENEGGER-Plattform-Zivilgesellschaft-K\u00e4rnten-I-Koro\u0161ka.jpg\" class=\"attachment-full size-full wp-post-image\" alt=\"\" loading=\"lazy\" srcset=\"https:\/\/www.welten-verbinden.at\/wp-content\/uploads\/2019\/03\/INGUN-KLUPPENEGGER-Plattform-Zivilgesellschaft-K\u00e4rnten-I-Koro\u0161ka-200x137.jpg 200w, https:\/\/www.welten-verbinden.at\/wp-content\/uploads\/2019\/03\/INGUN-KLUPPENEGGER-Plattform-Zivilgesellschaft-K\u00e4rnten-I-Koro\u0161ka-400x273.jpg 400w, https:\/\/www.welten-verbinden.at\/wp-content\/uploads\/2019\/03\/INGUN-KLUPPENEGGER-Plattform-Zivilgesellschaft-K\u00e4rnten-I-Koro\u0161ka-600x410.jpg 600w, https:\/\/www.welten-verbinden.at\/wp-content\/uploads\/2019\/03\/INGUN-KLUPPENEGGER-Plattform-Zivilgesellschaft-K\u00e4rnten-I-Koro\u0161ka-800x546.jpg 800w, https:\/\/www.welten-verbinden.at\/wp-content\/uploads\/2019\/03\/INGUN-KLUPPENEGGER-Plattform-Zivilgesellschaft-K\u00e4rnten-I-Koro\u0161ka.jpg 1066w\" sizes=\"(min-width: 2200px) 100vw, (min-width: 856px) 245px, (min-width: 784px) 327px, (min-width: 712px) 490px, (min-width: 640px) 712px, \" \/>\n\t\n\n\t\t<div class=\"fusion-rollover\">\n\t<div class=\"fusion-rollover-content\">\n\n\t\t\t\t\t\t\t\t\t\t\t\t\t\t<a class=\"fusion-rollover-link\" href=\"https:\/\/www.welten-verbinden.at\/start2018\/ingun-kluppenegger-plattform-zivilgesellschaft-kaernten-i-koroska\/\">Radio Agora: INGUN KLUPPENEGGER  Plattform Zivilgesellschaft K\u00e4rnten I Koro\u0161ka<\/a>\n\t\t\t\n\t\t\t\t\t\t\t\t\t\t\t\t\t\t\n\t\t\t\t\t\t\t\t\n\t\t\t\t\t\t\t\t\t\t\t\t\t<div class=\"fusion-rollover-sep\"><\/div>\n\t\t\t\t\n\t\t\t\t\t\t\t\t\t\t\t\t\t\t\t\t\t\t<a class=\"fusion-rollover-gallery\" href=\"https:\/\/www.welten-verbinden.at\/wp-content\/uploads\/2019\/03\/INGUN-KLUPPENEGGER-Plattform-Zivilgesellschaft-K\u00e4rnten-I-Koro\u0161ka.jpg\" data-id=\"13131\" data-rel=\"iLightbox[gallery]\" data-title=\"INGUN KLUPPENEGGER Plattform Zivilgesellschaft K\u00e4rnten I Koro\u0161ka\" data-caption=\"\">\n\t\t\t\t\t\tGalerie\t\t\t\t\t<\/a>\n\t\t\t\t\t\t\t\t\t\t\t\t\t\t\n\t\t\t\t\n\t\t\t\t\t\t\t\t\t\t\t\t<h4 class=\"fusion-rollover-title\">\n\t\t\t\t\t<a class=\"fusion-rollover-title-link\" href=\"https:\/\/www.welten-verbinden.at\/start2018\/ingun-kluppenegger-plattform-zivilgesellschaft-kaernten-i-koroska\/\">\n\t\t\t\t\t\tRadio Agora: INGUN KLUPPENEGGER  Plattform Zivilgesellschaft K\u00e4rnten I Koro\u0161ka\t\t\t\t\t<\/a>\n\t\t\t\t<\/h4>\n\t\t\t\n\t\t\t\t\t\t\t\t\t\t\t\t\t\t<div class=\"fusion-rollover-categories\"><a href=\"https:\/\/www.welten-verbinden.at\/start2018\/category\/demokratiebewegung\/buergerinnen-beteiligung-konvente\/\" rel=\"tag\">B\u00fcrger*innen Beteiligung &amp; Konvente<\/a>, <a href=\"https:\/\/www.welten-verbinden.at\/start2018\/category\/demokratiebewegung\/\" rel=\"tag\">Demokratiebewegung<\/a>, <a href=\"https:\/\/www.welten-verbinden.at\/start2018\/category\/initiativen\/\" rel=\"tag\">Initiativen<\/a>, <a href=\"https:\/\/www.welten-verbinden.at\/start2018\/category\/tipps\/links\/\" rel=\"tag\">Links<\/a>, <a href=\"https:\/\/www.welten-verbinden.at\/start2018\/category\/tipps\/medien-tipps\/\" rel=\"tag\">Medien-Tipps<\/a>, <a href=\"https:\/\/www.welten-verbinden.at\/start2018\/category\/zukunftswege\/wirtschaft\/\" rel=\"tag\">Wirtschaft<\/a>, <a href=\"https:\/\/www.welten-verbinden.at\/start2018\/category\/initiativen\/zivilgesellschaft\/\" rel=\"tag\">Zivilgesellschaft<\/a>, <a href=\"https:\/\/www.welten-verbinden.at\/start2018\/category\/zukunftswege\/\" rel=\"tag\">Zukunftswege<\/a><\/div>\t\t\t\t\t\n\t\t\n\t\t\t\t<a class=\"fusion-link-wrapper\" href=\"https:\/\/www.welten-verbinden.at\/start2018\/ingun-kluppenegger-plattform-zivilgesellschaft-kaernten-i-koroska\/\" aria-label=\"Radio Agora: INGUN KLUPPENEGGER  Plattform Zivilgesellschaft K\u00e4rnten I Koro\u0161ka\"><\/a>\n\t<\/div>\n<\/div>\n\n\t\n<\/div>\n<\/li>\n\t\t\t\n\t\t\t\n\t\t\t\t\t\t\t\t\t\t\t\t\t\t\t\t\t\t\t\t\t\t\t\t\t\t\t\t\t\t\t\t\t\t\t\t\t\t\t\t\t\t\t\t\t\t\t\t\t\t\t\t\t\t\t\t\t\t\t\t\t\t\t\t\t\t\t\t<\/ul>\n\t<\/div>\n\t<div class=\"fusion-post-content-wrapper\" style=\"padding:30px 25px 20px 25px;\"><div class=\"fusion-post-content post-content\"><h2 class=\"blog-shortcode-post-title entry-title\"><a href=\"https:\/\/www.welten-verbinden.at\/start2018\/ingun-kluppenegger-plattform-zivilgesellschaft-kaernten-i-koroska\/\">Radio Agora: INGUN KLUPPENEGGER  Plattform Zivilgesellschaft K\u00e4rnten I Koro\u0161ka<\/a><\/h2><p class=\"fusion-single-line-meta\">By <span class=\"vcard\"><span class=\"fn\"><a href=\"https:\/\/www.welten-verbinden.at\/start2018\/author\/roland-jaritz\/\" title=\"Beitr\u00e4ge von Roland Jaritz\" rel=\"author\">Roland Jaritz<\/a><\/span><\/span><span class=\"fusion-inline-sep\">|<\/span><span class=\"updated\" style=\"display:none;\">2019-03-15T11:40:17+01:00<\/span><span>M\u00e4rz 15th, 2019<\/span><span class=\"fusion-inline-sep\">|<\/span>Kategorien: <a href=\"https:\/\/www.welten-verbinden.at\/start2018\/category\/demokratiebewegung\/buergerinnen-beteiligung-konvente\/\" rel=\"category tag\">B\u00fcrger*innen Beteiligung &amp; Konvente<\/a>, <a href=\"https:\/\/www.welten-verbinden.at\/start2018\/category\/demokratiebewegung\/\" rel=\"category tag\">Demokratiebewegung<\/a>, <a href=\"https:\/\/www.welten-verbinden.at\/start2018\/category\/initiativen\/\" rel=\"category tag\">Initiativen<\/a>, <a href=\"https:\/\/www.welten-verbinden.at\/start2018\/category\/tipps\/links\/\" rel=\"category tag\">Links<\/a>, <a href=\"https:\/\/www.welten-verbinden.at\/start2018\/category\/tipps\/medien-tipps\/\" rel=\"category tag\">Medien-Tipps<\/a>, <a href=\"https:\/\/www.welten-verbinden.at\/start2018\/category\/zukunftswege\/wirtschaft\/\" rel=\"category tag\">Wirtschaft<\/a>, <a href=\"https:\/\/www.welten-verbinden.at\/start2018\/category\/initiativen\/zivilgesellschaft\/\" rel=\"category tag\">Zivilgesellschaft<\/a>, <a href=\"https:\/\/www.welten-verbinden.at\/start2018\/category\/zukunftswege\/\" rel=\"category tag\">Zukunftswege<\/a><span class=\"fusion-inline-sep\">|<\/span><span class=\"meta-tags\">Schlagw\u00f6rter: <a href=\"https:\/\/www.welten-verbinden.at\/start2018\/tag\/fairness\/\" rel=\"tag\">Fairness<\/a>, <a href=\"https:\/\/www.welten-verbinden.at\/start2018\/tag\/gemeinschaft\/\" rel=\"tag\">Gemeinschaft<\/a>, <a href=\"https:\/\/www.welten-verbinden.at\/start2018\/tag\/gesellschaft\/\" rel=\"tag\">Gesellschaft<\/a>, <a href=\"https:\/\/www.welten-verbinden.at\/start2018\/tag\/initiative\/\" rel=\"tag\">Initiative<\/a>, <a href=\"https:\/\/www.welten-verbinden.at\/start2018\/tag\/nachhaltigkeit\/\" rel=\"tag\">Nachhaltigkeit<\/a>, <a href=\"https:\/\/www.welten-verbinden.at\/start2018\/tag\/solidaritaet\/\" rel=\"tag\">Solidarit\u00e4t<\/a>, <a href=\"https:\/\/www.welten-verbinden.at\/start2018\/tag\/zivilgesellschaft\/\" rel=\"tag\">Zivilgesellschaft<\/a><\/span><span class=\"fusion-inline-sep\">|<\/span><\/p><div class=\"fusion-content-sep sep-double sep-solid\" style=\"border-color:#ebeaea;\"><\/div><div class=\"fusion-post-content-container\"><p>  Diese Sendung ist eine Stimme der zivilgesellschaftlichen Initiativen [...]<\/p><\/div><\/div><div class=\"fusion-meta-info\"><div class=\"fusion-alignleft\"><a class=\"fusion-read-more\" href=\"https:\/\/www.welten-verbinden.at\/start2018\/ingun-kluppenegger-plattform-zivilgesellschaft-kaernten-i-koroska\/\">Weiterlesen<\/a><\/div><div class=\"fusion-alignright\"><span>Kommentare deaktiviert<span class=\"screen-reader-text\"> f\u00fcr Radio Agora: INGUN KLUPPENEGGER  Plattform Zivilgesellschaft K\u00e4rnten I Koro\u0161ka<\/span><\/span><\/div><\/div><\/div><div class=\"fusion-clearfix\"><\/div><\/div>\n<\/article>\n<div class=\"fusion-clearfix\"><\/div><\/div><div class=\"pagination clearfix\"><span class=\"current\">1<\/span><a href=\"https:\/\/www.welten-verbinden.at\/start2018\/wp-json\/wp\/v2\/pages\/11647\/page\/2\/\" class=\"inactive\">2<\/a><a class=\"pagination-next\" rel=\"next\" href=\"https:\/\/www.welten-verbinden.at\/start2018\/wp-json\/wp\/v2\/pages\/11647\/page\/2\/\"><span class=\"page-text\">N\u00e4chstes<\/span><span class=\"page-next\"><\/span><\/a><\/div><div class=\"fusion-clearfix\"><\/div><\/div><div class=\"fusion-clearfix\"><\/div><\/div><\/div><\/div><\/div><\/p>\n","protected":false},"excerpt":{"rendered":"","protected":false},"author":3,"featured_media":0,"parent":34,"menu_order":0,"comment_status":"closed","ping_status":"closed","template":"","meta":[],"yoast_head":"<!-- This site is optimized with the Yoast SEO plugin v14.8 - https:\/\/yoast.com\/wordpress\/plugins\/seo\/ -->\n<title>Wirtschaft - welten-verbinden<\/title>\n<meta name=\"robots\" content=\"index, follow\" \/>\n<meta name=\"googlebot\" content=\"index, follow, max-snippet:-1, max-image-preview:large, max-video-preview:-1\" \/>\n<meta name=\"bingbot\" content=\"index, follow, max-snippet:-1, max-image-preview:large, max-video-preview:-1\" \/>\n<link rel=\"canonical\" href=\"https:\/\/www.welten-verbinden.at\/start2018\/zukunftswege\/wirtschaft\/\" \/>\n<meta property=\"og:locale\" content=\"de_DE\" \/>\n<meta property=\"og:type\" content=\"article\" \/>\n<meta property=\"og:title\" content=\"Wirtschaft - welten-verbinden\" \/>\n<meta property=\"og:url\" content=\"https:\/\/www.welten-verbinden.at\/start2018\/zukunftswege\/wirtschaft\/\" \/>\n<meta property=\"og:site_name\" content=\"welten-verbinden\" \/>\n<meta property=\"article:modified_time\" content=\"2018-03-25T11:07:50+00:00\" \/>\n<meta name=\"twitter:card\" content=\"summary_large_image\" \/>\n<script type=\"application\/ld+json\" class=\"yoast-schema-graph\">{\"@context\":\"https:\/\/schema.org\",\"@graph\":[{\"@type\":\"WebSite\",\"@id\":\"https:\/\/www.welten-verbinden.at\/start2018\/#website\",\"url\":\"https:\/\/www.welten-verbinden.at\/start2018\/\",\"name\":\"welten-verbinden\",\"description\":\"\",\"potentialAction\":[{\"@type\":\"SearchAction\",\"target\":\"https:\/\/www.welten-verbinden.at\/start2018\/?s={search_term_string}\",\"query-input\":\"required name=search_term_string\"}],\"inLanguage\":\"de\"},{\"@type\":\"WebPage\",\"@id\":\"https:\/\/www.welten-verbinden.at\/start2018\/zukunftswege\/wirtschaft\/#webpage\",\"url\":\"https:\/\/www.welten-verbinden.at\/start2018\/zukunftswege\/wirtschaft\/\",\"name\":\"Wirtschaft - welten-verbinden\",\"isPartOf\":{\"@id\":\"https:\/\/www.welten-verbinden.at\/start2018\/#website\"},\"datePublished\":\"2018-03-25T10:49:40+00:00\",\"dateModified\":\"2018-03-25T11:07:50+00:00\",\"inLanguage\":\"de\",\"potentialAction\":[{\"@type\":\"ReadAction\",\"target\":[\"https:\/\/www.welten-verbinden.at\/start2018\/zukunftswege\/wirtschaft\/\"]}]}]}<\/script>\n<!-- \/ Yoast SEO plugin. -->","_links":{"self":[{"href":"https:\/\/www.welten-verbinden.at\/start2018\/wp-json\/wp\/v2\/pages\/11647"}],"collection":[{"href":"https:\/\/www.welten-verbinden.at\/start2018\/wp-json\/wp\/v2\/pages"}],"about":[{"href":"https:\/\/www.welten-verbinden.at\/start2018\/wp-json\/wp\/v2\/types\/page"}],"author":[{"embeddable":true,"href":"https:\/\/www.welten-verbinden.at\/start2018\/wp-json\/wp\/v2\/users\/3"}],"replies":[{"embeddable":true,"href":"https:\/\/www.welten-verbinden.at\/start2018\/wp-json\/wp\/v2\/comments?post=11647"}],"version-history":[{"count":1,"href":"https:\/\/www.welten-verbinden.at\/start2018\/wp-json\/wp\/v2\/pages\/11647\/revisions"}],"predecessor-version":[{"id":11648,"href":"https:\/\/www.welten-verbinden.at\/start2018\/wp-json\/wp\/v2\/pages\/11647\/revisions\/11648"}],"up":[{"embeddable":true,"href":"https:\/\/www.welten-verbinden.at\/start2018\/wp-json\/wp\/v2\/pages\/34"}],"wp:attachment":[{"href":"https:\/\/www.welten-verbinden.at\/start2018\/wp-json\/wp\/v2\/media?parent=11647"}],"curies":[{"name":"wp","href":"https:\/\/api.w.org\/{rel}","templated":true}]}}