{"id":11373,"date":"2018-03-22T10:21:21","date_gmt":"2018-03-22T09:21:21","guid":{"rendered":"https:\/\/neu.welten-verbinden.at\/?page_id=11373"},"modified":"2018-03-25T18:16:23","modified_gmt":"2018-03-25T16:16:23","slug":"gemeinwohl","status":"publish","type":"page","link":"https:\/\/www.welten-verbinden.at\/start2018\/gemeinwohl\/","title":{"rendered":"Gemeinwohl"},"content":{"rendered":"<p><div class=\"fusion-fullwidth fullwidth-box fusion-builder-row-1 nonhundred-percent-fullwidth non-hundred-percent-height-scrolling\" style=\"background-color: #939393;background-position: center center;background-repeat: no-repeat;padding-top:0px;padding-right:0px;padding-bottom:0px;padding-left:0px;margin-bottom: 0px;margin-top: 0px;border-width: 0px 0px 0px 0px;border-color:#eae9e9;border-style:solid;\" ><div class=\"fusion-builder-row fusion-row\"><div class=\"fusion-layout-column fusion_builder_column fusion-builder-column-0 fusion_builder_column_1_1 1_1 fusion-one-full fusion-column-first fusion-column-last\" style=\"margin-top:0px;margin-bottom:20px;\"><div class=\"fusion-column-wrapper fusion-flex-column-wrapper-legacy\" style=\"background-position:left top;background-repeat:no-repeat;-webkit-background-size:cover;-moz-background-size:cover;-o-background-size:cover;background-size:cover;padding: 0px 0px 0px 0px;\"><div class=\"fusion-text fusion-text-1\"><h1 style=\"text-align: center;\"><span style=\"color: #cccccc;\">Gemeinwohl-Initiativen<\/span><\/h1>\n<p>&nbsp;<\/p>\n<\/div><div class=\"fusion-widget-area fusion-widget-area-1 fusion-content-widget-area\"><style type=\"text\/css\">.fusion-widget-area-1 .widget h4 {color:#333333;}.fusion-widget-area-1 .widget .heading h4 {color:#333333;}<\/style><div id=\"menu-widget-3\" class=\"widget menu\"><style type=\"text\/css\">#menu-widget-3{text-align:center;}#fusion-menu-widget-3 li{display:inline-block;}#fusion-menu-widget-3 ul li a{display:inline-block;padding:0;border:0;color:#ccc;font-size:32px;}#fusion-menu-widget-3 ul li a:after{content:\"|\";color:#ccc;padding-right:25px;padding-left:25px;font-size:32px;}#fusion-menu-widget-3 ul li a:hover,#fusion-menu-widget-3 ul .menu-item.current-menu-item a{color:#fff;}#fusion-menu-widget-3 ul li:last-child a:after{display:none;}#fusion-menu-widget-3 ul li .fusion-widget-cart-number{margin:0 7px;background-color:#fff;color:#ccc;}#fusion-menu-widget-3 ul li.fusion-active-cart-icon .fusion-widget-cart-icon:after{color:#fff;}<\/style><nav id=\"fusion-menu-widget-3\" class=\"fusion-widget-menu\" aria-label=\"Secondary Navigation: \"><ul id=\"menu-submenu-gemeinwohl\" class=\"menu\"><li id=\"menu-item-11677\" class=\"menu-item menu-item-type-post_type menu-item-object-page menu-item-11677\"><a href=\"https:\/\/www.welten-verbinden.at\/start2018\/gemeinwohl\/gemeinwohloekonomie\/\">Gemeinwohl\u00f6konomie<\/a><\/li><li id=\"menu-item-11678\" class=\"menu-item menu-item-type-post_type menu-item-object-page menu-item-11678\"><a href=\"https:\/\/www.welten-verbinden.at\/start2018\/gemeinwohl\/genossenschaft-fuer-gemeinwohl\/\">Genossenschaft f\u00fcr Gemeinwohl<\/a><\/li><li id=\"menu-item-13130\" class=\"menu-item menu-item-type-post_type menu-item-object-page menu-item-13130\"><a href=\"https:\/\/www.welten-verbinden.at\/start2018\/gemeinwohl\/gw-plattformen-links-tipps\/\">GW\u2013Plattformen, Links &#038; Tipps<\/a><\/li><li id=\"menu-item-13360\" class=\"menu-item menu-item-type-post_type menu-item-object-post menu-item-13360\"><a href=\"https:\/\/www.welten-verbinden.at\/start2018\/mima-der-mitmachmarkt\/\">MIMA \u2013 Der MitMachMarkt<\/a><\/li><li id=\"menu-item-13361\" class=\"menu-item menu-item-type-custom menu-item-object-custom menu-item-13361\"><a href=\"https:\/\/www.repanet.at\">RepaNet Reparaturnetzwerke<\/a><\/li><\/ul><\/nav><\/div><div class=\"fusion-additional-widget-content\"><\/div><\/div><div class=\"fusion-clearfix\"><\/div><\/div><\/div><\/div><\/div><div class=\"fusion-fullwidth fullwidth-box fusion-builder-row-2 nonhundred-percent-fullwidth non-hundred-percent-height-scrolling\" style=\"background-color: #dbdbdb;background-position: center center;background-repeat: no-repeat;padding-top:15px;padding-right:15px;padding-bottom:15px;padding-left:15px;margin-bottom: 0px;margin-top: 0px;border-width: 0px 0px 0px 0px;border-color:#eae9e9;border-style:solid;\" ><div class=\"fusion-builder-row fusion-row\"><div class=\"fusion-layout-column fusion_builder_column fusion-builder-column-1 fusion_builder_column_2_3 2_3 fusion-two-third fusion-column-first\" style=\"width:65.3333%; margin-right: 4%;margin-top:0px;margin-bottom:0px;\"><div class=\"fusion-column-wrapper fusion-flex-column-wrapper-legacy\" style=\"background-position:left top;background-repeat:no-repeat;-webkit-background-size:cover;-moz-background-size:cover;-o-background-size:cover;background-size:cover;background-color:rgba(214,214,214,0);padding: 0px 10px 10px 10px;\"><style type='text\/css'>.reading-box-container-1 .element-bottomshadow:before,.reading-box-container-1 .element-bottomshadow:after{opacity:0.7;}<\/style><div class=\"fusion-reading-box-container reading-box-container-1\" style=\"margin-top:0px;margin-bottom:84px;\"><div class=\"reading-box\" style=\"background-color:#f6f6f6;border-width:1px;border-color:#f6f6f6;border-left-width:3px;border-left-color:var(--primary_color);border-style:solid;\"><div class=\"fusion-reading-box-flex\"><h2>Die Gemeinwohl-\u00d6konomie etabliert ein ethisches Wirtschaftsmodell.<br \/>\nDas Wohl von Mensch und Umwelt wird zum obersten Ziel des Wirtschaftens.<\/h2><\/div><\/div><\/div><div class=\"fusion-clearfix\"><\/div><\/div><\/div><div class=\"fusion-layout-column fusion_builder_column fusion-builder-column-2 fusion_builder_column_1_3 1_3 fusion-one-third fusion-column-last\" style=\"width:30.6666%;margin-top:0px;margin-bottom:20px;\"><div class=\"fusion-column-wrapper fusion-flex-column-wrapper-legacy\" style=\"background-position:left top;background-repeat:no-repeat;-webkit-background-size:cover;-moz-background-size:cover;-o-background-size:cover;background-size:cover;background-color:#f2f2f2;padding: 0px 10px 10px 10px;\"><div class=\"fusion-image-frame-bottomshadow image-frame-shadow-1\"><style>.fusion-image-frame-bottomshadow.image-frame-shadow-1{display:inline-block}.element-bottomshadow.imageframe-1:before, .element-bottomshadow.imageframe-1:after{-webkit-box-shadow: 0 17px 10px rgba(0,0,0,0.4);box-shadow: 0 17px 10px rgba(0,0,0,0.4);}<\/style><span class=\" fusion-imageframe imageframe-bottomshadow imageframe-1 element-bottomshadow hover-type-none\"><img width=\"300\" image_height=\"198\" image_id=\"11151\" title=\"shapeimage_6\" src=\"https:\/\/neu.welten-verbinden.at\/wp-content\/uploads\/2018\/01\/shapeimage_6-300x198.png\" class=\"img-responsive wp-image-11151\" srcset=\"https:\/\/www.welten-verbinden.at\/wp-content\/uploads\/2018\/01\/shapeimage_6-200x132.png 200w, https:\/\/www.welten-verbinden.at\/wp-content\/uploads\/2018\/01\/shapeimage_6-400x264.png 400w, https:\/\/www.welten-verbinden.at\/wp-content\/uploads\/2018\/01\/shapeimage_6.png 470w\" sizes=\"(max-width: 800px) 100vw, 400px\" \/><\/span><\/div><div class=\"fusion-clearfix\"><\/div><\/div><\/div><\/div><\/div><div class=\"fusion-fullwidth fullwidth-box fusion-builder-row-3 nonhundred-percent-fullwidth non-hundred-percent-height-scrolling\" style=\"background-color: #ffffff;background-position: center center;background-repeat: no-repeat;padding-top:0px;padding-right:0px;padding-bottom:0px;padding-left:0px;margin-bottom: 0px;margin-top: 0px;border-width: 0px 0px 0px 0px;border-color:#eae9e9;border-style:solid;\" ><div class=\"fusion-builder-row fusion-row\"><div class=\"fusion-layout-column fusion_builder_column fusion-builder-column-3 fusion_builder_column_1_1 1_1 fusion-one-full fusion-column-first fusion-column-last\" style=\"margin-top:0px;margin-bottom:20px;\"><div class=\"fusion-column-wrapper fusion-flex-column-wrapper-legacy\" style=\"background-position:left top;background-repeat:no-repeat;-webkit-background-size:cover;-moz-background-size:cover;-o-background-size:cover;background-size:cover;padding: 0px 0px 0px 0px;\"><div class=\"fusion-text fusion-text-2\"><h1>Alle Beitr\u00e4ge zum Gemeinwohl-Thema<\/h1>\n<\/div><div class=\"fusion-blog-shortcode fusion-blog-shortcode-1 fusion-blog-archive fusion-blog-layout-grid-wrapper fusion-blog-pagination\"><style type=\"text\/css\">.fusion-blog-shortcode-1 .fusion-blog-layout-grid .fusion-post-grid{padding:20px;}.fusion-blog-shortcode-1 .fusion-posts-container{margin-left: -20px !important; margin-right:-20px !important;}<\/style><div class=\"fusion-posts-container fusion-posts-container-pagination fusion-blog-rollover fusion-blog-layout-grid fusion-blog-layout-grid-4 isotope\" data-pages=\"3\" data-grid-col-space=\"40\" style=\"margin: -20px -20px 0;min-height:500px;\"><article id=\"blog-1-post-13327\" class=\"fusion-post-grid post-13327 post type-post status-publish format-standard has-post-thumbnail hentry category-buergerinnen-beteiligung-konvente category-demokratiebewegung category-gemeinwohl category-initiativen category-wirtschaft\">\n<div class=\"fusion-post-wrapper\" style=\"background-color:rgba(255,255,255,0);border:1px solid #ebeaea;border-bottom-width:3px;\">\n\n\t\t\t<div class=\"fusion-flexslider flexslider fusion-flexslider-loading fusion-post-slideshow\" style=\"border-color:#ebeaea;\">\n\t\t<ul class=\"slides\">\n\t\t\t\n\t\t\t\t\t\t\t\t\t\t\t\t\t\t<li>\n\n<div  class=\"fusion-image-wrapper\" aria-haspopup=\"true\">\n\t\n\t\n\t\t\n\t\t\t\t\t<img width=\"250\" height=\"114\" src=\"https:\/\/www.welten-verbinden.at\/wp-content\/uploads\/2022\/04\/Verein-Leichter-Leben.png\" class=\"attachment-full size-full wp-post-image\" alt=\"\" loading=\"lazy\" srcset=\"https:\/\/www.welten-verbinden.at\/wp-content\/uploads\/2022\/04\/Verein-Leichter-Leben-200x91.png 200w, https:\/\/www.welten-verbinden.at\/wp-content\/uploads\/2022\/04\/Verein-Leichter-Leben.png 250w\" sizes=\"(min-width: 2200px) 100vw, (min-width: 856px) 245px, (min-width: 784px) 327px, (min-width: 712px) 490px, (min-width: 640px) 712px, \" \/>\n\t\n\n\t\t<div class=\"fusion-rollover\">\n\t<div class=\"fusion-rollover-content\">\n\n\t\t\t\t\t\t\t\t\t\t\t\t\t\t<a class=\"fusion-rollover-link\" href=\"https:\/\/www.welten-verbinden.at\/start2018\/verein-leichter-leben\/\">Verein Leichter Leben<\/a>\n\t\t\t\n\t\t\t\t\t\t\t\t\t\t\t\t\t\t\n\t\t\t\t\t\t\t\t\n\t\t\t\t\t\t\t\t\t\t\t\t\t<div class=\"fusion-rollover-sep\"><\/div>\n\t\t\t\t\n\t\t\t\t\t\t\t\t\t\t\t\t\t\t\t\t\t\t<a class=\"fusion-rollover-gallery\" href=\"https:\/\/www.welten-verbinden.at\/wp-content\/uploads\/2022\/04\/Verein-Leichter-Leben.png\" data-id=\"13327\" data-rel=\"iLightbox[gallery]\" data-title=\"Verein Leichter Leben\" data-caption=\"\">\n\t\t\t\t\t\tGalerie\t\t\t\t\t<\/a>\n\t\t\t\t\t\t\t\t\t\t\t\t\t\t\n\t\t\t\t\n\t\t\t\t\t\t\t\t\t\t\t\t<h4 class=\"fusion-rollover-title\">\n\t\t\t\t\t<a class=\"fusion-rollover-title-link\" href=\"https:\/\/www.welten-verbinden.at\/start2018\/verein-leichter-leben\/\">\n\t\t\t\t\t\tVerein Leichter Leben\t\t\t\t\t<\/a>\n\t\t\t\t<\/h4>\n\t\t\t\n\t\t\t\t\t\t\t\t\t\t\t\t\t\t<div class=\"fusion-rollover-categories\"><a href=\"https:\/\/www.welten-verbinden.at\/start2018\/category\/demokratiebewegung\/buergerinnen-beteiligung-konvente\/\" rel=\"tag\">B\u00fcrger*innen Beteiligung &amp; Konvente<\/a>, <a href=\"https:\/\/www.welten-verbinden.at\/start2018\/category\/demokratiebewegung\/\" rel=\"tag\">Demokratiebewegung<\/a>, <a href=\"https:\/\/www.welten-verbinden.at\/start2018\/category\/gemeinwohl\/\" rel=\"tag\">Gemeinwohl<\/a>, <a href=\"https:\/\/www.welten-verbinden.at\/start2018\/category\/initiativen\/\" rel=\"tag\">Initiativen<\/a>, <a href=\"https:\/\/www.welten-verbinden.at\/start2018\/category\/zukunftswege\/wirtschaft\/\" rel=\"tag\">Wirtschaft<\/a><\/div>\t\t\t\t\t\n\t\t\n\t\t\t\t<a class=\"fusion-link-wrapper\" href=\"https:\/\/www.welten-verbinden.at\/start2018\/verein-leichter-leben\/\" aria-label=\"Verein Leichter Leben\"><\/a>\n\t<\/div>\n<\/div>\n\n\t\n<\/div>\n<\/li>\n\t\t\t\n\t\t\t\n\t\t\t\t\t\t\t\t\t\t\t\t\t\t\t\t\t\t\t\t\t\t\t\t\t\t\t\t\t\t\t\t\t\t\t\t\t\t\t\t\t\t\t\t\t\t\t\t\t\t\t\t\t\t\t\t\t\t\t\t\t\t\t\t\t\t\t\t<\/ul>\n\t<\/div>\n\t<div class=\"fusion-post-content-wrapper\" style=\"padding:30px 25px 20px 25px;\"><div class=\"fusion-post-content post-content\"><h2 class=\"blog-shortcode-post-title entry-title\"><a href=\"https:\/\/www.welten-verbinden.at\/start2018\/verein-leichter-leben\/\">Verein Leichter Leben<\/a><\/h2><p class=\"fusion-single-line-meta\">By <span class=\"vcard\"><span class=\"fn\"><a href=\"https:\/\/www.welten-verbinden.at\/start2018\/author\/roland-jaritz\/\" title=\"Beitr\u00e4ge von Roland Jaritz\" rel=\"author\">Roland Jaritz<\/a><\/span><\/span><span class=\"fusion-inline-sep\">|<\/span><span class=\"updated\" style=\"display:none;\">2022-04-21T11:39:20+02:00<\/span><span>April 21st, 2022<\/span><span class=\"fusion-inline-sep\">|<\/span>Kategorien: <a href=\"https:\/\/www.welten-verbinden.at\/start2018\/category\/demokratiebewegung\/buergerinnen-beteiligung-konvente\/\" rel=\"category tag\">B\u00fcrger*innen Beteiligung &amp; Konvente<\/a>, <a href=\"https:\/\/www.welten-verbinden.at\/start2018\/category\/demokratiebewegung\/\" rel=\"category tag\">Demokratiebewegung<\/a>, <a href=\"https:\/\/www.welten-verbinden.at\/start2018\/category\/gemeinwohl\/\" rel=\"category tag\">Gemeinwohl<\/a>, <a href=\"https:\/\/www.welten-verbinden.at\/start2018\/category\/initiativen\/\" rel=\"category tag\">Initiativen<\/a>, <a href=\"https:\/\/www.welten-verbinden.at\/start2018\/category\/zukunftswege\/wirtschaft\/\" rel=\"category tag\">Wirtschaft<\/a><span class=\"fusion-inline-sep\">|<\/span><\/p><div class=\"fusion-content-sep sep-double sep-solid\" style=\"border-color:#ebeaea;\"><\/div><div class=\"fusion-post-content-container\"><p>Save\u00a0 the date:5. Mai um 18.309433 St. Andr\u00e4, Andreasplatz 48Eintritt: [...]<\/p><\/div><\/div><div class=\"fusion-meta-info\"><div class=\"fusion-alignleft\"><a class=\"fusion-read-more\" href=\"https:\/\/www.welten-verbinden.at\/start2018\/verein-leichter-leben\/\">Weiterlesen<\/a><\/div><div class=\"fusion-alignright\"><span>Kommentare deaktiviert<span class=\"screen-reader-text\"> f\u00fcr Verein Leichter Leben<\/span><\/span><\/div><\/div><\/div><div class=\"fusion-clearfix\"><\/div><\/div>\n<\/article>\n<article id=\"blog-1-post-13210\" class=\"fusion-post-grid post-13210 post type-post status-publish format-standard has-post-thumbnail hentry category-a-l-l-e category-buergerinnen-beteiligung-konvente category-demokratiebewegung category-gemeinwohl category-gemeinwohloekonomie category-initiativen category-wirtschaft category-zukunftswege tag-analyse tag-ausbeutung tag-cradle-to-cradle tag-globale-wirtschaft tag-soziale-ungerechtigkeit\">\n<div class=\"fusion-post-wrapper\" style=\"background-color:rgba(255,255,255,0);border:1px solid #ebeaea;border-bottom-width:3px;\">\n\n\t\t\t<div class=\"fusion-flexslider flexslider fusion-flexslider-loading fusion-post-slideshow\" style=\"border-color:#ebeaea;\">\n\t\t<ul class=\"slides\">\n\t\t\t\n\t\t\t\t\t\t\t\t\t\t\t\t\t\t<li>\n\n<div  class=\"fusion-image-wrapper\" aria-haspopup=\"true\">\n\t\n\t\n\t\t\n\t\t\t\t\t<img width=\"369\" height=\"383\" src=\"https:\/\/www.welten-verbinden.at\/wp-content\/uploads\/2021\/01\/ALLE-Logo-300.jpg\" class=\"attachment-full size-full wp-post-image\" alt=\"\" loading=\"lazy\" srcset=\"https:\/\/www.welten-verbinden.at\/wp-content\/uploads\/2021\/01\/ALLE-Logo-300-200x208.jpg 200w, https:\/\/www.welten-verbinden.at\/wp-content\/uploads\/2021\/01\/ALLE-Logo-300.jpg 369w\" sizes=\"(min-width: 2200px) 100vw, (min-width: 856px) 245px, (min-width: 784px) 327px, (min-width: 712px) 490px, (min-width: 640px) 712px, \" \/>\n\t\n\n\t\t<div class=\"fusion-rollover\">\n\t<div class=\"fusion-rollover-content\">\n\n\t\t\t\t\t\t\t\t\t\t\t\t\t\t<a class=\"fusion-rollover-link\" href=\"https:\/\/www.welten-verbinden.at\/start2018\/alle-die-bewegung\/\">ALLE \u2013 Die Bewegung<\/a>\n\t\t\t\n\t\t\t\t\t\t\t\t\t\t\t\t\t\t\n\t\t\t\t\t\t\t\t\n\t\t\t\t\t\t\t\t\t\t\t\t\t<div class=\"fusion-rollover-sep\"><\/div>\n\t\t\t\t\n\t\t\t\t\t\t\t\t\t\t\t\t\t\t\t\t\t\t<a class=\"fusion-rollover-gallery\" href=\"https:\/\/www.welten-verbinden.at\/wp-content\/uploads\/2021\/01\/ALLE-Logo-300.jpg\" data-id=\"13210\" data-rel=\"iLightbox[gallery]\" data-title=\"ALLE-Logo-300\" data-caption=\"\">\n\t\t\t\t\t\tGalerie\t\t\t\t\t<\/a>\n\t\t\t\t\t\t\t\t\t\t\t\t\t\t\n\t\t\t\t\n\t\t\t\t\t\t\t\t\t\t\t\t<h4 class=\"fusion-rollover-title\">\n\t\t\t\t\t<a class=\"fusion-rollover-title-link\" href=\"https:\/\/www.welten-verbinden.at\/start2018\/alle-die-bewegung\/\">\n\t\t\t\t\t\tALLE \u2013 Die Bewegung\t\t\t\t\t<\/a>\n\t\t\t\t<\/h4>\n\t\t\t\n\t\t\t\t\t\t\t\t\t\t\t\t\t\t<div class=\"fusion-rollover-categories\"><a href=\"https:\/\/www.welten-verbinden.at\/start2018\/category\/demokratiebewegung\/a-l-l-e\/\" rel=\"tag\">A.L.L.E<\/a>, <a href=\"https:\/\/www.welten-verbinden.at\/start2018\/category\/demokratiebewegung\/buergerinnen-beteiligung-konvente\/\" rel=\"tag\">B\u00fcrger*innen Beteiligung &amp; Konvente<\/a>, <a href=\"https:\/\/www.welten-verbinden.at\/start2018\/category\/demokratiebewegung\/\" rel=\"tag\">Demokratiebewegung<\/a>, <a href=\"https:\/\/www.welten-verbinden.at\/start2018\/category\/gemeinwohl\/\" rel=\"tag\">Gemeinwohl<\/a>, <a href=\"https:\/\/www.welten-verbinden.at\/start2018\/category\/gemeinwohl\/gemeinwohloekonomie\/\" rel=\"tag\">Gemeinwohl\u00f6konomie<\/a>, <a href=\"https:\/\/www.welten-verbinden.at\/start2018\/category\/initiativen\/\" rel=\"tag\">Initiativen<\/a>, <a href=\"https:\/\/www.welten-verbinden.at\/start2018\/category\/zukunftswege\/wirtschaft\/\" rel=\"tag\">Wirtschaft<\/a>, <a href=\"https:\/\/www.welten-verbinden.at\/start2018\/category\/zukunftswege\/\" rel=\"tag\">Zukunftswege<\/a><\/div>\t\t\t\t\t\n\t\t\n\t\t\t\t<a class=\"fusion-link-wrapper\" href=\"https:\/\/www.welten-verbinden.at\/start2018\/alle-die-bewegung\/\" aria-label=\"ALLE \u2013 Die Bewegung\"><\/a>\n\t<\/div>\n<\/div>\n\n\t\n<\/div>\n<\/li>\n\t\t\t\n\t\t\t\n\t\t\t\t\t\t\t\t\t\t\t\t\t\t\t\t\t\t\t\t\t\t\t\t\t\t\t\t\t\t\t\t\t\t\t\t\t\t\t\t\t\t\t\t\t\t\t\t\t\t\t\t\t\t\t\t\t\t\t\t\t\t\t\t\t\t\t\t<\/ul>\n\t<\/div>\n\t<div class=\"fusion-post-content-wrapper\" style=\"padding:30px 25px 20px 25px;\"><div class=\"fusion-post-content post-content\"><h2 class=\"blog-shortcode-post-title entry-title\"><a href=\"https:\/\/www.welten-verbinden.at\/start2018\/alle-die-bewegung\/\">ALLE \u2013 Die Bewegung<\/a><\/h2><p class=\"fusion-single-line-meta\">By <span class=\"vcard\"><span class=\"fn\"><a href=\"https:\/\/www.welten-verbinden.at\/start2018\/author\/roland-jaritz\/\" title=\"Beitr\u00e4ge von Roland Jaritz\" rel=\"author\">Roland Jaritz<\/a><\/span><\/span><span class=\"fusion-inline-sep\">|<\/span><span class=\"updated\" style=\"display:none;\">2021-01-25T12:03:09+01:00<\/span><span>Januar 25th, 2021<\/span><span class=\"fusion-inline-sep\">|<\/span>Kategorien: <a href=\"https:\/\/www.welten-verbinden.at\/start2018\/category\/demokratiebewegung\/a-l-l-e\/\" rel=\"category tag\">A.L.L.E<\/a>, <a href=\"https:\/\/www.welten-verbinden.at\/start2018\/category\/demokratiebewegung\/buergerinnen-beteiligung-konvente\/\" rel=\"category tag\">B\u00fcrger*innen Beteiligung &amp; Konvente<\/a>, <a href=\"https:\/\/www.welten-verbinden.at\/start2018\/category\/demokratiebewegung\/\" rel=\"category tag\">Demokratiebewegung<\/a>, <a href=\"https:\/\/www.welten-verbinden.at\/start2018\/category\/gemeinwohl\/\" rel=\"category tag\">Gemeinwohl<\/a>, <a href=\"https:\/\/www.welten-verbinden.at\/start2018\/category\/gemeinwohl\/gemeinwohloekonomie\/\" rel=\"category tag\">Gemeinwohl\u00f6konomie<\/a>, <a href=\"https:\/\/www.welten-verbinden.at\/start2018\/category\/initiativen\/\" rel=\"category tag\">Initiativen<\/a>, <a href=\"https:\/\/www.welten-verbinden.at\/start2018\/category\/zukunftswege\/wirtschaft\/\" rel=\"category tag\">Wirtschaft<\/a>, <a href=\"https:\/\/www.welten-verbinden.at\/start2018\/category\/zukunftswege\/\" rel=\"category tag\">Zukunftswege<\/a><span class=\"fusion-inline-sep\">|<\/span><span class=\"meta-tags\">Schlagw\u00f6rter: <a href=\"https:\/\/www.welten-verbinden.at\/start2018\/tag\/analyse\/\" rel=\"tag\">Analyse<\/a>, <a href=\"https:\/\/www.welten-verbinden.at\/start2018\/tag\/ausbeutung\/\" rel=\"tag\">Ausbeutung<\/a>, <a href=\"https:\/\/www.welten-verbinden.at\/start2018\/tag\/cradle-to-cradle\/\" rel=\"tag\">Cradle to Cradle<\/a>, <a href=\"https:\/\/www.welten-verbinden.at\/start2018\/tag\/globale-wirtschaft\/\" rel=\"tag\">Globale Wirtschaft<\/a>, <a href=\"https:\/\/www.welten-verbinden.at\/start2018\/tag\/soziale-ungerechtigkeit\/\" rel=\"tag\">Soziale Ungerechtigkeit<\/a><\/span><span class=\"fusion-inline-sep\">|<\/span><\/p><div class=\"fusion-content-sep sep-double sep-solid\" style=\"border-color:#ebeaea;\"><\/div><div class=\"fusion-post-content-container\"><p>  Die Bewegung All unsere Gedanken, Anregungen, Ideen verstehen [...]<\/p><\/div><\/div><div class=\"fusion-meta-info\"><div class=\"fusion-alignleft\"><a class=\"fusion-read-more\" href=\"https:\/\/www.welten-verbinden.at\/start2018\/alle-die-bewegung\/\">Weiterlesen<\/a><\/div><div class=\"fusion-alignright\"><span>Kommentare deaktiviert<span class=\"screen-reader-text\"> f\u00fcr ALLE \u2013 Die Bewegung<\/span><\/span><\/div><\/div><\/div><div class=\"fusion-clearfix\"><\/div><\/div>\n<\/article>\n<article id=\"blog-1-post-13186\" class=\"fusion-post-grid post-13186 post type-post status-publish format-standard has-post-thumbnail hentry category-gemeinwohl category-gemeinwohloekonomie category-initiativen category-kongress category-lebenswerte-gemeinde category-veranstaltung category-wirtschaft category-zukunftswege tag-analyse tag-ausbeutung tag-cradle-to-cradle tag-globale-wirtschaft tag-soziale-ungerechtigkeit\">\n<div class=\"fusion-post-wrapper\" style=\"background-color:rgba(255,255,255,0);border:1px solid #ebeaea;border-bottom-width:3px;\">\n\n\t\t\t<div class=\"fusion-flexslider flexslider fusion-flexslider-loading fusion-post-slideshow\" style=\"border-color:#ebeaea;\">\n\t\t<ul class=\"slides\">\n\t\t\t\n\t\t\t\t\t\t\t\t\t\t\t\t\t\t<li>\n\n<div  class=\"fusion-image-wrapper\" aria-haspopup=\"true\">\n\t\n\t\n\t\t\n\t\t\t\t\t<img width=\"2036\" height=\"990\" src=\"https:\/\/www.welten-verbinden.at\/wp-content\/uploads\/2019\/07\/LG-Vid-1.jpg\" class=\"attachment-full size-full wp-post-image\" alt=\"\" loading=\"lazy\" srcset=\"https:\/\/www.welten-verbinden.at\/wp-content\/uploads\/2019\/07\/LG-Vid-1-200x97.jpg 200w, https:\/\/www.welten-verbinden.at\/wp-content\/uploads\/2019\/07\/LG-Vid-1-400x194.jpg 400w, https:\/\/www.welten-verbinden.at\/wp-content\/uploads\/2019\/07\/LG-Vid-1-600x292.jpg 600w, https:\/\/www.welten-verbinden.at\/wp-content\/uploads\/2019\/07\/LG-Vid-1-800x389.jpg 800w, https:\/\/www.welten-verbinden.at\/wp-content\/uploads\/2019\/07\/LG-Vid-1-1200x583.jpg 1200w, https:\/\/www.welten-verbinden.at\/wp-content\/uploads\/2019\/07\/LG-Vid-1.jpg 2036w\" sizes=\"(min-width: 2200px) 100vw, (min-width: 856px) 245px, (min-width: 784px) 327px, (min-width: 712px) 490px, (min-width: 640px) 712px, \" \/>\n\t\n\n\t\t<div class=\"fusion-rollover\">\n\t<div class=\"fusion-rollover-content\">\n\n\t\t\t\t\t\t\t\t\t\t\t\t\t\t<a class=\"fusion-rollover-link\" href=\"https:\/\/www.welten-verbinden.at\/start2018\/lebenswerte-gemeinde-bewusst-gemeinsam-leben\/\">Lebenswerte Gemeinde &#8211; Bewusst gemeinsam Leben<\/a>\n\t\t\t\n\t\t\t\t\t\t\t\t\t\t\t\t\t\t\n\t\t\t\t\t\t\t\t\n\t\t\t\t\t\t\t\t\t\t\t\t\t<div class=\"fusion-rollover-sep\"><\/div>\n\t\t\t\t\n\t\t\t\t\t\t\t\t\t\t\t\t\t\t\t\t\t\t<a class=\"fusion-rollover-gallery\" href=\"https:\/\/www.welten-verbinden.at\/wp-content\/uploads\/2019\/07\/LG-Vid-1.jpg\" data-id=\"13186\" data-rel=\"iLightbox[gallery]\" data-title=\"LG-Vid\" data-caption=\"\">\n\t\t\t\t\t\tGalerie\t\t\t\t\t<\/a>\n\t\t\t\t\t\t\t\t\t\t\t\t\t\t\n\t\t\t\t\n\t\t\t\t\t\t\t\t\t\t\t\t<h4 class=\"fusion-rollover-title\">\n\t\t\t\t\t<a class=\"fusion-rollover-title-link\" href=\"https:\/\/www.welten-verbinden.at\/start2018\/lebenswerte-gemeinde-bewusst-gemeinsam-leben\/\">\n\t\t\t\t\t\tLebenswerte Gemeinde &#8211; Bewusst gemeinsam Leben\t\t\t\t\t<\/a>\n\t\t\t\t<\/h4>\n\t\t\t\n\t\t\t\t\t\t\t\t\t\t\t\t\t\t<div class=\"fusion-rollover-categories\"><a href=\"https:\/\/www.welten-verbinden.at\/start2018\/category\/gemeinwohl\/\" rel=\"tag\">Gemeinwohl<\/a>, <a href=\"https:\/\/www.welten-verbinden.at\/start2018\/category\/gemeinwohl\/gemeinwohloekonomie\/\" rel=\"tag\">Gemeinwohl\u00f6konomie<\/a>, <a href=\"https:\/\/www.welten-verbinden.at\/start2018\/category\/initiativen\/\" rel=\"tag\">Initiativen<\/a>, <a href=\"https:\/\/www.welten-verbinden.at\/start2018\/category\/veranstaltung\/kongress\/\" rel=\"tag\">Kongress<\/a>, <a href=\"https:\/\/www.welten-verbinden.at\/start2018\/category\/gemeinwohl\/lebenswerte-gemeinde\/\" rel=\"tag\">Lebenswerte Gemeinde<\/a>, <a href=\"https:\/\/www.welten-verbinden.at\/start2018\/category\/veranstaltung\/\" rel=\"tag\">Veranstaltung<\/a>, <a href=\"https:\/\/www.welten-verbinden.at\/start2018\/category\/zukunftswege\/wirtschaft\/\" rel=\"tag\">Wirtschaft<\/a>, <a href=\"https:\/\/www.welten-verbinden.at\/start2018\/category\/zukunftswege\/\" rel=\"tag\">Zukunftswege<\/a><\/div>\t\t\t\t\t\n\t\t\n\t\t\t\t<a class=\"fusion-link-wrapper\" href=\"https:\/\/www.welten-verbinden.at\/start2018\/lebenswerte-gemeinde-bewusst-gemeinsam-leben\/\" aria-label=\"Lebenswerte Gemeinde &#8211; Bewusst gemeinsam Leben\"><\/a>\n\t<\/div>\n<\/div>\n\n\t\n<\/div>\n<\/li>\n\t\t\t\n\t\t\t\n\t\t\t\t\t\t\t\t\t\t\t\t\t\t\t\t\t\t\t\t\t\t\t\t\t\t\t\t\t\t\t\t\t\t\t\t\t\t\t\t\t\t\t\t\t\t\t\t\t\t\t\t\t\t\t\t\t\t\t\t\t\t\t\t\t\t\t\t<\/ul>\n\t<\/div>\n\t<div class=\"fusion-post-content-wrapper\" style=\"padding:30px 25px 20px 25px;\"><div class=\"fusion-post-content post-content\"><h2 class=\"blog-shortcode-post-title entry-title\"><a href=\"https:\/\/www.welten-verbinden.at\/start2018\/lebenswerte-gemeinde-bewusst-gemeinsam-leben\/\">Lebenswerte Gemeinde &#8211; Bewusst gemeinsam Leben<\/a><\/h2><p class=\"fusion-single-line-meta\">By <span class=\"vcard\"><span class=\"fn\"><a href=\"https:\/\/www.welten-verbinden.at\/start2018\/author\/roland-jaritz\/\" title=\"Beitr\u00e4ge von Roland Jaritz\" rel=\"author\">Roland Jaritz<\/a><\/span><\/span><span class=\"fusion-inline-sep\">|<\/span><span class=\"updated\" style=\"display:none;\">2019-07-22T10:20:45+02:00<\/span><span>Juli 22nd, 2019<\/span><span class=\"fusion-inline-sep\">|<\/span>Kategorien: <a href=\"https:\/\/www.welten-verbinden.at\/start2018\/category\/gemeinwohl\/\" rel=\"category tag\">Gemeinwohl<\/a>, <a href=\"https:\/\/www.welten-verbinden.at\/start2018\/category\/gemeinwohl\/gemeinwohloekonomie\/\" rel=\"category tag\">Gemeinwohl\u00f6konomie<\/a>, <a href=\"https:\/\/www.welten-verbinden.at\/start2018\/category\/initiativen\/\" rel=\"category tag\">Initiativen<\/a>, <a href=\"https:\/\/www.welten-verbinden.at\/start2018\/category\/veranstaltung\/kongress\/\" rel=\"category tag\">Kongress<\/a>, <a href=\"https:\/\/www.welten-verbinden.at\/start2018\/category\/gemeinwohl\/lebenswerte-gemeinde\/\" rel=\"category tag\">Lebenswerte Gemeinde<\/a>, <a href=\"https:\/\/www.welten-verbinden.at\/start2018\/category\/veranstaltung\/\" rel=\"category tag\">Veranstaltung<\/a>, <a href=\"https:\/\/www.welten-verbinden.at\/start2018\/category\/zukunftswege\/wirtschaft\/\" rel=\"category tag\">Wirtschaft<\/a>, <a href=\"https:\/\/www.welten-verbinden.at\/start2018\/category\/zukunftswege\/\" rel=\"category tag\">Zukunftswege<\/a><span class=\"fusion-inline-sep\">|<\/span><span class=\"meta-tags\">Schlagw\u00f6rter: <a href=\"https:\/\/www.welten-verbinden.at\/start2018\/tag\/analyse\/\" rel=\"tag\">Analyse<\/a>, <a href=\"https:\/\/www.welten-verbinden.at\/start2018\/tag\/ausbeutung\/\" rel=\"tag\">Ausbeutung<\/a>, <a href=\"https:\/\/www.welten-verbinden.at\/start2018\/tag\/cradle-to-cradle\/\" rel=\"tag\">Cradle to Cradle<\/a>, <a href=\"https:\/\/www.welten-verbinden.at\/start2018\/tag\/globale-wirtschaft\/\" rel=\"tag\">Globale Wirtschaft<\/a>, <a href=\"https:\/\/www.welten-verbinden.at\/start2018\/tag\/soziale-ungerechtigkeit\/\" rel=\"tag\">Soziale Ungerechtigkeit<\/a><\/span><span class=\"fusion-inline-sep\">|<\/span><\/p><div class=\"fusion-content-sep sep-double sep-solid\" style=\"border-color:#ebeaea;\"><\/div><div class=\"fusion-post-content-container\"><p>   \u00dcber 2.500 Menschen aus innovativen und nachhaltigen [...]<\/p><\/div><\/div><div class=\"fusion-meta-info\"><div class=\"fusion-alignleft\"><a class=\"fusion-read-more\" href=\"https:\/\/www.welten-verbinden.at\/start2018\/lebenswerte-gemeinde-bewusst-gemeinsam-leben\/\">Weiterlesen<\/a><\/div><div class=\"fusion-alignright\"><span>Kommentare deaktiviert<span class=\"screen-reader-text\"> f\u00fcr Lebenswerte Gemeinde &#8211; Bewusst gemeinsam Leben<\/span><\/span><\/div><\/div><\/div><div class=\"fusion-clearfix\"><\/div><\/div>\n<\/article>\n<article id=\"blog-1-post-13103\" class=\"fusion-post-grid post-13103 post type-post status-publish format-standard has-post-thumbnail hentry category-demokratiebewegung category-gemeinwohl category-gemeinwohloekonomie category-wirtschaft category-zukunftswege tag-analyse tag-ausbeutung tag-cradle-to-cradle tag-globale-wirtschaft tag-soziale-ungerechtigkeit\">\n<div class=\"fusion-post-wrapper\" style=\"background-color:rgba(255,255,255,0);border:1px solid #ebeaea;border-bottom-width:3px;\">\n\n\t\t\t<div class=\"fusion-flexslider flexslider fusion-flexslider-loading fusion-post-slideshow\" style=\"border-color:#ebeaea;\">\n\t\t<ul class=\"slides\">\n\t\t\t\n\t\t\t\t\t\t\t\t\t\t\t\t\t\t<li>\n\n<div  class=\"fusion-image-wrapper\" aria-haspopup=\"true\">\n\t\n\t\n\t\t\n\t\t\t\t\t<img width=\"1066\" height=\"1208\" src=\"https:\/\/www.welten-verbinden.at\/wp-content\/uploads\/2019\/03\/Prof.Braungart.jpg\" class=\"attachment-full size-full wp-post-image\" alt=\"\" loading=\"lazy\" srcset=\"https:\/\/www.welten-verbinden.at\/wp-content\/uploads\/2019\/03\/Prof.Braungart-200x227.jpg 200w, https:\/\/www.welten-verbinden.at\/wp-content\/uploads\/2019\/03\/Prof.Braungart-400x453.jpg 400w, https:\/\/www.welten-verbinden.at\/wp-content\/uploads\/2019\/03\/Prof.Braungart-600x680.jpg 600w, https:\/\/www.welten-verbinden.at\/wp-content\/uploads\/2019\/03\/Prof.Braungart-800x907.jpg 800w, https:\/\/www.welten-verbinden.at\/wp-content\/uploads\/2019\/03\/Prof.Braungart.jpg 1066w\" sizes=\"(min-width: 2200px) 100vw, (min-width: 856px) 245px, (min-width: 784px) 327px, (min-width: 712px) 490px, (min-width: 640px) 712px, \" \/>\n\t\n\n\t\t<div class=\"fusion-rollover\">\n\t<div class=\"fusion-rollover-content\">\n\n\t\t\t\t\t\t\t\t\t\t\t\t\t\t<a class=\"fusion-rollover-link\" href=\"https:\/\/www.welten-verbinden.at\/start2018\/prof-michael-braungart-cradle-to-cradle-keynote-entrepreneurship-summit-2015-in-berlin\/\">Prof. Michael Braungart Cradle to Cradle Keynote \u2013 Entrepreneurship Summit 2015 in Berlin<\/a>\n\t\t\t\n\t\t\t\t\t\t\t\t\t\t\t\t\t\t\n\t\t\t\t\t\t\t\t\n\t\t\t\t\t\t\t\t\t\t\t\t\t<div class=\"fusion-rollover-sep\"><\/div>\n\t\t\t\t\n\t\t\t\t\t\t\t\t\t\t\t\t\t\t\t\t\t\t<a class=\"fusion-rollover-gallery\" href=\"https:\/\/www.welten-verbinden.at\/wp-content\/uploads\/2019\/03\/Prof.Braungart.jpg\" data-id=\"13103\" data-rel=\"iLightbox[gallery]\" data-title=\"Prof.Braungart\" data-caption=\"\">\n\t\t\t\t\t\tGalerie\t\t\t\t\t<\/a>\n\t\t\t\t\t\t\t\t\t\t\t\t\t\t\n\t\t\t\t\n\t\t\t\t\t\t\t\t\t\t\t\t<h4 class=\"fusion-rollover-title\">\n\t\t\t\t\t<a class=\"fusion-rollover-title-link\" href=\"https:\/\/www.welten-verbinden.at\/start2018\/prof-michael-braungart-cradle-to-cradle-keynote-entrepreneurship-summit-2015-in-berlin\/\">\n\t\t\t\t\t\tProf. Michael Braungart Cradle to Cradle Keynote \u2013 Entrepreneurship Summit 2015 in Berlin\t\t\t\t\t<\/a>\n\t\t\t\t<\/h4>\n\t\t\t\n\t\t\t\t\t\t\t\t\t\t\t\t\t\t<div class=\"fusion-rollover-categories\"><a href=\"https:\/\/www.welten-verbinden.at\/start2018\/category\/demokratiebewegung\/\" rel=\"tag\">Demokratiebewegung<\/a>, <a href=\"https:\/\/www.welten-verbinden.at\/start2018\/category\/gemeinwohl\/\" rel=\"tag\">Gemeinwohl<\/a>, <a href=\"https:\/\/www.welten-verbinden.at\/start2018\/category\/gemeinwohl\/gemeinwohloekonomie\/\" rel=\"tag\">Gemeinwohl\u00f6konomie<\/a>, <a href=\"https:\/\/www.welten-verbinden.at\/start2018\/category\/zukunftswege\/wirtschaft\/\" rel=\"tag\">Wirtschaft<\/a>, <a href=\"https:\/\/www.welten-verbinden.at\/start2018\/category\/zukunftswege\/\" rel=\"tag\">Zukunftswege<\/a><\/div>\t\t\t\t\t\n\t\t\n\t\t\t\t<a class=\"fusion-link-wrapper\" href=\"https:\/\/www.welten-verbinden.at\/start2018\/prof-michael-braungart-cradle-to-cradle-keynote-entrepreneurship-summit-2015-in-berlin\/\" aria-label=\"Prof. Michael Braungart Cradle to Cradle Keynote \u2013 Entrepreneurship Summit 2015 in Berlin\"><\/a>\n\t<\/div>\n<\/div>\n\n\t\n<\/div>\n<\/li>\n\t\t\t\n\t\t\t\n\t\t\t\t\t\t\t\t\t\t\t\t\t\t\t\t\t\t\t\t\t\t\t\t\t\t\t\t\t\t\t\t\t\t\t\t\t\t\t\t\t\t\t\t\t\t\t\t\t\t\t\t\t\t\t\t\t\t\t\t\t\t\t\t\t\t\t\t<\/ul>\n\t<\/div>\n\t<div class=\"fusion-post-content-wrapper\" style=\"padding:30px 25px 20px 25px;\"><div class=\"fusion-post-content post-content\"><h2 class=\"blog-shortcode-post-title entry-title\"><a href=\"https:\/\/www.welten-verbinden.at\/start2018\/prof-michael-braungart-cradle-to-cradle-keynote-entrepreneurship-summit-2015-in-berlin\/\">Prof. Michael Braungart Cradle to Cradle Keynote \u2013 Entrepreneurship Summit 2015 in Berlin<\/a><\/h2><p class=\"fusion-single-line-meta\">By <span class=\"vcard\"><span class=\"fn\"><a href=\"https:\/\/www.welten-verbinden.at\/start2018\/author\/roland-jaritz\/\" title=\"Beitr\u00e4ge von Roland Jaritz\" rel=\"author\">Roland Jaritz<\/a><\/span><\/span><span class=\"fusion-inline-sep\">|<\/span><span class=\"updated\" style=\"display:none;\">2019-03-15T10:38:24+01:00<\/span><span>M\u00e4rz 15th, 2019<\/span><span class=\"fusion-inline-sep\">|<\/span>Kategorien: <a href=\"https:\/\/www.welten-verbinden.at\/start2018\/category\/demokratiebewegung\/\" rel=\"category tag\">Demokratiebewegung<\/a>, <a href=\"https:\/\/www.welten-verbinden.at\/start2018\/category\/gemeinwohl\/\" rel=\"category tag\">Gemeinwohl<\/a>, <a href=\"https:\/\/www.welten-verbinden.at\/start2018\/category\/gemeinwohl\/gemeinwohloekonomie\/\" rel=\"category tag\">Gemeinwohl\u00f6konomie<\/a>, <a href=\"https:\/\/www.welten-verbinden.at\/start2018\/category\/zukunftswege\/wirtschaft\/\" rel=\"category tag\">Wirtschaft<\/a>, <a href=\"https:\/\/www.welten-verbinden.at\/start2018\/category\/zukunftswege\/\" rel=\"category tag\">Zukunftswege<\/a><span class=\"fusion-inline-sep\">|<\/span><span class=\"meta-tags\">Schlagw\u00f6rter: <a href=\"https:\/\/www.welten-verbinden.at\/start2018\/tag\/analyse\/\" rel=\"tag\">Analyse<\/a>, <a href=\"https:\/\/www.welten-verbinden.at\/start2018\/tag\/ausbeutung\/\" rel=\"tag\">Ausbeutung<\/a>, <a href=\"https:\/\/www.welten-verbinden.at\/start2018\/tag\/cradle-to-cradle\/\" rel=\"tag\">Cradle to Cradle<\/a>, <a href=\"https:\/\/www.welten-verbinden.at\/start2018\/tag\/globale-wirtschaft\/\" rel=\"tag\">Globale Wirtschaft<\/a>, <a href=\"https:\/\/www.welten-verbinden.at\/start2018\/tag\/soziale-ungerechtigkeit\/\" rel=\"tag\">Soziale Ungerechtigkeit<\/a><\/span><span class=\"fusion-inline-sep\">|<\/span><\/p><div class=\"fusion-content-sep sep-double sep-solid\" style=\"border-color:#ebeaea;\"><\/div><div class=\"fusion-post-content-container\"><p>   Prof. Michael Braungart Cradle to Cradle Keynote [...]<\/p><\/div><\/div><div class=\"fusion-meta-info\"><div class=\"fusion-alignleft\"><a class=\"fusion-read-more\" href=\"https:\/\/www.welten-verbinden.at\/start2018\/prof-michael-braungart-cradle-to-cradle-keynote-entrepreneurship-summit-2015-in-berlin\/\">Weiterlesen<\/a><\/div><div class=\"fusion-alignright\"><span>Kommentare deaktiviert<span class=\"screen-reader-text\"> f\u00fcr Prof. Michael Braungart Cradle to Cradle Keynote \u2013 Entrepreneurship Summit 2015 in Berlin<\/span><\/span><\/div><\/div><\/div><div class=\"fusion-clearfix\"><\/div><\/div>\n<\/article>\n<article id=\"blog-1-post-13097\" class=\"fusion-post-grid post-13097 post type-post status-publish format-standard has-post-thumbnail hentry category-demokratiebewegung category-film-tipps category-gemeinwohl category-gemeinwohloekonomie category-staerkung category-wirtschaft category-zukunftswege tag-glueck tag-transformation tag-veraenderung tag-zukunft\">\n<div class=\"fusion-post-wrapper\" style=\"background-color:rgba(255,255,255,0);border:1px solid #ebeaea;border-bottom-width:3px;\">\n\n\t\t\t<div class=\"fusion-flexslider flexslider fusion-flexslider-loading fusion-post-slideshow\" style=\"border-color:#ebeaea;\">\n\t\t<ul class=\"slides\">\n\t\t\t\n\t\t\t\t\t\t\t\t\t\t\t\t\t\t<li>\n\n<div  class=\"fusion-image-wrapper\" aria-haspopup=\"true\">\n\t\n\t\n\t\t\n\t\t\t\t\t<img width=\"1976\" height=\"850\" src=\"https:\/\/www.welten-verbinden.at\/wp-content\/uploads\/2019\/03\/Erf\u00fclltes-Leben.jpg\" class=\"attachment-full size-full wp-post-image\" alt=\"\" loading=\"lazy\" srcset=\"https:\/\/www.welten-verbinden.at\/wp-content\/uploads\/2019\/03\/Erf\u00fclltes-Leben-200x86.jpg 200w, https:\/\/www.welten-verbinden.at\/wp-content\/uploads\/2019\/03\/Erf\u00fclltes-Leben-400x172.jpg 400w, https:\/\/www.welten-verbinden.at\/wp-content\/uploads\/2019\/03\/Erf\u00fclltes-Leben-600x258.jpg 600w, https:\/\/www.welten-verbinden.at\/wp-content\/uploads\/2019\/03\/Erf\u00fclltes-Leben-800x344.jpg 800w, https:\/\/www.welten-verbinden.at\/wp-content\/uploads\/2019\/03\/Erf\u00fclltes-Leben-1200x516.jpg 1200w, https:\/\/www.welten-verbinden.at\/wp-content\/uploads\/2019\/03\/Erf\u00fclltes-Leben.jpg 1976w\" sizes=\"(min-width: 2200px) 100vw, (min-width: 856px) 245px, (min-width: 784px) 327px, (min-width: 712px) 490px, (min-width: 640px) 712px, \" \/>\n\t\n\n\t\t<div class=\"fusion-rollover\">\n\t<div class=\"fusion-rollover-content\">\n\n\t\t\t\t\t\t\t\t\t\t\t\t\t\t<a class=\"fusion-rollover-link\" href=\"https:\/\/www.welten-verbinden.at\/start2018\/erfuelltes-leben-wenn-die-schale-ueberfliesst\/\">Erf\u00fclltes Leben-wenn die Schale \u00fcberflie\u00dft<\/a>\n\t\t\t\n\t\t\t\t\t\t\t\t\t\t\t\t\t\t\n\t\t\t\t\t\t\t\t\n\t\t\t\t\t\t\t\t\t\t\t\t\t<div class=\"fusion-rollover-sep\"><\/div>\n\t\t\t\t\n\t\t\t\t\t\t\t\t\t\t\t\t\t\t\t\t\t\t<a class=\"fusion-rollover-gallery\" href=\"https:\/\/www.welten-verbinden.at\/wp-content\/uploads\/2019\/03\/Erf\u00fclltes-Leben.jpg\" data-id=\"13097\" data-rel=\"iLightbox[gallery]\" data-title=\"Erf\u00fclltes Leben\" data-caption=\"\">\n\t\t\t\t\t\tGalerie\t\t\t\t\t<\/a>\n\t\t\t\t\t\t\t\t\t\t\t\t\t\t\n\t\t\t\t\n\t\t\t\t\t\t\t\t\t\t\t\t<h4 class=\"fusion-rollover-title\">\n\t\t\t\t\t<a class=\"fusion-rollover-title-link\" href=\"https:\/\/www.welten-verbinden.at\/start2018\/erfuelltes-leben-wenn-die-schale-ueberfliesst\/\">\n\t\t\t\t\t\tErf\u00fclltes Leben-wenn die Schale \u00fcberflie\u00dft\t\t\t\t\t<\/a>\n\t\t\t\t<\/h4>\n\t\t\t\n\t\t\t\t\t\t\t\t\t\t\t\t\t\t<div class=\"fusion-rollover-categories\"><a href=\"https:\/\/www.welten-verbinden.at\/start2018\/category\/demokratiebewegung\/\" rel=\"tag\">Demokratiebewegung<\/a>, <a href=\"https:\/\/www.welten-verbinden.at\/start2018\/category\/tipps\/film-tipps\/\" rel=\"tag\">Film-Tipps<\/a>, <a href=\"https:\/\/www.welten-verbinden.at\/start2018\/category\/gemeinwohl\/\" rel=\"tag\">Gemeinwohl<\/a>, <a href=\"https:\/\/www.welten-verbinden.at\/start2018\/category\/gemeinwohl\/gemeinwohloekonomie\/\" rel=\"tag\">Gemeinwohl\u00f6konomie<\/a>, <a href=\"https:\/\/www.welten-verbinden.at\/start2018\/category\/tipps\/film-tipps\/staerkung\/\" rel=\"tag\">St\u00e4rkung<\/a>, <a href=\"https:\/\/www.welten-verbinden.at\/start2018\/category\/zukunftswege\/wirtschaft\/\" rel=\"tag\">Wirtschaft<\/a>, <a href=\"https:\/\/www.welten-verbinden.at\/start2018\/category\/zukunftswege\/\" rel=\"tag\">Zukunftswege<\/a><\/div>\t\t\t\t\t\n\t\t\n\t\t\t\t<a class=\"fusion-link-wrapper\" href=\"https:\/\/www.welten-verbinden.at\/start2018\/erfuelltes-leben-wenn-die-schale-ueberfliesst\/\" aria-label=\"Erf\u00fclltes Leben-wenn die Schale \u00fcberflie\u00dft\"><\/a>\n\t<\/div>\n<\/div>\n\n\t\n<\/div>\n<\/li>\n\t\t\t\n\t\t\t\n\t\t\t\t\t\t\t\t\t\t\t\t\t\t\t\t\t\t\t\t\t\t\t\t\t\t\t\t\t\t\t\t\t\t\t\t\t\t\t\t\t\t\t\t\t\t\t\t\t\t\t\t\t\t\t\t\t\t\t\t\t\t\t\t\t\t\t\t<\/ul>\n\t<\/div>\n\t<div class=\"fusion-post-content-wrapper\" style=\"padding:30px 25px 20px 25px;\"><div class=\"fusion-post-content post-content\"><h2 class=\"blog-shortcode-post-title entry-title\"><a href=\"https:\/\/www.welten-verbinden.at\/start2018\/erfuelltes-leben-wenn-die-schale-ueberfliesst\/\">Erf\u00fclltes Leben-wenn die Schale \u00fcberflie\u00dft<\/a><\/h2><p class=\"fusion-single-line-meta\">By <span class=\"vcard\"><span class=\"fn\"><a href=\"https:\/\/www.welten-verbinden.at\/start2018\/author\/roland-jaritz\/\" title=\"Beitr\u00e4ge von Roland Jaritz\" rel=\"author\">Roland Jaritz<\/a><\/span><\/span><span class=\"fusion-inline-sep\">|<\/span><span class=\"updated\" style=\"display:none;\">2019-03-15T10:32:55+01:00<\/span><span>M\u00e4rz 15th, 2019<\/span><span class=\"fusion-inline-sep\">|<\/span>Kategorien: <a href=\"https:\/\/www.welten-verbinden.at\/start2018\/category\/demokratiebewegung\/\" rel=\"category tag\">Demokratiebewegung<\/a>, <a href=\"https:\/\/www.welten-verbinden.at\/start2018\/category\/tipps\/film-tipps\/\" rel=\"category tag\">Film-Tipps<\/a>, <a href=\"https:\/\/www.welten-verbinden.at\/start2018\/category\/gemeinwohl\/\" rel=\"category tag\">Gemeinwohl<\/a>, <a href=\"https:\/\/www.welten-verbinden.at\/start2018\/category\/gemeinwohl\/gemeinwohloekonomie\/\" rel=\"category tag\">Gemeinwohl\u00f6konomie<\/a>, <a href=\"https:\/\/www.welten-verbinden.at\/start2018\/category\/tipps\/film-tipps\/staerkung\/\" rel=\"category tag\">St\u00e4rkung<\/a>, <a href=\"https:\/\/www.welten-verbinden.at\/start2018\/category\/zukunftswege\/wirtschaft\/\" rel=\"category tag\">Wirtschaft<\/a>, <a href=\"https:\/\/www.welten-verbinden.at\/start2018\/category\/zukunftswege\/\" rel=\"category tag\">Zukunftswege<\/a><span class=\"fusion-inline-sep\">|<\/span><span class=\"meta-tags\">Schlagw\u00f6rter: <a href=\"https:\/\/www.welten-verbinden.at\/start2018\/tag\/glueck\/\" rel=\"tag\">Gl\u00fcck<\/a>, <a href=\"https:\/\/www.welten-verbinden.at\/start2018\/tag\/transformation\/\" rel=\"tag\">Transformation<\/a>, <a href=\"https:\/\/www.welten-verbinden.at\/start2018\/tag\/veraenderung\/\" rel=\"tag\">Ver\u00e4nderung<\/a>, <a href=\"https:\/\/www.welten-verbinden.at\/start2018\/tag\/zukunft\/\" rel=\"tag\">Zukunft<\/a><\/span><span class=\"fusion-inline-sep\">|<\/span><\/p><div class=\"fusion-content-sep sep-double sep-solid\" style=\"border-color:#ebeaea;\"><\/div><div class=\"fusion-post-content-container\"><p>   Ein Dokumentarfilm mit Bruder David Steindl-Rast und [...]<\/p><\/div><\/div><div class=\"fusion-meta-info\"><div class=\"fusion-alignleft\"><a class=\"fusion-read-more\" href=\"https:\/\/www.welten-verbinden.at\/start2018\/erfuelltes-leben-wenn-die-schale-ueberfliesst\/\">Weiterlesen<\/a><\/div><div class=\"fusion-alignright\"><span>Kommentare deaktiviert<span class=\"screen-reader-text\"> f\u00fcr Erf\u00fclltes Leben-wenn die Schale \u00fcberflie\u00dft<\/span><\/span><\/div><\/div><\/div><div class=\"fusion-clearfix\"><\/div><\/div>\n<\/article>\n<article id=\"blog-1-post-13093\" class=\"fusion-post-grid post-13093 post type-post status-publish format-standard has-post-thumbnail hentry category-demokratiebewegung category-gemeinwohl category-gemeinwohloekonomie category-wirtschaft category-zukunftswege tag-analyse tag-ausbeutung tag-cradle-to-cradle tag-globale-wirtschaft tag-soziale-ungerechtigkeit\">\n<div class=\"fusion-post-wrapper\" style=\"background-color:rgba(255,255,255,0);border:1px solid #ebeaea;border-bottom-width:3px;\">\n\n\t\t\t<div class=\"fusion-flexslider flexslider fusion-flexslider-loading fusion-post-slideshow\" style=\"border-color:#ebeaea;\">\n\t\t<ul class=\"slides\">\n\t\t\t\n\t\t\t\t\t\t\t\t\t\t\t\t\t\t<li>\n\n<div  class=\"fusion-image-wrapper\" aria-haspopup=\"true\">\n\t\n\t\n\t\t\n\t\t\t\t\t<img width=\"1434\" height=\"1024\" src=\"https:\/\/www.welten-verbinden.at\/wp-content\/uploads\/2019\/03\/C2C.jpg\" class=\"attachment-full size-full wp-post-image\" alt=\"\" loading=\"lazy\" srcset=\"https:\/\/www.welten-verbinden.at\/wp-content\/uploads\/2019\/03\/C2C-200x143.jpg 200w, https:\/\/www.welten-verbinden.at\/wp-content\/uploads\/2019\/03\/C2C-400x286.jpg 400w, https:\/\/www.welten-verbinden.at\/wp-content\/uploads\/2019\/03\/C2C-600x428.jpg 600w, https:\/\/www.welten-verbinden.at\/wp-content\/uploads\/2019\/03\/C2C-800x571.jpg 800w, https:\/\/www.welten-verbinden.at\/wp-content\/uploads\/2019\/03\/C2C-1200x857.jpg 1200w, https:\/\/www.welten-verbinden.at\/wp-content\/uploads\/2019\/03\/C2C.jpg 1434w\" sizes=\"(min-width: 2200px) 100vw, (min-width: 856px) 245px, (min-width: 784px) 327px, (min-width: 712px) 490px, (min-width: 640px) 712px, \" \/>\n\t\n\n\t\t<div class=\"fusion-rollover\">\n\t<div class=\"fusion-rollover-content\">\n\n\t\t\t\t\t\t\t\t\t\t\t\t\t\t<a class=\"fusion-rollover-link\" href=\"https:\/\/www.welten-verbinden.at\/start2018\/was-ist-cradle-to-cradle\/\">Was ist Cradle to Cradle?<\/a>\n\t\t\t\n\t\t\t\t\t\t\t\t\t\t\t\t\t\t\n\t\t\t\t\t\t\t\t\n\t\t\t\t\t\t\t\t\t\t\t\t\t<div class=\"fusion-rollover-sep\"><\/div>\n\t\t\t\t\n\t\t\t\t\t\t\t\t\t\t\t\t\t\t\t\t\t\t<a class=\"fusion-rollover-gallery\" href=\"https:\/\/www.welten-verbinden.at\/wp-content\/uploads\/2019\/03\/C2C.jpg\" data-id=\"13093\" data-rel=\"iLightbox[gallery]\" data-title=\"C2C\" data-caption=\"\">\n\t\t\t\t\t\tGalerie\t\t\t\t\t<\/a>\n\t\t\t\t\t\t\t\t\t\t\t\t\t\t\n\t\t\t\t\n\t\t\t\t\t\t\t\t\t\t\t\t<h4 class=\"fusion-rollover-title\">\n\t\t\t\t\t<a class=\"fusion-rollover-title-link\" href=\"https:\/\/www.welten-verbinden.at\/start2018\/was-ist-cradle-to-cradle\/\">\n\t\t\t\t\t\tWas ist Cradle to Cradle?\t\t\t\t\t<\/a>\n\t\t\t\t<\/h4>\n\t\t\t\n\t\t\t\t\t\t\t\t\t\t\t\t\t\t<div class=\"fusion-rollover-categories\"><a href=\"https:\/\/www.welten-verbinden.at\/start2018\/category\/demokratiebewegung\/\" rel=\"tag\">Demokratiebewegung<\/a>, <a href=\"https:\/\/www.welten-verbinden.at\/start2018\/category\/gemeinwohl\/\" rel=\"tag\">Gemeinwohl<\/a>, <a href=\"https:\/\/www.welten-verbinden.at\/start2018\/category\/gemeinwohl\/gemeinwohloekonomie\/\" rel=\"tag\">Gemeinwohl\u00f6konomie<\/a>, <a href=\"https:\/\/www.welten-verbinden.at\/start2018\/category\/zukunftswege\/wirtschaft\/\" rel=\"tag\">Wirtschaft<\/a>, <a href=\"https:\/\/www.welten-verbinden.at\/start2018\/category\/zukunftswege\/\" rel=\"tag\">Zukunftswege<\/a><\/div>\t\t\t\t\t\n\t\t\n\t\t\t\t<a class=\"fusion-link-wrapper\" href=\"https:\/\/www.welten-verbinden.at\/start2018\/was-ist-cradle-to-cradle\/\" aria-label=\"Was ist Cradle to Cradle?\"><\/a>\n\t<\/div>\n<\/div>\n\n\t\n<\/div>\n<\/li>\n\t\t\t\n\t\t\t\n\t\t\t\t\t\t\t\t\t\t\t\t\t\t\t\t\t\t\t\t\t\t\t\t\t\t\t\t\t\t\t\t\t\t\t\t\t\t\t\t\t\t\t\t\t\t\t\t\t\t\t\t\t\t\t\t\t\t\t\t\t\t\t\t\t\t\t\t<\/ul>\n\t<\/div>\n\t<div class=\"fusion-post-content-wrapper\" style=\"padding:30px 25px 20px 25px;\"><div class=\"fusion-post-content post-content\"><h2 class=\"blog-shortcode-post-title entry-title\"><a href=\"https:\/\/www.welten-verbinden.at\/start2018\/was-ist-cradle-to-cradle\/\">Was ist Cradle to Cradle?<\/a><\/h2><p class=\"fusion-single-line-meta\">By <span class=\"vcard\"><span class=\"fn\"><a href=\"https:\/\/www.welten-verbinden.at\/start2018\/author\/roland-jaritz\/\" title=\"Beitr\u00e4ge von Roland Jaritz\" rel=\"author\">Roland Jaritz<\/a><\/span><\/span><span class=\"fusion-inline-sep\">|<\/span><span class=\"updated\" style=\"display:none;\">2019-03-15T10:13:11+01:00<\/span><span>M\u00e4rz 15th, 2019<\/span><span class=\"fusion-inline-sep\">|<\/span>Kategorien: <a href=\"https:\/\/www.welten-verbinden.at\/start2018\/category\/demokratiebewegung\/\" rel=\"category tag\">Demokratiebewegung<\/a>, <a href=\"https:\/\/www.welten-verbinden.at\/start2018\/category\/gemeinwohl\/\" rel=\"category tag\">Gemeinwohl<\/a>, <a href=\"https:\/\/www.welten-verbinden.at\/start2018\/category\/gemeinwohl\/gemeinwohloekonomie\/\" rel=\"category tag\">Gemeinwohl\u00f6konomie<\/a>, <a href=\"https:\/\/www.welten-verbinden.at\/start2018\/category\/zukunftswege\/wirtschaft\/\" rel=\"category tag\">Wirtschaft<\/a>, <a href=\"https:\/\/www.welten-verbinden.at\/start2018\/category\/zukunftswege\/\" rel=\"category tag\">Zukunftswege<\/a><span class=\"fusion-inline-sep\">|<\/span><span class=\"meta-tags\">Schlagw\u00f6rter: <a href=\"https:\/\/www.welten-verbinden.at\/start2018\/tag\/analyse\/\" rel=\"tag\">Analyse<\/a>, <a href=\"https:\/\/www.welten-verbinden.at\/start2018\/tag\/ausbeutung\/\" rel=\"tag\">Ausbeutung<\/a>, <a href=\"https:\/\/www.welten-verbinden.at\/start2018\/tag\/cradle-to-cradle\/\" rel=\"tag\">Cradle to Cradle<\/a>, <a href=\"https:\/\/www.welten-verbinden.at\/start2018\/tag\/globale-wirtschaft\/\" rel=\"tag\">Globale Wirtschaft<\/a>, <a href=\"https:\/\/www.welten-verbinden.at\/start2018\/tag\/soziale-ungerechtigkeit\/\" rel=\"tag\">Soziale Ungerechtigkeit<\/a><\/span><span class=\"fusion-inline-sep\">|<\/span><\/p><div class=\"fusion-content-sep sep-double sep-solid\" style=\"border-color:#ebeaea;\"><\/div><div class=\"fusion-post-content-container\"><p>   Dieses Video ist ein Projekt der Freiberger [...]<\/p><\/div><\/div><div class=\"fusion-meta-info\"><div class=\"fusion-alignleft\"><a class=\"fusion-read-more\" href=\"https:\/\/www.welten-verbinden.at\/start2018\/was-ist-cradle-to-cradle\/\">Weiterlesen<\/a><\/div><div class=\"fusion-alignright\"><span>Kommentare deaktiviert<span class=\"screen-reader-text\"> f\u00fcr Was ist Cradle to Cradle?<\/span><\/span><\/div><\/div><\/div><div class=\"fusion-clearfix\"><\/div><\/div>\n<\/article>\n<article id=\"blog-1-post-13008\" class=\"fusion-post-grid post-13008 post type-post status-publish format-standard has-post-thumbnail hentry category-demokratiebewegung category-gemeinwohl category-gemeinwohloekonomie category-wirtschaft category-zukunftswege tag-analyse tag-ausbeutung tag-globale-wirtschaft tag-soziale-ungerechtigkeit\">\n<div class=\"fusion-post-wrapper\" style=\"background-color:rgba(255,255,255,0);border:1px solid #ebeaea;border-bottom-width:3px;\">\n\n\t\t\t<div class=\"fusion-flexslider flexslider fusion-flexslider-loading fusion-post-slideshow\" style=\"border-color:#ebeaea;\">\n\t\t<ul class=\"slides\">\n\t\t\t\n\t\t\t\t\t\t\t\t\t\t\t\t\t\t<li>\n\n<div  class=\"fusion-image-wrapper\" aria-haspopup=\"true\">\n\t\n\t\n\t\t\n\t\t\t\t\t<img width=\"1218\" height=\"1050\" src=\"https:\/\/www.welten-verbinden.at\/wp-content\/uploads\/2019\/03\/17Ziele.jpg\" class=\"attachment-full size-full wp-post-image\" alt=\"\" loading=\"lazy\" srcset=\"https:\/\/www.welten-verbinden.at\/wp-content\/uploads\/2019\/03\/17Ziele-200x172.jpg 200w, https:\/\/www.welten-verbinden.at\/wp-content\/uploads\/2019\/03\/17Ziele-400x345.jpg 400w, https:\/\/www.welten-verbinden.at\/wp-content\/uploads\/2019\/03\/17Ziele-600x517.jpg 600w, https:\/\/www.welten-verbinden.at\/wp-content\/uploads\/2019\/03\/17Ziele-800x690.jpg 800w, https:\/\/www.welten-verbinden.at\/wp-content\/uploads\/2019\/03\/17Ziele-1200x1034.jpg 1200w, https:\/\/www.welten-verbinden.at\/wp-content\/uploads\/2019\/03\/17Ziele.jpg 1218w\" sizes=\"(min-width: 2200px) 100vw, (min-width: 856px) 245px, (min-width: 784px) 327px, (min-width: 712px) 490px, (min-width: 640px) 712px, \" \/>\n\t\n\n\t\t<div class=\"fusion-rollover\">\n\t<div class=\"fusion-rollover-content\">\n\n\t\t\t\t\t\t\t\t\t\t\t\t\t\t<a class=\"fusion-rollover-link\" href=\"https:\/\/www.welten-verbinden.at\/start2018\/17-ziele-poetry-slam-halle-rita-apel\/\">#17 Ziele Poetry Slam Halle &#8211; Rita Apel<\/a>\n\t\t\t\n\t\t\t\t\t\t\t\t\t\t\t\t\t\t\n\t\t\t\t\t\t\t\t\n\t\t\t\t\t\t\t\t\t\t\t\t\t<div class=\"fusion-rollover-sep\"><\/div>\n\t\t\t\t\n\t\t\t\t\t\t\t\t\t\t\t\t\t\t\t\t\t\t<a class=\"fusion-rollover-gallery\" href=\"https:\/\/www.welten-verbinden.at\/wp-content\/uploads\/2019\/03\/17Ziele.jpg\" data-id=\"13008\" data-rel=\"iLightbox[gallery]\" data-title=\"#17Ziele\" data-caption=\"\">\n\t\t\t\t\t\tGalerie\t\t\t\t\t<\/a>\n\t\t\t\t\t\t\t\t\t\t\t\t\t\t\n\t\t\t\t\n\t\t\t\t\t\t\t\t\t\t\t\t<h4 class=\"fusion-rollover-title\">\n\t\t\t\t\t<a class=\"fusion-rollover-title-link\" href=\"https:\/\/www.welten-verbinden.at\/start2018\/17-ziele-poetry-slam-halle-rita-apel\/\">\n\t\t\t\t\t\t#17 Ziele Poetry Slam Halle &#8211; Rita Apel\t\t\t\t\t<\/a>\n\t\t\t\t<\/h4>\n\t\t\t\n\t\t\t\t\t\t\t\t\t\t\t\t\t\t<div class=\"fusion-rollover-categories\"><a href=\"https:\/\/www.welten-verbinden.at\/start2018\/category\/demokratiebewegung\/\" rel=\"tag\">Demokratiebewegung<\/a>, <a href=\"https:\/\/www.welten-verbinden.at\/start2018\/category\/gemeinwohl\/\" rel=\"tag\">Gemeinwohl<\/a>, <a href=\"https:\/\/www.welten-verbinden.at\/start2018\/category\/gemeinwohl\/gemeinwohloekonomie\/\" rel=\"tag\">Gemeinwohl\u00f6konomie<\/a>, <a href=\"https:\/\/www.welten-verbinden.at\/start2018\/category\/zukunftswege\/wirtschaft\/\" rel=\"tag\">Wirtschaft<\/a>, <a href=\"https:\/\/www.welten-verbinden.at\/start2018\/category\/zukunftswege\/\" rel=\"tag\">Zukunftswege<\/a><\/div>\t\t\t\t\t\n\t\t\n\t\t\t\t<a class=\"fusion-link-wrapper\" href=\"https:\/\/www.welten-verbinden.at\/start2018\/17-ziele-poetry-slam-halle-rita-apel\/\" aria-label=\"#17 Ziele Poetry Slam Halle &#8211; Rita Apel\"><\/a>\n\t<\/div>\n<\/div>\n\n\t\n<\/div>\n<\/li>\n\t\t\t\n\t\t\t\n\t\t\t\t\t\t\t\t\t\t\t\t\t\t\t\t\t\t\t\t\t\t\t\t\t\t\t\t\t\t\t\t\t\t\t\t\t\t\t\t\t\t\t\t\t\t\t\t\t\t\t\t\t\t\t\t\t\t\t\t\t\t\t\t\t\t\t\t<\/ul>\n\t<\/div>\n\t<div class=\"fusion-post-content-wrapper\" style=\"padding:30px 25px 20px 25px;\"><div class=\"fusion-post-content post-content\"><h2 class=\"blog-shortcode-post-title entry-title\"><a href=\"https:\/\/www.welten-verbinden.at\/start2018\/17-ziele-poetry-slam-halle-rita-apel\/\">#17 Ziele Poetry Slam Halle &#8211; Rita Apel<\/a><\/h2><p class=\"fusion-single-line-meta\">By <span class=\"vcard\"><span class=\"fn\"><a href=\"https:\/\/www.welten-verbinden.at\/start2018\/author\/roland-jaritz\/\" title=\"Beitr\u00e4ge von Roland Jaritz\" rel=\"author\">Roland Jaritz<\/a><\/span><\/span><span class=\"fusion-inline-sep\">|<\/span><span class=\"updated\" style=\"display:none;\">2019-03-15T09:53:11+01:00<\/span><span>M\u00e4rz 15th, 2019<\/span><span class=\"fusion-inline-sep\">|<\/span>Kategorien: <a href=\"https:\/\/www.welten-verbinden.at\/start2018\/category\/demokratiebewegung\/\" rel=\"category tag\">Demokratiebewegung<\/a>, <a href=\"https:\/\/www.welten-verbinden.at\/start2018\/category\/gemeinwohl\/\" rel=\"category tag\">Gemeinwohl<\/a>, <a href=\"https:\/\/www.welten-verbinden.at\/start2018\/category\/gemeinwohl\/gemeinwohloekonomie\/\" rel=\"category tag\">Gemeinwohl\u00f6konomie<\/a>, <a href=\"https:\/\/www.welten-verbinden.at\/start2018\/category\/zukunftswege\/wirtschaft\/\" rel=\"category tag\">Wirtschaft<\/a>, <a href=\"https:\/\/www.welten-verbinden.at\/start2018\/category\/zukunftswege\/\" rel=\"category tag\">Zukunftswege<\/a><span class=\"fusion-inline-sep\">|<\/span><span class=\"meta-tags\">Schlagw\u00f6rter: <a href=\"https:\/\/www.welten-verbinden.at\/start2018\/tag\/analyse\/\" rel=\"tag\">Analyse<\/a>, <a href=\"https:\/\/www.welten-verbinden.at\/start2018\/tag\/ausbeutung\/\" rel=\"tag\">Ausbeutung<\/a>, <a href=\"https:\/\/www.welten-verbinden.at\/start2018\/tag\/globale-wirtschaft\/\" rel=\"tag\">Globale Wirtschaft<\/a>, <a href=\"https:\/\/www.welten-verbinden.at\/start2018\/tag\/soziale-ungerechtigkeit\/\" rel=\"tag\">Soziale Ungerechtigkeit<\/a><\/span><span class=\"fusion-inline-sep\">|<\/span><\/p><div class=\"fusion-content-sep sep-double sep-solid\" style=\"border-color:#ebeaea;\"><\/div><div class=\"fusion-post-content-container\"><p>   Mit der Punchline f\u00fcr eine bessere Welt. [...]<\/p><\/div><\/div><div class=\"fusion-meta-info\"><div class=\"fusion-alignleft\"><a class=\"fusion-read-more\" href=\"https:\/\/www.welten-verbinden.at\/start2018\/17-ziele-poetry-slam-halle-rita-apel\/\">Weiterlesen<\/a><\/div><div class=\"fusion-alignright\"><span>Kommentare deaktiviert<span class=\"screen-reader-text\"> f\u00fcr #17 Ziele Poetry Slam Halle &#8211; Rita Apel<\/span><\/span><\/div><\/div><\/div><div class=\"fusion-clearfix\"><\/div><\/div>\n<\/article>\n<article id=\"blog-1-post-12981\" class=\"fusion-post-grid post-12981 post type-post status-publish format-standard has-post-thumbnail hentry category-buch-tipps category-gemeinwohl category-gemeinwohloekonomie category-tipps category-wirtschaft category-zukunftswege tag-analyse tag-ausbeutung tag-globale-wirtschaft tag-soziale-ungerechtigkeit\">\n<div class=\"fusion-post-wrapper\" style=\"background-color:rgba(255,255,255,0);border:1px solid #ebeaea;border-bottom-width:3px;\">\n\n\t\t\t<div class=\"fusion-flexslider flexslider fusion-flexslider-loading fusion-post-slideshow\" style=\"border-color:#ebeaea;\">\n\t\t<ul class=\"slides\">\n\t\t\t\n\t\t\t\t\t\t\t\t\t\t\t\t\t\t<li>\n\n<div  class=\"fusion-image-wrapper\" aria-haspopup=\"true\">\n\t\n\t\n\t\t\n\t\t\t\t\t<img width=\"245\" height=\"381\" src=\"https:\/\/www.welten-verbinden.at\/wp-content\/uploads\/2019\/01\/Neben-uns-die-Sintflut.jpg\" class=\"attachment-full size-full wp-post-image\" alt=\"\" loading=\"lazy\" srcset=\"https:\/\/www.welten-verbinden.at\/wp-content\/uploads\/2019\/01\/Neben-uns-die-Sintflut-200x311.jpg 200w, https:\/\/www.welten-verbinden.at\/wp-content\/uploads\/2019\/01\/Neben-uns-die-Sintflut.jpg 245w\" sizes=\"(min-width: 2200px) 100vw, (min-width: 856px) 245px, (min-width: 784px) 327px, (min-width: 712px) 490px, (min-width: 640px) 712px, \" \/>\n\t\n\n\t\t<div class=\"fusion-rollover\">\n\t<div class=\"fusion-rollover-content\">\n\n\t\t\t\t\t\t\t\t\t\t\t\t\t\t<a class=\"fusion-rollover-link\" href=\"https:\/\/www.welten-verbinden.at\/start2018\/neben-uns-die-sintflut\/\">Neben uns die Sintflut<\/a>\n\t\t\t\n\t\t\t\t\t\t\t\t\t\t\t\t\t\t\n\t\t\t\t\t\t\t\t\n\t\t\t\t\t\t\t\t\t\t\t\t\t<div class=\"fusion-rollover-sep\"><\/div>\n\t\t\t\t\n\t\t\t\t\t\t\t\t\t\t\t\t\t\t\t\t\t\t<a class=\"fusion-rollover-gallery\" href=\"https:\/\/www.welten-verbinden.at\/wp-content\/uploads\/2019\/01\/Neben-uns-die-Sintflut.jpg\" data-id=\"12981\" data-rel=\"iLightbox[gallery]\" data-title=\"Neben uns die Sintflut\" data-caption=\"\">\n\t\t\t\t\t\tGalerie\t\t\t\t\t<\/a>\n\t\t\t\t\t\t\t\t\t\t\t\t\t\t\n\t\t\t\t\n\t\t\t\t\t\t\t\t\t\t\t\t<h4 class=\"fusion-rollover-title\">\n\t\t\t\t\t<a class=\"fusion-rollover-title-link\" href=\"https:\/\/www.welten-verbinden.at\/start2018\/neben-uns-die-sintflut\/\">\n\t\t\t\t\t\tNeben uns die Sintflut\t\t\t\t\t<\/a>\n\t\t\t\t<\/h4>\n\t\t\t\n\t\t\t\t\t\t\t\t\t\t\t\t\t\t<div class=\"fusion-rollover-categories\"><a href=\"https:\/\/www.welten-verbinden.at\/start2018\/category\/tipps\/buch-tipps\/\" rel=\"tag\">Buch-Tipps<\/a>, <a href=\"https:\/\/www.welten-verbinden.at\/start2018\/category\/gemeinwohl\/\" rel=\"tag\">Gemeinwohl<\/a>, <a href=\"https:\/\/www.welten-verbinden.at\/start2018\/category\/gemeinwohl\/gemeinwohloekonomie\/\" rel=\"tag\">Gemeinwohl\u00f6konomie<\/a>, <a href=\"https:\/\/www.welten-verbinden.at\/start2018\/category\/tipps\/\" rel=\"tag\">Tipps<\/a>, <a href=\"https:\/\/www.welten-verbinden.at\/start2018\/category\/zukunftswege\/wirtschaft\/\" rel=\"tag\">Wirtschaft<\/a>, <a href=\"https:\/\/www.welten-verbinden.at\/start2018\/category\/zukunftswege\/\" rel=\"tag\">Zukunftswege<\/a><\/div>\t\t\t\t\t\n\t\t\n\t\t\t\t<a class=\"fusion-link-wrapper\" href=\"https:\/\/www.welten-verbinden.at\/start2018\/neben-uns-die-sintflut\/\" aria-label=\"Neben uns die Sintflut\"><\/a>\n\t<\/div>\n<\/div>\n\n\t\n<\/div>\n<\/li>\n\t\t\t\n\t\t\t\n\t\t\t\t\t\t\t\t\t\t\t\t\t\t\t\t\t\t\t\t\t\t\t\t\t\t\t\t\t\t\t\t\t\t\t\t\t\t\t\t\t\t\t\t\t\t\t\t\t\t\t\t\t\t\t\t\t\t\t\t\t\t\t\t\t\t\t\t<\/ul>\n\t<\/div>\n\t<div class=\"fusion-post-content-wrapper\" style=\"padding:30px 25px 20px 25px;\"><div class=\"fusion-post-content post-content\"><h2 class=\"blog-shortcode-post-title entry-title\"><a href=\"https:\/\/www.welten-verbinden.at\/start2018\/neben-uns-die-sintflut\/\">Neben uns die Sintflut<\/a><\/h2><p class=\"fusion-single-line-meta\">By <span class=\"vcard\"><span class=\"fn\"><a href=\"https:\/\/www.welten-verbinden.at\/start2018\/author\/roland-jaritz\/\" title=\"Beitr\u00e4ge von Roland Jaritz\" rel=\"author\">Roland Jaritz<\/a><\/span><\/span><span class=\"fusion-inline-sep\">|<\/span><span class=\"updated\" style=\"display:none;\">2019-01-18T21:50:34+01:00<\/span><span>Januar 18th, 2019<\/span><span class=\"fusion-inline-sep\">|<\/span>Kategorien: <a href=\"https:\/\/www.welten-verbinden.at\/start2018\/category\/tipps\/buch-tipps\/\" rel=\"category tag\">Buch-Tipps<\/a>, <a href=\"https:\/\/www.welten-verbinden.at\/start2018\/category\/gemeinwohl\/\" rel=\"category tag\">Gemeinwohl<\/a>, <a href=\"https:\/\/www.welten-verbinden.at\/start2018\/category\/gemeinwohl\/gemeinwohloekonomie\/\" rel=\"category tag\">Gemeinwohl\u00f6konomie<\/a>, <a href=\"https:\/\/www.welten-verbinden.at\/start2018\/category\/tipps\/\" rel=\"category tag\">Tipps<\/a>, <a href=\"https:\/\/www.welten-verbinden.at\/start2018\/category\/zukunftswege\/wirtschaft\/\" rel=\"category tag\">Wirtschaft<\/a>, <a href=\"https:\/\/www.welten-verbinden.at\/start2018\/category\/zukunftswege\/\" rel=\"category tag\">Zukunftswege<\/a><span class=\"fusion-inline-sep\">|<\/span><span class=\"meta-tags\">Schlagw\u00f6rter: <a href=\"https:\/\/www.welten-verbinden.at\/start2018\/tag\/analyse\/\" rel=\"tag\">Analyse<\/a>, <a href=\"https:\/\/www.welten-verbinden.at\/start2018\/tag\/ausbeutung\/\" rel=\"tag\">Ausbeutung<\/a>, <a href=\"https:\/\/www.welten-verbinden.at\/start2018\/tag\/globale-wirtschaft\/\" rel=\"tag\">Globale Wirtschaft<\/a>, <a href=\"https:\/\/www.welten-verbinden.at\/start2018\/tag\/soziale-ungerechtigkeit\/\" rel=\"tag\">Soziale Ungerechtigkeit<\/a><\/span><span class=\"fusion-inline-sep\">|<\/span><\/p><div class=\"fusion-content-sep sep-double sep-solid\" style=\"border-color:#ebeaea;\"><\/div><div class=\"fusion-post-content-container\"><p>  NEBEN UNS DIE SINTFLUT Wie wir auf Kosten [...]<\/p><\/div><\/div><div class=\"fusion-meta-info\"><div class=\"fusion-alignleft\"><a class=\"fusion-read-more\" href=\"https:\/\/www.welten-verbinden.at\/start2018\/neben-uns-die-sintflut\/\">Weiterlesen<\/a><\/div><div class=\"fusion-alignright\"><span>Kommentare deaktiviert<span class=\"screen-reader-text\"> f\u00fcr Neben uns die Sintflut<\/span><\/span><\/div><\/div><\/div><div class=\"fusion-clearfix\"><\/div><\/div>\n<\/article>\n<div class=\"fusion-clearfix\"><\/div><\/div><div class=\"pagination clearfix\"><span class=\"current\">1<\/span><a href=\"https:\/\/www.welten-verbinden.at\/start2018\/wp-json\/wp\/v2\/pages\/11373\/page\/2\/\" class=\"inactive\">2<\/a><a class=\"pagination-next\" rel=\"next\" href=\"https:\/\/www.welten-verbinden.at\/start2018\/wp-json\/wp\/v2\/pages\/11373\/page\/2\/\"><span class=\"page-text\">N\u00e4chstes<\/span><span class=\"page-next\"><\/span><\/a><\/div><div class=\"fusion-clearfix\"><\/div><\/div><div class=\"fusion-clearfix\"><\/div><\/div><\/div><\/div><\/div><\/p>\n","protected":false},"excerpt":{"rendered":"","protected":false},"author":3,"featured_media":0,"parent":0,"menu_order":0,"comment_status":"closed","ping_status":"closed","template":"","meta":[],"yoast_head":"<!-- This site is optimized with the Yoast SEO plugin v14.8 - https:\/\/yoast.com\/wordpress\/plugins\/seo\/ -->\n<title>Gemeinwohl - welten-verbinden<\/title>\n<meta name=\"robots\" content=\"index, follow\" \/>\n<meta name=\"googlebot\" content=\"index, follow, max-snippet:-1, max-image-preview:large, max-video-preview:-1\" \/>\n<meta name=\"bingbot\" content=\"index, follow, max-snippet:-1, max-image-preview:large, max-video-preview:-1\" \/>\n<link rel=\"canonical\" href=\"https:\/\/www.welten-verbinden.at\/start2018\/gemeinwohl\/\" \/>\n<meta property=\"og:locale\" content=\"de_DE\" \/>\n<meta property=\"og:type\" content=\"article\" \/>\n<meta property=\"og:title\" content=\"Gemeinwohl - welten-verbinden\" \/>\n<meta property=\"og:url\" content=\"https:\/\/www.welten-verbinden.at\/start2018\/gemeinwohl\/\" \/>\n<meta property=\"og:site_name\" content=\"welten-verbinden\" \/>\n<meta property=\"article:modified_time\" content=\"2018-03-25T16:16:23+00:00\" \/>\n<meta name=\"twitter:card\" content=\"summary_large_image\" \/>\n<script type=\"application\/ld+json\" class=\"yoast-schema-graph\">{\"@context\":\"https:\/\/schema.org\",\"@graph\":[{\"@type\":\"WebSite\",\"@id\":\"https:\/\/www.welten-verbinden.at\/start2018\/#website\",\"url\":\"https:\/\/www.welten-verbinden.at\/start2018\/\",\"name\":\"welten-verbinden\",\"description\":\"\",\"potentialAction\":[{\"@type\":\"SearchAction\",\"target\":\"https:\/\/www.welten-verbinden.at\/start2018\/?s={search_term_string}\",\"query-input\":\"required name=search_term_string\"}],\"inLanguage\":\"de\"},{\"@type\":\"WebPage\",\"@id\":\"https:\/\/www.welten-verbinden.at\/start2018\/gemeinwohl\/#webpage\",\"url\":\"https:\/\/www.welten-verbinden.at\/start2018\/gemeinwohl\/\",\"name\":\"Gemeinwohl - welten-verbinden\",\"isPartOf\":{\"@id\":\"https:\/\/www.welten-verbinden.at\/start2018\/#website\"},\"datePublished\":\"2018-03-22T09:21:21+00:00\",\"dateModified\":\"2018-03-25T16:16:23+00:00\",\"inLanguage\":\"de\",\"potentialAction\":[{\"@type\":\"ReadAction\",\"target\":[\"https:\/\/www.welten-verbinden.at\/start2018\/gemeinwohl\/\"]}]}]}<\/script>\n<!-- \/ Yoast SEO plugin. -->","_links":{"self":[{"href":"https:\/\/www.welten-verbinden.at\/start2018\/wp-json\/wp\/v2\/pages\/11373"}],"collection":[{"href":"https:\/\/www.welten-verbinden.at\/start2018\/wp-json\/wp\/v2\/pages"}],"about":[{"href":"https:\/\/www.welten-verbinden.at\/start2018\/wp-json\/wp\/v2\/types\/page"}],"author":[{"embeddable":true,"href":"https:\/\/www.welten-verbinden.at\/start2018\/wp-json\/wp\/v2\/users\/3"}],"replies":[{"embeddable":true,"href":"https:\/\/www.welten-verbinden.at\/start2018\/wp-json\/wp\/v2\/comments?post=11373"}],"version-history":[{"count":6,"href":"https:\/\/www.welten-verbinden.at\/start2018\/wp-json\/wp\/v2\/pages\/11373\/revisions"}],"predecessor-version":[{"id":11716,"href":"https:\/\/www.welten-verbinden.at\/start2018\/wp-json\/wp\/v2\/pages\/11373\/revisions\/11716"}],"wp:attachment":[{"href":"https:\/\/www.welten-verbinden.at\/start2018\/wp-json\/wp\/v2\/media?parent=11373"}],"curies":[{"name":"wp","href":"https:\/\/api.w.org\/{rel}","templated":true}]}}