{"id":11347,"date":"2018-03-22T10:09:12","date_gmt":"2018-03-22T09:09:12","guid":{"rendered":"https:\/\/neu.welten-verbinden.at\/?page_id=11347"},"modified":"2018-03-27T15:09:24","modified_gmt":"2018-03-27T13:09:24","slug":"praxisraeume","status":"publish","type":"page","link":"https:\/\/www.welten-verbinden.at\/start2018\/praxisraeume\/","title":{"rendered":"Praxisr\u00e4ume"},"content":{"rendered":"<div class=\"fusion-fullwidth fullwidth-box fusion-builder-row-1 nonhundred-percent-fullwidth non-hundred-percent-height-scrolling\" style=\"background-color: #ffffff;background-position: center center;background-repeat: no-repeat;padding-top:0px;padding-right:0px;padding-bottom:0px;padding-left:0px;margin-bottom: 0px;margin-top: 0px;border-width: 0px 0px 0px 0px;border-color:#eae9e9;border-style:solid;\" ><div class=\"fusion-builder-row fusion-row\"><div class=\"fusion-layout-column fusion_builder_column fusion-builder-column-0 fusion_builder_column_2_3 2_3 fusion-two-third fusion-column-first\" style=\"width:66.666666666667%;width:calc(66.666666666667% - ( ( 4% ) * 0.66666666666667 ) );margin-right: 4%;margin-top:0px;margin-bottom:20px;\"><div class=\"fusion-column-wrapper fusion-flex-column-wrapper-legacy\" style=\"background-position:left top;background-repeat:no-repeat;-webkit-background-size:cover;-moz-background-size:cover;-o-background-size:cover;background-size:cover;padding: 0px 0px 0px 0px;\"><div class=\"fusion-text fusion-text-1\"><h1><b>Mitnutzung der Praxisr\u00e4ume<\/b><\/h1>\n<p>Attraktiv gestaltete R\u00e4ume in ruhiger Lage (Sackgasse); Gartenben\u00fctzung im Sommer m\u00f6glich; Parkm\u00f6glichkeiten sind vor dem Haus gegeben; Nutzungszeiten der Praxis 8-22.00; Behandlungsliege, Bestuhlung und vier Klapptische sind gegeben; Kochen ist m\u00f6glich; Basisgeschirr ist vorhanden;\u00a0 Praxis ist rauchfrei.<\/p>\n<h2><b>Die Konditionen f\u00fcr die Anmietung sind:<\/b><\/h2>\n<p><b>Einzelaktionen (excl. Mwst.):\u00a0<\/b><\/p>\n<p>Stundenweise: 10\u20ac<\/p>\n<p>0,5 Tage: 40\u20ac (8-14.00 oder 14-22.00)<\/p>\n<p>1\u00a0Tag: 60\u20ac<\/p>\n<p><b>Ausfallsregelung:<\/b> Absagen bis eine Woche vor Termin kostenfrei. Danach ist die Buchung zu zahlen<\/p>\n<p><b>Wochenende (excl. Mwst.):<\/b><\/p>\n<p>1,5 Tage am WE (Freitag ab 14.00 und Samstag): 90\u20ac<\/p>\n<p>2,5 Tage am WE (Freitags ab 14.00 und Samstag und Sonntag): 140\u20ac<\/p>\n<p><b>Ausfallsregelung:<\/b> Absage drei Wochen vor WE-Termin \u2013 Buchung ist nicht zu zahlen. Danach halber Buchungswert.<\/p>\n<p><b>Regelm\u00e4\u00dfige Bl\u00f6cke \u00fcber vereinbarte Laufzeit:<\/b><b>\u00a0<\/b><\/p>\n<p>0,5\u00a0Tag\/ Woche: &#8211;&gt; 120\u20ac\/ Monat<\/p>\n<p>1\u00a0Tag\/ Woche: &#8211;&gt; 190\u20ac \/ Monat<\/p>\n<p><b>Ausfallsregelung:<\/b> Buchung ist unabh\u00e4ngig von Nutzung zu zahlen.<\/p>\n<h3><b>Organisatorisches:<\/b><\/h3>\n<p>Die R\u00e4ume sind mittels Kalender im Internet f\u00fcr die gew\u00fcnschte Zeit gebucht.\u00a0Etwas fr\u00fcher da zu sein ist kein Problem- solange der Raum vorher frei ist und ist auch nicht extra zu zahlen.<\/p>\n<p><b>Weiteres wird live gekl\u00e4rt! Bei Interesse einfach melden!<\/b><\/p>\n<p><b>Roland Jaritz &#8211; Beratung und Supervision<\/b><\/p>\n<p>Supervision &amp; Coaching (\u00d6VS) \u00b7 Unternehmensberatung (PE)<\/p>\n<p>PSYCH-K\u00ae-Quantenintelligenz \u00b7 Ehe-, Familien- und Lebensberatung<\/p>\n<p>Lexergasse 6, 9020 Klagenfurt, \u00d6sterreich<\/p>\n<p>Tel.: 0043\/ (0)664 \/ 20 52 685<\/p>\n<p>e-mail: <a href=\"mailto:roland.jaritz@welten-verbinden.at?subject=Praxisraum\">roland.jaritz@welten-verbinden.at<\/a><\/p>\n<p><a href=\"http:\/\/www.welten-verbinden.at\">www.welten-verbinden.at<\/a><\/p>\n<\/div><iframe src=\"https:\/\/www.google.com\/maps\/embed?pb=!1m14!1m8!1m3!1d21918.29356543204!2d14.298236!3d46.630976!3m2!1i1024!2i768!4f13.1!3m3!1m2!1s0x4770737ef5f98561%3A0x6b76cc241b909aec!2sLexergasse+6%2C+9020+Klagenfurt+am+W%C3%B6rthersee%2C+%C3%96sterreich!5e0!3m2!1sde!2sus!4v1520868719288\" width=\"600\" height=\"450\" frameborder=\"0\" style=\"border:0\" allowfullscreen><\/iframe><div class=\"fusion-clearfix\"><\/div><\/div><\/div><div class=\"fusion-layout-column fusion_builder_column fusion-builder-column-1 fusion_builder_column_1_3 1_3 fusion-one-third fusion-column-last\" style=\"width:33.333333333333%;width:calc(33.333333333333% - ( ( 4% ) * 0.33333333333333 ) );margin-top:0px;margin-bottom:20px;\"><div class=\"fusion-column-wrapper fusion-flex-column-wrapper-legacy\" style=\"background-position:left top;background-repeat:no-repeat;-webkit-background-size:cover;-moz-background-size:cover;-o-background-size:cover;background-size:cover;padding: 0px 0px 0px 0px;\"><span class=\" fusion-imageframe imageframe-none imageframe-1 hover-type-none\"><img width=\"441\" image_height=\"441\" image_id=\"12108\" title=\"Praxisraum-001\" src=\"https:\/\/neu.welten-verbinden.at\/wp-content\/uploads\/2018\/03\/Praxisraum-001.jpg\" class=\"img-responsive wp-image-12108\" srcset=\"https:\/\/www.welten-verbinden.at\/wp-content\/uploads\/2018\/03\/Praxisraum-001-200x200.jpg 200w, https:\/\/www.welten-verbinden.at\/wp-content\/uploads\/2018\/03\/Praxisraum-001-400x400.jpg 400w, https:\/\/www.welten-verbinden.at\/wp-content\/uploads\/2018\/03\/Praxisraum-001.jpg 441w\" sizes=\"(max-width: 800px) 100vw, 400px\" \/><\/span><div class=\"fusion-sep-clear\"><\/div><div class=\"fusion-separator fusion-full-width-sep\" style=\"margin-left: auto;margin-right: auto;margin-top:15px;width:100%;\"><\/div><div class=\"fusion-sep-clear\"><\/div><div class=\"fusion-text fusion-text-2\"><p><b>Praxis in ruhiger Lage in Klagenfurt<\/b><\/p>\n<p><b>Sie besteht aus einem Praxisraum mit 31 qm; weiters einem Warteraum inkl. K\u00fcchenblock (kann auch als zweiter Gruppenraum verwendet werden, 12 qm) und einem WC.\u00a0<\/b><\/p>\n<p><b>Die Praxis &#8220;Welten verbinden&#8221;\u00a0ist offen f\u00fcr unterschiedlichste Mitn\u00fctzerInnen mit \u00e4hnlichen Grundhaltungen, um die Raumenergie lebendig zu\u00a0gestalten.\u00a0<\/b><\/p>\n<\/div><div class=\"fusion-sep-clear\"><\/div><div class=\"fusion-separator fusion-full-width-sep\" style=\"margin-left: auto;margin-right: auto;margin-top:15px;width:100%;\"><\/div><div class=\"fusion-sep-clear\"><\/div><div class=\"fusion-image-carousel fusion-image-carousel-auto lightbox-enabled\"><div class=\"fusion-carousel\" data-autoplay=\"yes\" data-columns=\"1\" data-itemmargin=\"13\" data-itemwidth=\"180\" data-touchscroll=\"no\" data-imagesize=\"auto\"><div class=\"fusion-carousel-positioner\"><ul class=\"fusion-carousel-holder\"><li class=\"fusion-carousel-item\"><div class=\"fusion-carousel-item-wrapper\"><div class=\"fusion-image-wrapper hover-type-none\"><a data-rel=\"iLightbox[image_carousel_1]\" href=\"https:\/\/neu.welten-verbinden.at\/wp-content\/uploads\/2018\/03\/Praxis-01.jpg\" target=\"_self\"><img src=\"https:\/\/neu.welten-verbinden.at\/wp-content\/uploads\/2018\/03\/Praxis-01.jpg\" alt=\"\"\/><\/a><\/div><\/div><\/li><li class=\"fusion-carousel-item\"><div class=\"fusion-carousel-item-wrapper\"><div class=\"fusion-image-wrapper hover-type-none\"><a data-rel=\"iLightbox[image_carousel_1]\" href=\"https:\/\/neu.welten-verbinden.at\/wp-content\/uploads\/2018\/03\/Praxis-02.jpg\" target=\"_self\"><img src=\"https:\/\/neu.welten-verbinden.at\/wp-content\/uploads\/2018\/03\/Praxis-02.jpg\" alt=\"\"\/><\/a><\/div><\/div><\/li><li class=\"fusion-carousel-item\"><div class=\"fusion-carousel-item-wrapper\"><div class=\"fusion-image-wrapper hover-type-none\"><a data-rel=\"iLightbox[image_carousel_1]\" href=\"https:\/\/neu.welten-verbinden.at\/wp-content\/uploads\/2018\/03\/Praxis-03.jpg\" target=\"_self\"><img src=\"https:\/\/neu.welten-verbinden.at\/wp-content\/uploads\/2018\/03\/Praxis-03.jpg\" alt=\"\"\/><\/a><\/div><\/div><\/li><li class=\"fusion-carousel-item\"><div class=\"fusion-carousel-item-wrapper\"><div class=\"fusion-image-wrapper hover-type-none\"><a data-rel=\"iLightbox[image_carousel_1]\" href=\"https:\/\/neu.welten-verbinden.at\/wp-content\/uploads\/2018\/03\/Praxis-04.jpg\" target=\"_self\"><img src=\"https:\/\/neu.welten-verbinden.at\/wp-content\/uploads\/2018\/03\/Praxis-04.jpg\" alt=\"\"\/><\/a><\/div><\/div><\/li><\/ul><div class=\"fusion-carousel-nav\"><span class=\"fusion-nav-prev\"><\/span><span class=\"fusion-nav-next\"><\/span><\/div><\/div><\/div><\/div><div class=\"fusion-clearfix\"><\/div><\/div><\/div><\/div><\/div>\n","protected":false},"excerpt":{"rendered":"","protected":false},"author":3,"featured_media":0,"parent":0,"menu_order":0,"comment_status":"closed","ping_status":"closed","template":"","meta":[],"yoast_head":"<!-- This site is optimized with the Yoast SEO plugin v14.8 - https:\/\/yoast.com\/wordpress\/plugins\/seo\/ -->\n<title>Praxisr\u00e4ume - welten-verbinden<\/title>\n<meta name=\"robots\" content=\"index, follow\" \/>\n<meta name=\"googlebot\" content=\"index, follow, max-snippet:-1, max-image-preview:large, max-video-preview:-1\" \/>\n<meta name=\"bingbot\" content=\"index, follow, max-snippet:-1, max-image-preview:large, max-video-preview:-1\" \/>\n<link rel=\"canonical\" href=\"https:\/\/www.welten-verbinden.at\/start2018\/praxisraeume\/\" \/>\n<meta property=\"og:locale\" content=\"de_DE\" \/>\n<meta property=\"og:type\" content=\"article\" \/>\n<meta property=\"og:title\" content=\"Praxisr\u00e4ume - welten-verbinden\" \/>\n<meta property=\"og:url\" content=\"https:\/\/www.welten-verbinden.at\/start2018\/praxisraeume\/\" \/>\n<meta property=\"og:site_name\" content=\"welten-verbinden\" \/>\n<meta property=\"article:modified_time\" content=\"2018-03-27T13:09:24+00:00\" \/>\n<meta name=\"twitter:card\" content=\"summary_large_image\" \/>\n<script type=\"application\/ld+json\" class=\"yoast-schema-graph\">{\"@context\":\"https:\/\/schema.org\",\"@graph\":[{\"@type\":\"WebSite\",\"@id\":\"https:\/\/www.welten-verbinden.at\/start2018\/#website\",\"url\":\"https:\/\/www.welten-verbinden.at\/start2018\/\",\"name\":\"welten-verbinden\",\"description\":\"\",\"potentialAction\":[{\"@type\":\"SearchAction\",\"target\":\"https:\/\/www.welten-verbinden.at\/start2018\/?s={search_term_string}\",\"query-input\":\"required name=search_term_string\"}],\"inLanguage\":\"de\"},{\"@type\":\"WebPage\",\"@id\":\"https:\/\/www.welten-verbinden.at\/start2018\/praxisraeume\/#webpage\",\"url\":\"https:\/\/www.welten-verbinden.at\/start2018\/praxisraeume\/\",\"name\":\"Praxisr\\u00e4ume - welten-verbinden\",\"isPartOf\":{\"@id\":\"https:\/\/www.welten-verbinden.at\/start2018\/#website\"},\"datePublished\":\"2018-03-22T09:09:12+00:00\",\"dateModified\":\"2018-03-27T13:09:24+00:00\",\"inLanguage\":\"de\",\"potentialAction\":[{\"@type\":\"ReadAction\",\"target\":[\"https:\/\/www.welten-verbinden.at\/start2018\/praxisraeume\/\"]}]}]}<\/script>\n<!-- \/ Yoast SEO plugin. -->","_links":{"self":[{"href":"https:\/\/www.welten-verbinden.at\/start2018\/wp-json\/wp\/v2\/pages\/11347"}],"collection":[{"href":"https:\/\/www.welten-verbinden.at\/start2018\/wp-json\/wp\/v2\/pages"}],"about":[{"href":"https:\/\/www.welten-verbinden.at\/start2018\/wp-json\/wp\/v2\/types\/page"}],"author":[{"embeddable":true,"href":"https:\/\/www.welten-verbinden.at\/start2018\/wp-json\/wp\/v2\/users\/3"}],"replies":[{"embeddable":true,"href":"https:\/\/www.welten-verbinden.at\/start2018\/wp-json\/wp\/v2\/comments?post=11347"}],"version-history":[{"count":10,"href":"https:\/\/www.welten-verbinden.at\/start2018\/wp-json\/wp\/v2\/pages\/11347\/revisions"}],"predecessor-version":[{"id":12122,"href":"https:\/\/www.welten-verbinden.at\/start2018\/wp-json\/wp\/v2\/pages\/11347\/revisions\/12122"}],"wp:attachment":[{"href":"https:\/\/www.welten-verbinden.at\/start2018\/wp-json\/wp\/v2\/media?parent=11347"}],"curies":[{"name":"wp","href":"https:\/\/api.w.org\/{rel}","templated":true}]}}