{"id":10925,"date":"2018-01-18T14:49:04","date_gmt":"2018-01-18T13:49:04","guid":{"rendered":"http:\/\/neu.welten-verbinden.at\/?page_id=10925"},"modified":"2018-03-12T16:28:05","modified_gmt":"2018-03-12T15:28:05","slug":"supervision-coaching","status":"publish","type":"page","link":"https:\/\/www.welten-verbinden.at\/start2018\/roland-jaritz\/supervision-coaching\/","title":{"rendered":"Supervision &#038; Coaching"},"content":{"rendered":"<div class=\"fusion-fullwidth fullwidth-box fusion-builder-row-1 nonhundred-percent-fullwidth non-hundred-percent-height-scrolling\" style=\"background-color: #e8e8e8;background-position: center center;background-repeat: no-repeat;padding-top:20px;padding-right:20px;padding-bottom:20px;padding-left:20px;margin-bottom: 0px;margin-top: 20px;border-width: 0px 0px 0px 0px;border-color:#eae9e9;border-style:solid;\" ><div class=\"fusion-builder-row fusion-row\"><div class=\"fusion-layout-column fusion_builder_column fusion-builder-column-0 fusion_builder_column_2_3 2_3 fusion-two-third fusion-column-first\" style=\"width:66.666666666667%;width:calc(66.666666666667% - ( ( 4% ) * 0.66666666666667 ) );margin-right: 4%;margin-top:0px;margin-bottom:20px;\"><div class=\"fusion-column-wrapper fusion-flex-column-wrapper-legacy\" style=\"background-position:left top;background-repeat:no-repeat;-webkit-background-size:cover;-moz-background-size:cover;-o-background-size:cover;background-size:cover;padding: 0px 0px 0px 0px;\"><div class=\"fusion-text fusion-text-1\"><h2><b>Gesund bis zur Pension<\/b><\/h2>\n<h3><b>Supervision u. Coaching<\/b><\/h3>\n<p><i>Supervisionen, Coachings, Intervisionen und Feedbackschleifen sind in einem Unternehmen die fruchtbringendste Art zur laufenden Selbstreflexion und zur Erh\u00f6hung der eigenen Resilienz (psychische Widerstandsf\u00e4higkeit\u00a0bzw. die F\u00e4higkeit, Krisen\u00a0zu bew\u00e4ltigen) bei zu tragen um damit die pers\u00f6nlichen Weiterentwicklung von F\u00fchrungskr\u00e4ften und MitarbeiterInnen ernsthaft zu erm\u00f6glichen.<\/i><\/p>\n<p><i>Ohne diese laufende \u00a0pers\u00f6nliche Weiterentwicklung gibt es keine echte nachhaltige und resiliensst\u00e4rkende\/ resilienzgest\u00e4rkte Entwicklung im Unternehmen.<\/i><\/p>\n<p><b>Supervision<\/b> ist eine Methode der Selbstreflexion, die unter Anleitung berufliche Fragen und Anliegen thematisiert, kl\u00e4rt und ressourcen- und l\u00f6sungsorientiert alternative Handlungsm\u00f6glichkeiten erarbeitet. Dadurch wird die Qualit\u00e4t der Arbeit sicher gestellt, Psychohygiene und Hilfe zur Selbsthilfe erm\u00f6glicht.<br \/>\n<i>In eigenen Worten<\/i><\/p>\n<p><b>Coaching<\/b> ist eine spezielle Form von Einzelsupervision, die sich an Personen mit F\u00fchrungsaufgaben wendet. Coaching als berufsbezogene Beratung\u00a0fokussiert auf spezifische Fragestellungen wie Gestaltung der F\u00fchrungsrolle, Kommunikations-, Konflikt-, Krisenmanagement, Management von Ver\u00e4nderungsprozessen, Karriereplanung. Coaching ist klar zielorientiert.<br \/>\n<i>Dr. Mag.\u00a0 Erika Mikula<\/i><\/p>\n<p>Um gemeinsam auf kreative und vor allem stimmige umsetzbare \u201eL\u00f6sungsans\u00e4tze\u201c zu kommen werden hier die unterschiedlichsten Methoden wie z. B. Systemische Ans\u00e4tze, Aufstellungen, PSYCH-K, Imago, Gewaltfreie Kommunikation, etc kombiniert angewendet. Getragen wird das Ganze von den Haltungen und den aktuellen Erkenntnissen der Quantenphysik, der Gehirnforschung, der Gl\u00fccksforschung sowie einer breiten und offenen Spiritualit\u00e4t.<\/p>\n<\/div><div class=\"fusion-sep-clear\"><\/div><div class=\"fusion-separator fusion-full-width-sep\" style=\"margin-left: auto;margin-right: auto;width:100%;\"><div class=\"fusion-separator-border sep-single sep-solid\" style=\"border-color:#ffffff;border-top-width:1px;\"><\/div><\/div><div class=\"fusion-sep-clear\"><\/div><div class=\"fusion-text fusion-text-2\"><h2><b>Settings:\u00a0<\/b><\/h2>\n<p>Einzelsupervision, Einzelcoaching, Gruppensupervision, Teamsupervision, Organisationsupervision (mehrere Teams gemeinsam; Teams und Leitungen)<\/p>\n<p>Seminare f\u00fcr Teamentwicklung, Kommunikation, konkrete Konfliktbearbeitung, Konfliktmanagement, systemisches F\u00fchren<\/p>\n<p><b>\u00d6VS Zertifizierung gegeben<\/b><b>: <\/b><a href=\"http:\/\/www.oevs.or.at\">http:\/\/www.oevs.or.at<\/a><\/p>\n<p><b>\u00d6VS anerkannter Lehrsupervisor:<\/b><b><br \/>\n<\/b>Arge Bildungsmanagement Graz<br \/>\nP\u00e4dagogische Hochschule K\u00e4rnten<b>\u00a0<\/b><\/p>\n<\/div><div class=\"fusion-clearfix\"><\/div><\/div><\/div><div class=\"fusion-layout-column fusion_builder_column fusion-builder-column-1 fusion_builder_column_1_3 1_3 fusion-one-third fusion-column-last\" style=\"width:33.333333333333%;width:calc(33.333333333333% - ( ( 4% ) * 0.33333333333333 ) );margin-top:0px;margin-bottom:20px;\"><div class=\"fusion-column-wrapper fusion-flex-column-wrapper-legacy\" style=\"background-position:left top;background-repeat:no-repeat;-webkit-background-size:cover;-moz-background-size:cover;-o-background-size:cover;background-size:cover;background-color:#efefef;padding: 10px 10px 10px 10px;\"><div class=\"fusion-image-frame-bottomshadow image-frame-shadow-1\"><style>.fusion-image-frame-bottomshadow.image-frame-shadow-1{display:inline-block}.element-bottomshadow.imageframe-1:before, .element-bottomshadow.imageframe-1:after{-webkit-box-shadow: 0 17px 10px rgba(0,0,0,0.4);box-shadow: 0 17px 10px rgba(0,0,0,0.4);}<\/style><span class=\" fusion-imageframe imageframe-bottomshadow imageframe-1 element-bottomshadow hover-type-none\"><img width=\"300\" image_height=\"243\" image_id=\"10989\" title=\"team-spirit-2447163_640\" src=\"http:\/\/neu.welten-verbinden.at\/wp-content\/uploads\/2018\/01\/team-spirit-2447163_640-300x243.jpg\" class=\"img-responsive wp-image-10989\" srcset=\"https:\/\/www.welten-verbinden.at\/wp-content\/uploads\/2018\/01\/team-spirit-2447163_640-200x162.jpg 200w, https:\/\/www.welten-verbinden.at\/wp-content\/uploads\/2018\/01\/team-spirit-2447163_640-400x324.jpg 400w, https:\/\/www.welten-verbinden.at\/wp-content\/uploads\/2018\/01\/team-spirit-2447163_640-600x486.jpg 600w, https:\/\/www.welten-verbinden.at\/wp-content\/uploads\/2018\/01\/team-spirit-2447163_640.jpg 640w\" sizes=\"(max-width: 800px) 100vw, 400px\" \/><\/span><\/div><div class=\"fusion-text fusion-text-3\"><h3>Mein ganz pers\u00f6nlicher Gewinn dabei ist &#8230;<\/h3>\n<ul>\n<li>Erweiterung der eigenen Reflexionsf\u00e4higkeit \u2013 Erkennen der eigenen \u201eMuster\u201c<\/li>\n<li>Gutes Verst\u00e4ndnis meiner berufliche Rolle bekommen und erhalten<\/li>\n<li>Psychische Entlastung \u2013 Druck ablassen \u2013 \u201e Frust ablassen\u201c<\/li>\n<li>Erkennen von eigenen Burn Out Ph\u00e4nomenen<\/li>\n<li>Horizonterweiterung \u2013 neue Sichtweisen kennen lernen &#8211; \u201eLernen\u201c vom Anderen<\/li>\n<li>L\u00f6sungsdenken \u2013 ressourcenorientiertes Denken und Handeln; Ressourcen erkennen- erforschen &#8211; heraussch\u00e4len, die noch nicht sichtbar waren<\/li>\n<li>Umgang mit Konflikten und Unterschieden lernen<\/li>\n<li>Kompetenzerweiterung<\/li>\n<li>Steigerung des eigenverantwortlichen Handelns<\/li>\n<li>Klarheit \u00fcber: Wann helfe ich wem warum? (Helferthematik)<\/li>\n<li>Arbeitsf\u00e4higkeit erhalten &#8211; Hilfe zur Selbsthilfe<\/li>\n<li>Fehlerkulturentwicklung (G\u00fcnther Schmidt: Die lernende Organisation)<\/li>\n<li>St\u00e4rkung &#8211; W\u00fcrdigung &#8211; Wertsch\u00e4tzung \u2013 Vertrauensaufbau<\/li>\n<li>Reflexion des eigenen beruflichen Handelns<br \/>\n<b><br \/>\n<\/b><\/li>\n<\/ul>\n<\/div><div class=\"fusion-clearfix\"><\/div><\/div><\/div><\/div><\/div>\n","protected":false},"excerpt":{"rendered":"","protected":false},"author":3,"featured_media":0,"parent":6,"menu_order":0,"comment_status":"closed","ping_status":"closed","template":"","meta":[],"yoast_head":"<!-- This site is optimized with the Yoast SEO plugin v14.8 - https:\/\/yoast.com\/wordpress\/plugins\/seo\/ -->\n<title>Supervision &amp; Coaching - welten-verbinden<\/title>\n<meta name=\"robots\" content=\"index, follow\" \/>\n<meta name=\"googlebot\" content=\"index, follow, max-snippet:-1, max-image-preview:large, max-video-preview:-1\" \/>\n<meta name=\"bingbot\" content=\"index, follow, max-snippet:-1, max-image-preview:large, max-video-preview:-1\" \/>\n<link rel=\"canonical\" href=\"https:\/\/www.welten-verbinden.at\/start2018\/roland-jaritz\/supervision-coaching\/\" \/>\n<meta property=\"og:locale\" content=\"de_DE\" \/>\n<meta property=\"og:type\" content=\"article\" \/>\n<meta property=\"og:title\" content=\"Supervision &amp; Coaching - welten-verbinden\" \/>\n<meta property=\"og:url\" content=\"https:\/\/www.welten-verbinden.at\/start2018\/roland-jaritz\/supervision-coaching\/\" \/>\n<meta property=\"og:site_name\" content=\"welten-verbinden\" \/>\n<meta property=\"article:modified_time\" content=\"2018-03-12T15:28:05+00:00\" \/>\n<meta name=\"twitter:card\" content=\"summary_large_image\" \/>\n<script type=\"application\/ld+json\" class=\"yoast-schema-graph\">{\"@context\":\"https:\/\/schema.org\",\"@graph\":[{\"@type\":\"WebSite\",\"@id\":\"https:\/\/www.welten-verbinden.at\/start2018\/#website\",\"url\":\"https:\/\/www.welten-verbinden.at\/start2018\/\",\"name\":\"welten-verbinden\",\"description\":\"\",\"potentialAction\":[{\"@type\":\"SearchAction\",\"target\":\"https:\/\/www.welten-verbinden.at\/start2018\/?s={search_term_string}\",\"query-input\":\"required name=search_term_string\"}],\"inLanguage\":\"de\"},{\"@type\":\"WebPage\",\"@id\":\"https:\/\/www.welten-verbinden.at\/start2018\/roland-jaritz\/supervision-coaching\/#webpage\",\"url\":\"https:\/\/www.welten-verbinden.at\/start2018\/roland-jaritz\/supervision-coaching\/\",\"name\":\"Supervision & Coaching - welten-verbinden\",\"isPartOf\":{\"@id\":\"https:\/\/www.welten-verbinden.at\/start2018\/#website\"},\"datePublished\":\"2018-01-18T13:49:04+00:00\",\"dateModified\":\"2018-03-12T15:28:05+00:00\",\"inLanguage\":\"de\",\"potentialAction\":[{\"@type\":\"ReadAction\",\"target\":[\"https:\/\/www.welten-verbinden.at\/start2018\/roland-jaritz\/supervision-coaching\/\"]}]}]}<\/script>\n<!-- \/ Yoast SEO plugin. -->","_links":{"self":[{"href":"https:\/\/www.welten-verbinden.at\/start2018\/wp-json\/wp\/v2\/pages\/10925"}],"collection":[{"href":"https:\/\/www.welten-verbinden.at\/start2018\/wp-json\/wp\/v2\/pages"}],"about":[{"href":"https:\/\/www.welten-verbinden.at\/start2018\/wp-json\/wp\/v2\/types\/page"}],"author":[{"embeddable":true,"href":"https:\/\/www.welten-verbinden.at\/start2018\/wp-json\/wp\/v2\/users\/3"}],"replies":[{"embeddable":true,"href":"https:\/\/www.welten-verbinden.at\/start2018\/wp-json\/wp\/v2\/comments?post=10925"}],"version-history":[{"count":5,"href":"https:\/\/www.welten-verbinden.at\/start2018\/wp-json\/wp\/v2\/pages\/10925\/revisions"}],"predecessor-version":[{"id":10993,"href":"https:\/\/www.welten-verbinden.at\/start2018\/wp-json\/wp\/v2\/pages\/10925\/revisions\/10993"}],"up":[{"embeddable":true,"href":"https:\/\/www.welten-verbinden.at\/start2018\/wp-json\/wp\/v2\/pages\/6"}],"wp:attachment":[{"href":"https:\/\/www.welten-verbinden.at\/start2018\/wp-json\/wp\/v2\/media?parent=10925"}],"curies":[{"name":"wp","href":"https:\/\/api.w.org\/{rel}","templated":true}]}}